{"id":4557,"date":"2021-07-06T09:38:17","date_gmt":"2021-07-06T07:38:17","guid":{"rendered":"https:\/\/lacasadelflamencosevilla.com\/?page_id=4557"},"modified":"2026-08-30T14:47:46","modified_gmt":"2026-08-30T12:47:46","slug":"agenda","status":"publish","type":"page","link":"https:\/\/lacasadelflamencosevilla.com\/fr\/agenda\/","title":{"rendered":"AGENDA"},"content":{"rendered":"\t\t<div data-elementor-type=\"wp-page\" data-elementor-id=\"4557\" class=\"elementor elementor-4557 elementor-4186\" data-elementor-post-type=\"page\">\n\t\t\t\t\t\t<section class=\"elementor-section elementor-top-section elementor-element elementor-element-596f7b31 elementor-section-stretched elementor-section-full_width elementor-section-height-default elementor-section-height-default\" data-id=\"596f7b31\" data-element_type=\"section\" data-e-type=\"section\" data-settings=\"{&quot;stretch_section&quot;:&quot;section-stretched&quot;}\">\n\t\t\t\t\t\t\t<div class=\"elementor-background-overlay\"><\/div>\n\t\t\t\t\t\t\t<div class=\"elementor-container elementor-column-gap-no\">\n\t\t\t\t\t<div class=\"elementor-column elementor-col-100 elementor-top-column elementor-element elementor-element-6c4c842c\" data-id=\"6c4c842c\" data-element_type=\"column\" data-e-type=\"column\">\n\t\t\t<div class=\"elementor-widget-wrap elementor-element-populated\">\n\t\t\t\t\t\t<section class=\"elementor-section elementor-inner-section elementor-element elementor-element-3deaeb6a elementor-section-height-min-height elementor-section-full_width elementor-section-height-default\" data-id=\"3deaeb6a\" data-element_type=\"section\" data-e-type=\"section\">\n\t\t\t\t\t\t<div class=\"elementor-container elementor-column-gap-no\">\n\t\t\t\t\t<div class=\"elementor-column elementor-col-50 elementor-inner-column elementor-element elementor-element-4f775596 elementor-hidden-tablet elementor-hidden-phone\" data-id=\"4f775596\" data-element_type=\"column\" data-e-type=\"column\">\n\t\t\t<div class=\"elementor-widget-wrap\">\n\t\t\t\t\t\t\t<\/div>\n\t\t<\/div>\n\t\t\t\t<div class=\"elementor-column elementor-col-50 elementor-inner-column elementor-element elementor-element-1f7f6ee0\" data-id=\"1f7f6ee0\" data-element_type=\"column\" data-e-type=\"column\">\n\t\t\t<div class=\"elementor-widget-wrap elementor-element-populated\">\n\t\t\t\t\t\t<div class=\"elementor-element elementor-element-41f0bf7d elementor-invisible elementor-widget elementor-widget-heading\" data-id=\"41f0bf7d\" data-element_type=\"widget\" data-e-type=\"widget\" data-settings=\"{&quot;_animation&quot;:&quot;fadeIn&quot;}\" data-widget_type=\"heading.default\">\n\t\t\t\t<div class=\"elementor-widget-container\">\n\t\t\t\t\t<h1 class=\"elementor-heading-title elementor-size-default\">Agenda<\/h1>\t\t\t\t<\/div>\n\t\t\t\t<\/div>\n\t\t\t\t\t<\/div>\n\t\t<\/div>\n\t\t\t\t\t<\/div>\n\t\t<\/section>\n\t\t\t\t<section class=\"elementor-section elementor-inner-section elementor-element elementor-element-285f45dc elementor-section-full_width elementor-section-height-default elementor-section-height-default\" data-id=\"285f45dc\" data-element_type=\"section\" data-e-type=\"section\">\n\t\t\t\t\t\t<div class=\"elementor-container elementor-column-gap-default\">\n\t\t\t\t\t<div class=\"elementor-column elementor-col-50 elementor-inner-column elementor-element elementor-element-1d64e993\" data-id=\"1d64e993\" data-element_type=\"column\" data-e-type=\"column\">\n\t\t\t<div class=\"elementor-widget-wrap elementor-element-populated\">\n\t\t\t\t\t\t<div class=\"elementor-element elementor-element-3e1add55 elementor-widget elementor-widget-image\" data-id=\"3e1add55\" data-element_type=\"widget\" data-e-type=\"widget\" data-widget_type=\"image.default\">\n\t\t\t\t<div class=\"elementor-widget-container\">\n\t\t\t\t\t\t\t\t\t\t\t\t\t\t\t<img fetchpriority=\"high\" decoding=\"async\" width=\"2560\" height=\"1506\" src=\"https:\/\/lacasadelflamencosevilla.com\/wp-content\/uploads\/2025\/08\/araceli-23-1-scaled.jpg\" class=\"attachment-full size-full wp-image-18697\" alt=\"\" srcset=\"https:\/\/lacasadelflamencosevilla.com\/wp-content\/uploads\/2025\/08\/araceli-23-1-scaled.jpg 2560w, https:\/\/lacasadelflamencosevilla.com\/wp-content\/uploads\/2025\/08\/araceli-23-1-300x176.jpg 300w, https:\/\/lacasadelflamencosevilla.com\/wp-content\/uploads\/2025\/08\/araceli-23-1-1024x602.jpg 1024w, https:\/\/lacasadelflamencosevilla.com\/wp-content\/uploads\/2025\/08\/araceli-23-1-768x452.jpg 768w, https:\/\/lacasadelflamencosevilla.com\/wp-content\/uploads\/2025\/08\/araceli-23-1-1536x904.jpg 1536w, https:\/\/lacasadelflamencosevilla.com\/wp-content\/uploads\/2025\/08\/araceli-23-1-2048x1205.jpg 2048w\" sizes=\"(max-width: 2560px) 100vw, 2560px\" \/>\t\t\t\t\t\t\t\t\t\t\t\t\t\t\t<\/div>\n\t\t\t\t<\/div>\n\t\t\t\t\t<\/div>\n\t\t<\/div>\n\t\t\t\t<div class=\"elementor-column elementor-col-50 elementor-inner-column elementor-element elementor-element-2c0e115d elementor-hidden-phone\" data-id=\"2c0e115d\" data-element_type=\"column\" data-e-type=\"column\">\n\t\t\t<div class=\"elementor-widget-wrap elementor-element-populated\">\n\t\t\t\t\t\t<div class=\"elementor-element elementor-element-a1adb61 elementor-widget__width-auto elementor-absolute elementor-view-default elementor-widget elementor-widget-icon\" data-id=\"a1adb61\" data-element_type=\"widget\" data-e-type=\"widget\" data-settings=\"{&quot;_position&quot;:&quot;absolute&quot;}\" data-widget_type=\"icon.default\">\n\t\t\t\t<div class=\"elementor-widget-container\">\n\t\t\t\t\t\t\t<div class=\"elementor-icon-wrapper\">\n\t\t\t<a class=\"elementor-icon\" href=\"https:\/\/www.instagram.com\/lacasadelflamenco\/?utm_source=ig_profile_share&#038;igshid=1gaxxh2zcd42b\" target=\"_blank\">\n\t\t\t<i aria-hidden=\"true\" class=\"fab fa-instagram\"><\/i>\t\t\t<\/a>\n\t\t<\/div>\n\t\t\t\t\t\t<\/div>\n\t\t\t\t<\/div>\n\t\t\t\t<div class=\"elementor-element elementor-element-1ccc5186 elementor-widget__width-auto elementor-absolute elementor-view-default elementor-widget elementor-widget-icon\" data-id=\"1ccc5186\" data-element_type=\"widget\" data-e-type=\"widget\" data-settings=\"{&quot;_position&quot;:&quot;absolute&quot;}\" data-widget_type=\"icon.default\">\n\t\t\t\t<div class=\"elementor-widget-container\">\n\t\t\t\t\t\t\t<div class=\"elementor-icon-wrapper\">\n\t\t\t<a class=\"elementor-icon\" href=\"http:\/\/facebook.com\/lacasadelflamenco\/\" target=\"_blank\">\n\t\t\t<i aria-hidden=\"true\" class=\"fab fa-facebook-f\"><\/i>\t\t\t<\/a>\n\t\t<\/div>\n\t\t\t\t\t\t<\/div>\n\t\t\t\t<\/div>\n\t\t\t\t<div class=\"elementor-element elementor-element-40f1821e elementor-widget__width-auto elementor-absolute elementor-view-default elementor-widget elementor-widget-icon\" data-id=\"40f1821e\" data-element_type=\"widget\" data-e-type=\"widget\" data-settings=\"{&quot;_position&quot;:&quot;absolute&quot;}\" data-widget_type=\"icon.default\">\n\t\t\t\t<div class=\"elementor-widget-container\">\n\t\t\t\t\t\t\t<div class=\"elementor-icon-wrapper\">\n\t\t\t<a class=\"elementor-icon\" href=\"https:\/\/twitter.com\/CasadelFlamenco\" target=\"_blank\">\n\t\t\t<i aria-hidden=\"true\" class=\"fab fa-twitter\"><\/i>\t\t\t<\/a>\n\t\t<\/div>\n\t\t\t\t\t\t<\/div>\n\t\t\t\t<\/div>\n\t\t\t\t<div class=\"elementor-element elementor-element-49ad24a9 elementor-widget__width-auto elementor-absolute elementor-widget elementor-widget-html\" data-id=\"49ad24a9\" data-element_type=\"widget\" data-e-type=\"widget\" data-settings=\"{&quot;_position&quot;:&quot;absolute&quot;}\" data-widget_type=\"html.default\">\n\t\t\t\t<div class=\"elementor-widget-container\">\n\t\t\t\t\t<div id=\"TA_logoWidget368\" class=\"TA_logoWidget\">\n   <iframe style=\"height:0;width:0;display:none;\" src=\"https:\/\/p.travelsmarter.net\/api\/usersync\/sync.html?api_key=TxLExUPOSpaM-4SJwXvYmQ&amp;publisher_browser_id=d66918acf4ed759b9c6e0e2ef476a531d83e67dd&amp;cb=1588262976741\"><\/iframe> \n   <div id=\"CDSWIDLOGO\"> \n       <a target=\"_blank\" style=\"font-size:24px;\" href=\"https:\/\/www.tripadvisor.es\/Attraction_Review-g187443-d4114622-Reviews-La_Casa_del_Flamenco-Seville_Province_of_Seville_Andalucia.html\" onclick=\"ta.cds.handleTALink(14347,this);return true;\" rel=\"nofollow\"><i aria-hidden=\"true\" class=\"fab fa-tripadvisor fa-tripadvisor-der\"\"><\/i><\/a> \n   <\/div> \n<\/div>\t\t\t\t<\/div>\n\t\t\t\t<\/div>\n\t\t\t\t\t<\/div>\n\t\t<\/div>\n\t\t\t\t\t<\/div>\n\t\t<\/section>\n\t\t\t\t\t<\/div>\n\t\t<\/div>\n\t\t\t\t\t<\/div>\n\t\t<\/section>\n\t\t\t\t<section class=\"elementor-section elementor-top-section elementor-element elementor-element-36289204 elementor-section-stretched elementor-section-full_width elementor-section-height-default elementor-section-height-default\" data-id=\"36289204\" data-element_type=\"section\" data-e-type=\"section\" data-settings=\"{&quot;stretch_section&quot;:&quot;section-stretched&quot;}\">\n\t\t\t\t\t\t<div class=\"elementor-container elementor-column-gap-no\">\n\t\t\t\t\t<div class=\"elementor-column elementor-col-50 elementor-top-column elementor-element elementor-element-5691a457 elementor-hidden-tablet elementor-hidden-phone\" data-id=\"5691a457\" data-element_type=\"column\" data-e-type=\"column\" data-settings=\"{&quot;background_background&quot;:&quot;classic&quot;}\">\n\t\t\t<div class=\"elementor-widget-wrap\">\n\t\t\t\t\t\t\t<\/div>\n\t\t<\/div>\n\t\t\t\t<div class=\"elementor-column elementor-col-50 elementor-top-column elementor-element elementor-element-7684cbcc\" data-id=\"7684cbcc\" data-element_type=\"column\" data-e-type=\"column\" data-settings=\"{&quot;background_background&quot;:&quot;classic&quot;}\">\n\t\t\t<div class=\"elementor-widget-wrap elementor-element-populated\">\n\t\t\t\t\t\t<section class=\"elementor-section elementor-inner-section elementor-element elementor-element-1e6eef50 elementor-section-boxed elementor-section-height-default elementor-section-height-default\" data-id=\"1e6eef50\" data-element_type=\"section\" data-e-type=\"section\" data-settings=\"{&quot;background_background&quot;:&quot;classic&quot;}\">\n\t\t\t\t\t\t<div class=\"elementor-container elementor-column-gap-no\">\n\t\t\t\t\t<div class=\"elementor-column elementor-col-50 elementor-inner-column elementor-element elementor-element-3a46071d\" data-id=\"3a46071d\" data-element_type=\"column\" data-e-type=\"column\">\n\t\t\t<div class=\"elementor-widget-wrap elementor-element-populated\">\n\t\t\t\t\t\t<div class=\"elementor-element elementor-element-6fc825f4 elementor-invisible elementor-widget elementor-widget-heading\" data-id=\"6fc825f4\" data-element_type=\"widget\" data-e-type=\"widget\" data-settings=\"{&quot;_animation&quot;:&quot;fadeIn&quot;}\" data-widget_type=\"heading.default\">\n\t\t\t\t<div class=\"elementor-widget-container\">\n\t\t\t\t\t<h3 class=\"elementor-heading-title elementor-size-default\">programme<\/h3>\t\t\t\t<\/div>\n\t\t\t\t<\/div>\n\t\t\t\t<div class=\"elementor-element elementor-element-1dcb04a2 animated-fast elementor-invisible elementor-widget elementor-widget-heading\" data-id=\"1dcb04a2\" data-element_type=\"widget\" data-e-type=\"widget\" data-settings=\"{&quot;_animation&quot;:&quot;fadeInUp&quot;}\" data-widget_type=\"heading.default\">\n\t\t\t\t<div class=\"elementor-widget-container\">\n\t\t\t\t\t<h2 class=\"elementor-heading-title elementor-size-default\">Programme<\/h2>\t\t\t\t<\/div>\n\t\t\t\t<\/div>\n\t\t\t\t<div class=\"elementor-element elementor-element-5d996ce9 elementor-invisible elementor-widget elementor-widget-text-editor\" data-id=\"5d996ce9\" data-element_type=\"widget\" data-e-type=\"widget\" data-settings=\"{&quot;_animation&quot;:&quot;fadeInUp&quot;}\" data-widget_type=\"text-editor.default\">\n\t\t\t\t<div class=\"elementor-widget-container\">\n\t\t\t\t\t\t\t\t\t<p>Le casting de La Casa del Flamenco est compos\u00e9 d\u2019un groupe consacr\u00e9 d\u2019artistes, danseurs, chanteurs et guitaristes qui affichent leur art tous les soirs dans notre maison. Ils comptent tous d\u2019une importante exp\u00e9rience professionnelle dans le monde du flamenco et ont re\u00e7u de nombreux prix nationaux et internationaux.<\/p>\t\t\t\t\t\t\t\t<\/div>\n\t\t\t\t<\/div>\n\t\t\t\t<div class=\"elementor-element elementor-element-4b5de8e elementor-invisible elementor-widget elementor-widget-accordion\" data-id=\"4b5de8e\" data-element_type=\"widget\" data-e-type=\"widget\" data-settings=\"{&quot;_animation&quot;:&quot;fadeInUp&quot;}\" data-widget_type=\"accordion.default\">\n\t\t\t\t<div class=\"elementor-widget-container\">\n\t\t\t\t\t\t\t<div class=\"elementor-accordion\">\n\t\t\t\t\t\t\t<div class=\"elementor-accordion-item\">\n\t\t\t\t\t<h3 id=\"elementor-tab-title-7901\" class=\"elementor-tab-title\" data-tab=\"1\" role=\"button\" aria-controls=\"elementor-tab-content-7901\" aria-expanded=\"false\">\n\t\t\t\t\t\t\t\t\t\t\t\t\t<span class=\"elementor-accordion-icon elementor-accordion-icon-left\" aria-hidden=\"true\">\n\t\t\t\t\t\t\t\t\t\t\t\t\t\t\t<span class=\"elementor-accordion-icon-closed\"><i class=\"fas fa-angle-down\"><\/i><\/span>\n\t\t\t\t\t\t\t\t<span class=\"elementor-accordion-icon-opened\"><\/span>\n\t\t\t\t\t\t\t\t\t\t\t\t\t\t<\/span>\n\t\t\t\t\t\t\t\t\t\t\t\t<a class=\"elementor-accordion-title\" tabindex=\"0\">Ao\u00fbt 24-30<\/a>\n\t\t\t\t\t<\/h3>\n\t\t\t\t\t<div id=\"elementor-tab-content-7901\" class=\"elementor-tab-content elementor-clearfix\" data-tab=\"1\" role=\"region\" aria-labelledby=\"elementor-tab-title-7901\"><p><strong>24\/08\/2026 Danseurs:<\/strong> Araceli Mu\u00f1oz &amp; Juan Jos\u00e9 Ortega <strong>Chanteurs:<\/strong> Cristina Tovar &amp; Elena de Mor\u00f3n <strong>Guitariste: <\/strong>Jos\u00e9 Luis Medina<\/p><p><strong>25\/08\/2026 Danseurs:<\/strong> Laura Santamar\u00eda &amp; Ram\u00f3n Mart\u00ednez <strong>Chanteurs:<\/strong> Mari\u00e1n Fern\u00e1ndez &amp; Sebasti\u00e1n Cruz <strong>Guitariste:<\/strong> Juanma Torres<\/p><p><strong>26\/07\/2026 Danseurs: <\/strong>Araceli Mu\u00f1oz y Juan Polvillo <strong>Chanteurs:<\/strong> Ana G\u00f3mez &amp; Cristina Tovar <strong>Guitariste:<\/strong> Jos\u00e9 Luis Medina<\/p><p><strong>27\/08\/2026 Danseurs: <\/strong>Carmen Yanes &amp; David Romero <strong>Chanteurs:<\/strong> Mari\u00e1n Fern\u00e1ndez &amp; \u00abEl Galli\u00bb <strong>Guitariste:<\/strong> Juanma Torres<\/p><p><strong>28\/08\/2026 Danseurs:<\/strong> Lola Jaramillo &amp; Jes\u00fas Herrera <strong>Chanteurs:<\/strong> Roc\u00edo Mayoral &amp; Sebasti\u00e1n Cruz <strong>Guitariste:<\/strong> Eugenio Iglesias<\/p><p><strong>29\/08\/2026 Danseurs:<\/strong> Lola Jaramillo &amp; David Romero <strong>Chanteurs:<\/strong> Elena de Mor\u00f3n &amp; Javier Rivera <strong>Guitariste:<\/strong> Jos\u00e9 Manuel Tudela<\/p><p><strong>30\/08\/2026 Danseurs:<\/strong> Carmen Yanes &amp; Ram\u00f3n Mart\u00ednez <strong>Chanteurs:<\/strong> Javier Rivera &amp; Inma Rivero <strong>Guitariste: <\/strong>Juan Anguita<\/p><\/div>\n\t\t\t\t<\/div>\n\t\t\t\t\t\t\t<div class=\"elementor-accordion-item\">\n\t\t\t\t\t<h3 id=\"elementor-tab-title-7902\" class=\"elementor-tab-title\" data-tab=\"2\" role=\"button\" aria-controls=\"elementor-tab-content-7902\" aria-expanded=\"false\">\n\t\t\t\t\t\t\t\t\t\t\t\t\t<span class=\"elementor-accordion-icon elementor-accordion-icon-left\" aria-hidden=\"true\">\n\t\t\t\t\t\t\t\t\t\t\t\t\t\t\t<span class=\"elementor-accordion-icon-closed\"><i class=\"fas fa-angle-down\"><\/i><\/span>\n\t\t\t\t\t\t\t\t<span class=\"elementor-accordion-icon-opened\"><\/span>\n\t\t\t\t\t\t\t\t\t\t\t\t\t\t<\/span>\n\t\t\t\t\t\t\t\t\t\t\t\t<a class=\"elementor-accordion-title\" tabindex=\"0\">Septembre 31-06<\/a>\n\t\t\t\t\t<\/h3>\n\t\t\t\t\t<div id=\"elementor-tab-content-7902\" class=\"elementor-tab-content elementor-clearfix\" data-tab=\"2\" role=\"region\" aria-labelledby=\"elementor-tab-title-7902\"><p><b>31\/08\/2026<\/b><strong> Danseurs:<\/strong>\u00a0Susana Casas &amp; Juan Polvillo\u00a0<strong>Chanteurs:<\/strong> Cheito &amp; Miguel Picuo <strong>Guitariste: <\/strong>Rub\u00e9n Romero<\/p><p><strong>01\/09\/2026 Danseurs:<\/strong>\u00a0Araceli Mu\u00f1oz &amp; Alberto Sell\u00e9s\u00a0<strong>Chanteurs:<\/strong> Elena de Mor\u00f3n, Sara Corea &amp; Miguel Picuo <strong>Guitariste:<\/strong>\u00a0Eugenio Iglesias<\/p><p><strong>02\/09\/2026 Danseurs: <\/strong>Marta Ca\u00f1izares &amp; David Romero <strong>Chanteurs:<\/strong>\u00a0Javier Rivera &amp; Miguel Picuo\u00a0<strong>Guitariste:<\/strong>\u00a0Joselito Acedo<\/p><p><strong>03\/09\/2026 Danseurs: <\/strong>Mar\u00eda Moreno &amp; Alberto Sell\u00e9s\u00a0<strong>Chanteurs:<\/strong>\u00a0Roc\u00edo Mayoral &amp; Ana G\u00f3mez\u00a0<strong>Guitariste:<\/strong>\u00a0Jos\u00e9 Luis Medina<\/p><p><strong>04\/09\/2026 Danseurs:<\/strong>\u00a0Saray de los Reyes &amp; \u00abEl Nano\u00bb\u00a0<strong>Chanteurs:<\/strong> Cheito &amp; Miguel Picuo <strong>Guitariste:<\/strong>\u00a0Rub\u00e9n Romero<\/p><p><strong>05\/09\/2026 Danseurs:<\/strong>\u00a0Lola Jaramillo &amp; Jes\u00fas Herrera\u00a0<strong>Chanteurs:<\/strong>\u00a0David \u00abEl Galli\u00bb &amp; Rosario Amador\u00a0<strong>Guitariste:<\/strong> Rub\u00e9n Romero<\/p><p><strong>06\/09\/2026 Danseurs:<\/strong> Laura Santamar\u00eda &amp; \u00c1lvaro Aguilera\u00a0<strong>Chanteurs:<\/strong>\u00a0Marcos Mart\u00ednez &amp; Pepe de Pura<strong> Guitariste:<\/strong> Daniel Mej\u00eda<\/p><\/div>\n\t\t\t\t<\/div>\n\t\t\t\t\t\t\t<div class=\"elementor-accordion-item\">\n\t\t\t\t\t<h3 id=\"elementor-tab-title-7903\" class=\"elementor-tab-title\" data-tab=\"3\" role=\"button\" aria-controls=\"elementor-tab-content-7903\" aria-expanded=\"false\">\n\t\t\t\t\t\t\t\t\t\t\t\t\t<span class=\"elementor-accordion-icon elementor-accordion-icon-left\" aria-hidden=\"true\">\n\t\t\t\t\t\t\t\t\t\t\t\t\t\t\t<span class=\"elementor-accordion-icon-closed\"><i class=\"fas fa-angle-down\"><\/i><\/span>\n\t\t\t\t\t\t\t\t<span class=\"elementor-accordion-icon-opened\"><\/span>\n\t\t\t\t\t\t\t\t\t\t\t\t\t\t<\/span>\n\t\t\t\t\t\t\t\t\t\t\t\t<a class=\"elementor-accordion-title\" tabindex=\"0\">Septembre 7-13<\/a>\n\t\t\t\t\t<\/h3>\n\t\t\t\t\t<div id=\"elementor-tab-content-7903\" class=\"elementor-tab-content elementor-clearfix\" data-tab=\"3\" role=\"region\" aria-labelledby=\"elementor-tab-title-7903\"><p><strong>07\/09\/2026 Danseurs:<\/strong> Paula Salazar &amp; Juan Fern\u00e1ndez <strong>Chanteurs:<\/strong> David \u00abEl Galli\u00bb &amp; Miguel Picuo <strong>Guitariste:<\/strong> Jos\u00e9 Luis Medina<\/p><p><strong>08\/09\/2026 Danseurs:<\/strong> Araceli Mu\u00f1oz &amp; \u00c1lvaro Aguilera <strong>Chanteurs:<\/strong> Elena de Mor\u00f3n &amp; Sara Corea <strong>Guitariste:<\/strong> Jos\u00e9 Luis Medina<\/p><p><strong>09\/09\/2026 Danseurs:<\/strong> Susana Casas &amp; Juan Fern\u00e1ndez<strong> Chanteurs:<\/strong> Roc\u00edo Mayoral &amp; Inma Rivero <strong>Guitariste:<\/strong> Jos\u00e9 P\u00e9rez<\/p><p><strong>10\/09\/2026 Danseurs:<\/strong> Saray de los Reyes &amp; Juan Polvillo <strong>Chanteurs:<\/strong> Emilio Florido &amp; Reyes Mart\u00edn <strong>Guitariste:<\/strong> Manuel Lucas<\/p><p><strong>11\/09\/2026 Danseurs:<\/strong> Laura Santamar\u00eda &amp; David Romero <strong>Chanteurs:<\/strong> Marcos Mart\u00ednez &amp; Elena de Mor\u00f3n <strong>Guitariste:<\/strong> \u00abEl Morito\u00bb<\/p><p><strong>12\/09\/2026 Danseurs:<\/strong> Carmen Yanes &amp; Ram\u00f3n Mart\u00ednez <strong>Chanteurs:<\/strong> Marcos Mart\u00ednez &amp; Emilio Florido <strong>Guitariste:<\/strong> Manuel Lucas<\/p><p><strong>13\/09\/2026 Danseurs:<\/strong> Lola Jaramillo &amp; Jes\u00fas Herrera <strong>Chanteurs:<\/strong> Rosario Amador &amp; Miguel Picuo <strong>Guitariste:<\/strong> Jos\u00e9 Manuel Tudela<\/p><\/div>\n\t\t\t\t<\/div>\n\t\t\t\t\t\t\t<div class=\"elementor-accordion-item\">\n\t\t\t\t\t<h3 id=\"elementor-tab-title-7904\" class=\"elementor-tab-title\" data-tab=\"4\" role=\"button\" aria-controls=\"elementor-tab-content-7904\" aria-expanded=\"false\">\n\t\t\t\t\t\t\t\t\t\t\t\t\t<span class=\"elementor-accordion-icon elementor-accordion-icon-left\" aria-hidden=\"true\">\n\t\t\t\t\t\t\t\t\t\t\t\t\t\t\t<span class=\"elementor-accordion-icon-closed\"><i class=\"fas fa-angle-down\"><\/i><\/span>\n\t\t\t\t\t\t\t\t<span class=\"elementor-accordion-icon-opened\"><\/span>\n\t\t\t\t\t\t\t\t\t\t\t\t\t\t<\/span>\n\t\t\t\t\t\t\t\t\t\t\t\t<a class=\"elementor-accordion-title\" tabindex=\"0\">Septembre 14-20<\/a>\n\t\t\t\t\t<\/h3>\n\t\t\t\t\t<div id=\"elementor-tab-content-7904\" class=\"elementor-tab-content elementor-clearfix\" data-tab=\"4\" role=\"region\" aria-labelledby=\"elementor-tab-title-7904\"><p><strong>14\/09\/2026 Danseurs:<\/strong> \u00abLa Marquesita\u00bb &amp; Juanma Zurano <strong>Chanteurs:<\/strong> Pepe de Pura &amp; Roc\u00edo Mayoral <strong>Guitariste:<\/strong> Eugenio Iglesias<\/p><p><strong>15\/09\/2026 Danseurs:<\/strong> Luisa Palicio &amp; Juan Polvillo <strong>Chanteurs:<\/strong> Mari\u00e1n Fern\u00e1ndez &amp; Javier Rivera <strong>Guitariste:<\/strong> Juanma Torres<\/p><p><strong>16\/09\/2026 Danseurs:<\/strong> \u00abLa Marquesita\u00bb &amp; \u00abEl Nano\u00bb<strong> Chanteurs:<\/strong> Roc\u00edo Mayoral &amp; Esperanza Garrido <strong>Guitariste:<\/strong> Juan Anguita<\/p><p><strong>17\/09\/2026 Danseurs:<\/strong> Lola Jaramillo &amp; Jes\u00fas Herrera <strong>Chanteurs:<\/strong> Cheito &amp; Reyes Mart\u00edn <strong>Guitariste:<\/strong> Jos\u00e9 Manuel Tudela<\/p><p><strong>18\/09\/2026 Danseurs:<\/strong> Susana Casas &amp; Jos\u00e9 Montes <strong>Chanteurs:<\/strong> Mari\u00e1n Fern\u00e1ndez &amp; Javier Rivera <strong>Guitariste:<\/strong> Jos\u00e9 Manuel Tudela<\/p><p><strong>19\/09\/2026 Danseurs:<\/strong> Carmen Yanes &amp; Juanma Zurano <strong>Chanteurs:<\/strong> Marcos Mart\u00ednez &amp; Cristina Tovar <strong>Guitariste:<\/strong> Rub\u00e9n Romero<\/p><p><strong>20\/09\/2026 Danseurs:<\/strong> Mar\u00eda Moreno &amp; David Romero <strong>Chanteurs:<\/strong> Mari\u00e1n Fern\u00e1ndez &amp; Ana G\u00f3mez <strong>Guitariste:<\/strong> Daniel Mej\u00eda<\/p><\/div>\n\t\t\t\t<\/div>\n\t\t\t\t\t\t\t\t\t\t<script type=\"application\/ld+json\">{\"@context\":\"https:\\\/\\\/schema.org\",\"@type\":\"FAQPage\",\"mainEntity\":[{\"@type\":\"Question\",\"name\":\"Ao\\u00fbt 24-30\",\"acceptedAnswer\":{\"@type\":\"Answer\",\"text\":\"<p><strong>24\\\/08\\\/2026 Danseurs:<\\\/strong> Araceli Mu\\u00f1oz &amp; Juan Jos\\u00e9 Ortega <strong>Chanteurs:<\\\/strong> Cristina Tovar &amp; Elena de Mor\\u00f3n <strong>Guitariste: <\\\/strong>Jos\\u00e9 Luis Medina<\\\/p><p><strong>25\\\/08\\\/2026 Danseurs:<\\\/strong> Laura Santamar\\u00eda &amp; Ram\\u00f3n Mart\\u00ednez <strong>Chanteurs:<\\\/strong> Mari\\u00e1n Fern\\u00e1ndez &amp; Sebasti\\u00e1n Cruz <strong>Guitariste:<\\\/strong> Juanma Torres<\\\/p><p><strong>26\\\/07\\\/2026 Danseurs: <\\\/strong>Araceli Mu\\u00f1oz y Juan Polvillo <strong>Chanteurs:<\\\/strong> Ana G\\u00f3mez &amp; Cristina Tovar <strong>Guitariste:<\\\/strong> Jos\\u00e9 Luis Medina<\\\/p><p><strong>27\\\/08\\\/2026 Danseurs: <\\\/strong>Carmen Yanes &amp; David Romero <strong>Chanteurs:<\\\/strong> Mari\\u00e1n Fern\\u00e1ndez &amp; \\u00abEl Galli\\u00bb <strong>Guitariste:<\\\/strong> Juanma Torres<\\\/p><p><strong>28\\\/08\\\/2026 Danseurs:<\\\/strong> Lola Jaramillo &amp; Jes\\u00fas Herrera <strong>Chanteurs:<\\\/strong> Roc\\u00edo Mayoral &amp; Sebasti\\u00e1n Cruz <strong>Guitariste:<\\\/strong> Eugenio Iglesias<\\\/p><p><strong>29\\\/08\\\/2026 Danseurs:<\\\/strong> Lola Jaramillo &amp; David Romero <strong>Chanteurs:<\\\/strong> Elena de Mor\\u00f3n &amp; Javier Rivera <strong>Guitariste:<\\\/strong> Jos\\u00e9 Manuel Tudela<\\\/p><p><strong>30\\\/08\\\/2026 Danseurs:<\\\/strong> Carmen Yanes &amp; Ram\\u00f3n Mart\\u00ednez <strong>Chanteurs:<\\\/strong> Javier Rivera &amp; Inma Rivero <strong>Guitariste: <\\\/strong>Juan Anguita<\\\/p>\"}},{\"@type\":\"Question\",\"name\":\"Septembre 31-06\",\"acceptedAnswer\":{\"@type\":\"Answer\",\"text\":\"<p><b>31\\\/08\\\/2026<\\\/b><strong> Danseurs:<\\\/strong>\\u00a0Susana Casas &amp; Juan Polvillo\\u00a0<strong>Chanteurs:<\\\/strong> Cheito &amp; Miguel Picuo <strong>Guitariste: <\\\/strong>Rub\\u00e9n Romero<\\\/p><p><strong>01\\\/09\\\/2026 Danseurs:<\\\/strong>\\u00a0Araceli Mu\\u00f1oz &amp; Alberto Sell\\u00e9s\\u00a0<strong>Chanteurs:<\\\/strong> Elena de Mor\\u00f3n, Sara Corea &amp; Miguel Picuo <strong>Guitariste:<\\\/strong>\\u00a0Eugenio Iglesias<\\\/p><p><strong>02\\\/09\\\/2026 Danseurs: <\\\/strong>Marta Ca\\u00f1izares &amp; David Romero <strong>Chanteurs:<\\\/strong>\\u00a0Javier Rivera &amp; Miguel Picuo\\u00a0<strong>Guitariste:<\\\/strong>\\u00a0Joselito Acedo<\\\/p><p><strong>03\\\/09\\\/2026 Danseurs: <\\\/strong>Mar\\u00eda Moreno &amp; Alberto Sell\\u00e9s\\u00a0<strong>Chanteurs:<\\\/strong>\\u00a0Roc\\u00edo Mayoral &amp; Ana G\\u00f3mez\\u00a0<strong>Guitariste:<\\\/strong>\\u00a0Jos\\u00e9 Luis Medina<\\\/p><p><strong>04\\\/09\\\/2026 Danseurs:<\\\/strong>\\u00a0Saray de los Reyes &amp; \\u00abEl Nano\\u00bb\\u00a0<strong>Chanteurs:<\\\/strong> Cheito &amp; Miguel Picuo <strong>Guitariste:<\\\/strong>\\u00a0Rub\\u00e9n Romero<\\\/p><p><strong>05\\\/09\\\/2026 Danseurs:<\\\/strong>\\u00a0Lola Jaramillo &amp; Jes\\u00fas Herrera\\u00a0<strong>Chanteurs:<\\\/strong>\\u00a0David \\u00abEl Galli\\u00bb &amp; Rosario Amador\\u00a0<strong>Guitariste:<\\\/strong> Rub\\u00e9n Romero<\\\/p><p><strong>06\\\/09\\\/2026 Danseurs:<\\\/strong> Laura Santamar\\u00eda &amp; \\u00c1lvaro Aguilera\\u00a0<strong>Chanteurs:<\\\/strong>\\u00a0Marcos Mart\\u00ednez &amp; Pepe de Pura<strong> Guitariste:<\\\/strong> Daniel Mej\\u00eda<\\\/p>\"}},{\"@type\":\"Question\",\"name\":\"Septembre 7-13\",\"acceptedAnswer\":{\"@type\":\"Answer\",\"text\":\"<p><strong>07\\\/09\\\/2026 Danseurs:<\\\/strong> Paula Salazar &amp; Juan Fern\\u00e1ndez <strong>Chanteurs:<\\\/strong> David \\u00abEl Galli\\u00bb &amp; Miguel Picuo <strong>Guitariste:<\\\/strong> Jos\\u00e9 Luis Medina<\\\/p><p><strong>08\\\/09\\\/2026 Danseurs:<\\\/strong> Araceli Mu\\u00f1oz &amp; \\u00c1lvaro Aguilera <strong>Chanteurs:<\\\/strong> Elena de Mor\\u00f3n &amp; Sara Corea <strong>Guitariste:<\\\/strong> Jos\\u00e9 Luis Medina<\\\/p><p><strong>09\\\/09\\\/2026 Danseurs:<\\\/strong> Susana Casas &amp; Juan Fern\\u00e1ndez<strong> Chanteurs:<\\\/strong> Roc\\u00edo Mayoral &amp; Inma Rivero <strong>Guitariste:<\\\/strong> Jos\\u00e9 P\\u00e9rez<\\\/p><p><strong>10\\\/09\\\/2026 Danseurs:<\\\/strong> Saray de los Reyes &amp; Juan Polvillo <strong>Chanteurs:<\\\/strong> Emilio Florido &amp; Reyes Mart\\u00edn <strong>Guitariste:<\\\/strong> Manuel Lucas<\\\/p><p><strong>11\\\/09\\\/2026 Danseurs:<\\\/strong> Laura Santamar\\u00eda &amp; David Romero <strong>Chanteurs:<\\\/strong> Marcos Mart\\u00ednez &amp; Elena de Mor\\u00f3n <strong>Guitariste:<\\\/strong> \\u00abEl Morito\\u00bb<\\\/p><p><strong>12\\\/09\\\/2026 Danseurs:<\\\/strong> Carmen Yanes &amp; Ram\\u00f3n Mart\\u00ednez <strong>Chanteurs:<\\\/strong> Marcos Mart\\u00ednez &amp; Emilio Florido <strong>Guitariste:<\\\/strong> Manuel Lucas<\\\/p><p><strong>13\\\/09\\\/2026 Danseurs:<\\\/strong> Lola Jaramillo &amp; Jes\\u00fas Herrera <strong>Chanteurs:<\\\/strong> Rosario Amador &amp; Miguel Picuo <strong>Guitariste:<\\\/strong> Jos\\u00e9 Manuel Tudela<\\\/p>\"}},{\"@type\":\"Question\",\"name\":\"Septembre 14-20\",\"acceptedAnswer\":{\"@type\":\"Answer\",\"text\":\"<p><strong>14\\\/09\\\/2026 Danseurs:<\\\/strong> \\u00abLa Marquesita\\u00bb &amp; Juanma Zurano <strong>Chanteurs:<\\\/strong> Pepe de Pura &amp; Roc\\u00edo Mayoral <strong>Guitariste:<\\\/strong> Eugenio Iglesias<\\\/p><p><strong>15\\\/09\\\/2026 Danseurs:<\\\/strong> Luisa Palicio &amp; Juan Polvillo <strong>Chanteurs:<\\\/strong> Mari\\u00e1n Fern\\u00e1ndez &amp; Javier Rivera <strong>Guitariste:<\\\/strong> Juanma Torres<\\\/p><p><strong>16\\\/09\\\/2026 Danseurs:<\\\/strong> \\u00abLa Marquesita\\u00bb &amp; \\u00abEl Nano\\u00bb<strong> Chanteurs:<\\\/strong> Roc\\u00edo Mayoral &amp; Esperanza Garrido <strong>Guitariste:<\\\/strong> Juan Anguita<\\\/p><p><strong>17\\\/09\\\/2026 Danseurs:<\\\/strong> Lola Jaramillo &amp; Jes\\u00fas Herrera <strong>Chanteurs:<\\\/strong> Cheito &amp; Reyes Mart\\u00edn <strong>Guitariste:<\\\/strong> Jos\\u00e9 Manuel Tudela<\\\/p><p><strong>18\\\/09\\\/2026 Danseurs:<\\\/strong> Susana Casas &amp; Jos\\u00e9 Montes <strong>Chanteurs:<\\\/strong> Mari\\u00e1n Fern\\u00e1ndez &amp; Javier Rivera <strong>Guitariste:<\\\/strong> Jos\\u00e9 Manuel Tudela<\\\/p><p><strong>19\\\/09\\\/2026 Danseurs:<\\\/strong> Carmen Yanes &amp; Juanma Zurano <strong>Chanteurs:<\\\/strong> Marcos Mart\\u00ednez &amp; Cristina Tovar <strong>Guitariste:<\\\/strong> Rub\\u00e9n Romero<\\\/p><p><strong>20\\\/09\\\/2026 Danseurs:<\\\/strong> Mar\\u00eda Moreno &amp; David Romero <strong>Chanteurs:<\\\/strong> Mari\\u00e1n Fern\\u00e1ndez &amp; Ana G\\u00f3mez <strong>Guitariste:<\\\/strong> Daniel Mej\\u00eda<\\\/p>\"}}]}<\/script>\n\t\t\t\t\t<\/div>\n\t\t\t\t\t\t<\/div>\n\t\t\t\t<\/div>\n\t\t\t\t\t<\/div>\n\t\t<\/div>\n\t\t\t\t<div class=\"elementor-column elementor-col-50 elementor-inner-column elementor-element elementor-element-6d7a09b0 elementor-hidden-tablet elementor-hidden-phone\" data-id=\"6d7a09b0\" data-element_type=\"column\" data-e-type=\"column\">\n\t\t\t<div class=\"elementor-widget-wrap\">\n\t\t\t\t\t\t\t<\/div>\n\t\t<\/div>\n\t\t\t\t\t<\/div>\n\t\t<\/section>\n\t\t\t\t\t<\/div>\n\t\t<\/div>\n\t\t\t\t\t<\/div>\n\t\t<\/section>\n\t\t\t\t<\/div>\n\t\t","protected":false},"excerpt":{"rendered":"<p>Agenda programme Programme Le casting de La Casa del Flamenco est compos\u00e9 d\u2019un groupe consacr\u00e9 d\u2019artistes, danseurs, chanteurs et guitaristes qui affichent leur art tous les soirs dans notre maison. Ils comptent tous d\u2019une importante exp\u00e9rience professionnelle dans le monde du flamenco et ont re\u00e7u de nombreux prix nationaux et internationaux. Ao\u00fbt 24-30 24\/08\/2026 Danseurs: &#8230; <a title=\"AGENDA\" class=\"read-more\" href=\"https:\/\/lacasadelflamencosevilla.com\/fr\/agenda\/\" aria-label=\"En savoir plus sur AGENDA\">Lire la suite<\/a><\/p>\n","protected":false},"author":3,"featured_media":0,"parent":0,"menu_order":0,"comment_status":"closed","ping_status":"closed","template":"elementor_header_footer","meta":{"_acf_changed":false,"footnotes":""},"class_list":["post-4557","page","type-page","status-publish"],"acf":[],"yoast_head":"<!-- This site is optimized with the Yoast SEO plugin v28.3 - https:\/\/yoast.com\/product\/yoast-seo-wordpress\/ -->\n<title>AGENDA - La Casa del Flamenco<\/title>\n<meta name=\"robots\" content=\"index, follow, max-snippet:-1, max-image-preview:large, max-video-preview:-1\" \/>\n<link rel=\"canonical\" href=\"https:\/\/lacasadelflamencosevilla.com\/fr\/agenda\/\" \/>\n<meta property=\"og:locale\" content=\"fr_FR\" \/>\n<meta property=\"og:type\" content=\"article\" \/>\n<meta property=\"og:title\" content=\"AGENDA - La Casa del Flamenco\" \/>\n<meta property=\"og:description\" content=\"Agenda programme Programme Le casting de La Casa del Flamenco est compos\u00e9 d\u2019un groupe consacr\u00e9 d\u2019artistes, danseurs, chanteurs et guitaristes qui affichent leur art tous les soirs dans notre maison. Ils comptent tous d\u2019une importante exp\u00e9rience professionnelle dans le monde du flamenco et ont re\u00e7u de nombreux prix nationaux et internationaux. Ao\u00fbt 24-30 24\/08\/2026 Danseurs: ... Lire la suite\" \/>\n<meta property=\"og:url\" content=\"https:\/\/lacasadelflamencosevilla.com\/fr\/agenda\/\" \/>\n<meta property=\"og:site_name\" content=\"La Casa del Flamenco\" \/>\n<meta property=\"article:publisher\" content=\"https:\/\/www.facebook.com\/LaCasaDelFlamenco\" \/>\n<meta property=\"article:modified_time\" content=\"2026-08-30T12:47:46+00:00\" \/>\n<meta property=\"og:image\" content=\"https:\/\/lacasadelflamencosevilla.com\/wp-content\/uploads\/2025\/08\/araceli-23-1-scaled.jpg\" \/>\n\t<meta property=\"og:image:width\" content=\"2560\" \/>\n\t<meta property=\"og:image:height\" content=\"1506\" \/>\n\t<meta property=\"og:image:type\" content=\"image\/jpeg\" \/>\n<meta name=\"twitter:card\" content=\"summary_large_image\" \/>\n<meta name=\"twitter:site\" content=\"@CasadelFlamenco\" \/>\n<meta name=\"twitter:label1\" content=\"Dur\u00e9e de lecture estim\u00e9e\" \/>\n\t<meta name=\"twitter:data1\" content=\"3 minutes\" \/>\n<script type=\"application\/ld+json\" class=\"yoast-schema-graph\">{\"@context\":\"https:\\\/\\\/schema.org\",\"@graph\":[{\"@type\":\"WebPage\",\"@id\":\"https:\\\/\\\/lacasadelflamencosevilla.com\\\/fr\\\/agenda\\\/\",\"url\":\"https:\\\/\\\/lacasadelflamencosevilla.com\\\/fr\\\/agenda\\\/\",\"name\":\"AGENDA - La Casa del Flamenco\",\"isPartOf\":{\"@id\":\"https:\\\/\\\/lacasadelflamencosevilla.com\\\/fr\\\/#website\"},\"primaryImageOfPage\":{\"@id\":\"https:\\\/\\\/lacasadelflamencosevilla.com\\\/fr\\\/agenda\\\/#primaryimage\"},\"image\":{\"@id\":\"https:\\\/\\\/lacasadelflamencosevilla.com\\\/fr\\\/agenda\\\/#primaryimage\"},\"thumbnailUrl\":\"https:\\\/\\\/lacasadelflamencosevilla.com\\\/wp-content\\\/uploads\\\/2025\\\/08\\\/araceli-23-1-scaled.jpg\",\"datePublished\":\"2021-07-06T07:38:17+00:00\",\"dateModified\":\"2026-08-30T12:47:46+00:00\",\"breadcrumb\":{\"@id\":\"https:\\\/\\\/lacasadelflamencosevilla.com\\\/fr\\\/agenda\\\/#breadcrumb\"},\"inLanguage\":\"fr-FR\",\"potentialAction\":[{\"@type\":\"ReadAction\",\"target\":[\"https:\\\/\\\/lacasadelflamencosevilla.com\\\/fr\\\/agenda\\\/\"]}]},{\"@type\":\"ImageObject\",\"inLanguage\":\"fr-FR\",\"@id\":\"https:\\\/\\\/lacasadelflamencosevilla.com\\\/fr\\\/agenda\\\/#primaryimage\",\"url\":\"https:\\\/\\\/lacasadelflamencosevilla.com\\\/wp-content\\\/uploads\\\/2025\\\/08\\\/araceli-23-1-scaled.jpg\",\"contentUrl\":\"https:\\\/\\\/lacasadelflamencosevilla.com\\\/wp-content\\\/uploads\\\/2025\\\/08\\\/araceli-23-1-scaled.jpg\"},{\"@type\":\"BreadcrumbList\",\"@id\":\"https:\\\/\\\/lacasadelflamencosevilla.com\\\/fr\\\/agenda\\\/#breadcrumb\",\"itemListElement\":[{\"@type\":\"ListItem\",\"position\":1,\"name\":\"Portada\",\"item\":\"https:\\\/\\\/lacasadelflamencosevilla.com\\\/fr\\\/\"},{\"@type\":\"ListItem\",\"position\":2,\"name\":\"AGENDA\"}]},{\"@type\":\"WebSite\",\"@id\":\"https:\\\/\\\/lacasadelflamencosevilla.com\\\/fr\\\/#website\",\"url\":\"https:\\\/\\\/lacasadelflamencosevilla.com\\\/fr\\\/\",\"name\":\"La Casa del Flamenco\",\"description\":\"\",\"publisher\":{\"@id\":\"https:\\\/\\\/lacasadelflamencosevilla.com\\\/fr\\\/#organization\"},\"alternateName\":\"Auditorio Alc\u00e1ntara\",\"potentialAction\":[{\"@type\":\"SearchAction\",\"target\":{\"@type\":\"EntryPoint\",\"urlTemplate\":\"https:\\\/\\\/lacasadelflamencosevilla.com\\\/fr\\\/?s={search_term_string}\"},\"query-input\":{\"@type\":\"PropertyValueSpecification\",\"valueRequired\":true,\"valueName\":\"search_term_string\"}}],\"inLanguage\":\"fr-FR\"},{\"@type\":\"Organization\",\"@id\":\"https:\\\/\\\/lacasadelflamencosevilla.com\\\/fr\\\/#organization\",\"name\":\"La Casa del Flamenco | Sevilla\",\"alternateName\":\"La Casa del Flamenco\",\"url\":\"https:\\\/\\\/lacasadelflamencosevilla.com\\\/fr\\\/\",\"logo\":{\"@type\":\"ImageObject\",\"inLanguage\":\"fr-FR\",\"@id\":\"https:\\\/\\\/lacasadelflamencosevilla.com\\\/fr\\\/#\\\/schema\\\/logo\\\/image\\\/\",\"url\":\"https:\\\/\\\/lacasadelflamencosevilla.com\\\/wp-content\\\/uploads\\\/2020\\\/04\\\/logo-la-casa-del-flamenco.png\",\"contentUrl\":\"https:\\\/\\\/lacasadelflamencosevilla.com\\\/wp-content\\\/uploads\\\/2020\\\/04\\\/logo-la-casa-del-flamenco.png\",\"width\":134,\"height\":188,\"caption\":\"La Casa del Flamenco | Sevilla\"},\"image\":{\"@id\":\"https:\\\/\\\/lacasadelflamencosevilla.com\\\/fr\\\/#\\\/schema\\\/logo\\\/image\\\/\"},\"sameAs\":[\"https:\\\/\\\/www.facebook.com\\\/LaCasaDelFlamenco\",\"https:\\\/\\\/x.com\\\/CasadelFlamenco\",\"https:\\\/\\\/www.instagram.com\\\/lacasadelflamenco\",\"https:\\\/\\\/www.hotelalcantara.es\\\/\"]}]}<\/script>\n<!-- \/ Yoast SEO plugin. -->","yoast_head_json":{"title":"AGENDA - La Casa del Flamenco","robots":{"index":"index","follow":"follow","max-snippet":"max-snippet:-1","max-image-preview":"max-image-preview:large","max-video-preview":"max-video-preview:-1"},"canonical":"https:\/\/lacasadelflamencosevilla.com\/fr\/agenda\/","og_locale":"fr_FR","og_type":"article","og_title":"AGENDA - La Casa del Flamenco","og_description":"Agenda programme Programme Le casting de La Casa del Flamenco est compos\u00e9 d\u2019un groupe consacr\u00e9 d\u2019artistes, danseurs, chanteurs et guitaristes qui affichent leur art tous les soirs dans notre maison. Ils comptent tous d\u2019une importante exp\u00e9rience professionnelle dans le monde du flamenco et ont re\u00e7u de nombreux prix nationaux et internationaux. Ao\u00fbt 24-30 24\/08\/2026 Danseurs: ... Lire la suite","og_url":"https:\/\/lacasadelflamencosevilla.com\/fr\/agenda\/","og_site_name":"La Casa del Flamenco","article_publisher":"https:\/\/www.facebook.com\/LaCasaDelFlamenco","article_modified_time":"2026-08-30T12:47:46+00:00","og_image":[{"width":2560,"height":1506,"url":"https:\/\/lacasadelflamencosevilla.com\/wp-content\/uploads\/2025\/08\/araceli-23-1-scaled.jpg","type":"image\/jpeg"}],"twitter_card":"summary_large_image","twitter_site":"@CasadelFlamenco","twitter_misc":{"Dur\u00e9e de lecture estim\u00e9e":"3 minutes"},"schema":{"@context":"https:\/\/schema.org","@graph":[{"@type":"WebPage","@id":"https:\/\/lacasadelflamencosevilla.com\/fr\/agenda\/","url":"https:\/\/lacasadelflamencosevilla.com\/fr\/agenda\/","name":"AGENDA - La Casa del Flamenco","isPartOf":{"@id":"https:\/\/lacasadelflamencosevilla.com\/fr\/#website"},"primaryImageOfPage":{"@id":"https:\/\/lacasadelflamencosevilla.com\/fr\/agenda\/#primaryimage"},"image":{"@id":"https:\/\/lacasadelflamencosevilla.com\/fr\/agenda\/#primaryimage"},"thumbnailUrl":"https:\/\/lacasadelflamencosevilla.com\/wp-content\/uploads\/2025\/08\/araceli-23-1-scaled.jpg","datePublished":"2021-07-06T07:38:17+00:00","dateModified":"2026-08-30T12:47:46+00:00","breadcrumb":{"@id":"https:\/\/lacasadelflamencosevilla.com\/fr\/agenda\/#breadcrumb"},"inLanguage":"fr-FR","potentialAction":[{"@type":"ReadAction","target":["https:\/\/lacasadelflamencosevilla.com\/fr\/agenda\/"]}]},{"@type":"ImageObject","inLanguage":"fr-FR","@id":"https:\/\/lacasadelflamencosevilla.com\/fr\/agenda\/#primaryimage","url":"https:\/\/lacasadelflamencosevilla.com\/wp-content\/uploads\/2025\/08\/araceli-23-1-scaled.jpg","contentUrl":"https:\/\/lacasadelflamencosevilla.com\/wp-content\/uploads\/2025\/08\/araceli-23-1-scaled.jpg"},{"@type":"BreadcrumbList","@id":"https:\/\/lacasadelflamencosevilla.com\/fr\/agenda\/#breadcrumb","itemListElement":[{"@type":"ListItem","position":1,"name":"Portada","item":"https:\/\/lacasadelflamencosevilla.com\/fr\/"},{"@type":"ListItem","position":2,"name":"AGENDA"}]},{"@type":"WebSite","@id":"https:\/\/lacasadelflamencosevilla.com\/fr\/#website","url":"https:\/\/lacasadelflamencosevilla.com\/fr\/","name":"La Casa del Flamenco","description":"","publisher":{"@id":"https:\/\/lacasadelflamencosevilla.com\/fr\/#organization"},"alternateName":"Auditorio Alc\u00e1ntara","potentialAction":[{"@type":"SearchAction","target":{"@type":"EntryPoint","urlTemplate":"https:\/\/lacasadelflamencosevilla.com\/fr\/?s={search_term_string}"},"query-input":{"@type":"PropertyValueSpecification","valueRequired":true,"valueName":"search_term_string"}}],"inLanguage":"fr-FR"},{"@type":"Organization","@id":"https:\/\/lacasadelflamencosevilla.com\/fr\/#organization","name":"La Casa del Flamenco | Sevilla","alternateName":"La Casa del Flamenco","url":"https:\/\/lacasadelflamencosevilla.com\/fr\/","logo":{"@type":"ImageObject","inLanguage":"fr-FR","@id":"https:\/\/lacasadelflamencosevilla.com\/fr\/#\/schema\/logo\/image\/","url":"https:\/\/lacasadelflamencosevilla.com\/wp-content\/uploads\/2020\/04\/logo-la-casa-del-flamenco.png","contentUrl":"https:\/\/lacasadelflamencosevilla.com\/wp-content\/uploads\/2020\/04\/logo-la-casa-del-flamenco.png","width":134,"height":188,"caption":"La Casa del Flamenco | Sevilla"},"image":{"@id":"https:\/\/lacasadelflamencosevilla.com\/fr\/#\/schema\/logo\/image\/"},"sameAs":["https:\/\/www.facebook.com\/LaCasaDelFlamenco","https:\/\/x.com\/CasadelFlamenco","https:\/\/www.instagram.com\/lacasadelflamenco","https:\/\/www.hotelalcantara.es\/"]}]}},"_links":{"self":[{"href":"https:\/\/lacasadelflamencosevilla.com\/fr\/wp-json\/wp\/v2\/pages\/4557","targetHints":{"allow":["GET"]}}],"collection":[{"href":"https:\/\/lacasadelflamencosevilla.com\/fr\/wp-json\/wp\/v2\/pages"}],"about":[{"href":"https:\/\/lacasadelflamencosevilla.com\/fr\/wp-json\/wp\/v2\/types\/page"}],"author":[{"embeddable":true,"href":"https:\/\/lacasadelflamencosevilla.com\/fr\/wp-json\/wp\/v2\/users\/3"}],"replies":[{"embeddable":true,"href":"https:\/\/lacasadelflamencosevilla.com\/fr\/wp-json\/wp\/v2\/comments?post=4557"}],"version-history":[{"count":9,"href":"https:\/\/lacasadelflamencosevilla.com\/fr\/wp-json\/wp\/v2\/pages\/4557\/revisions"}],"predecessor-version":[{"id":23240,"href":"https:\/\/lacasadelflamencosevilla.com\/fr\/wp-json\/wp\/v2\/pages\/4557\/revisions\/23240"}],"wp:attachment":[{"href":"https:\/\/lacasadelflamencosevilla.com\/fr\/wp-json\/wp\/v2\/media?parent=4557"}],"curies":[{"name":"wp","href":"https:\/\/api.w.org\/{rel}","templated":true}]}}