{"id":11984,"date":"2023-09-03T20:25:47","date_gmt":"2023-09-03T18:25:47","guid":{"rendered":"https:\/\/lacasadelflamencosevilla.com\/?post_type=artista&#038;p=11984"},"modified":"2025-02-10T17:17:25","modified_gmt":"2025-02-10T16:17:25","slug":"paula-salazar-2","status":"publish","type":"artista","link":"https:\/\/lacasadelflamencosevilla.com\/fr\/artista\/paula-salazar-2\/","title":{"rendered":"Paula Salazar"},"content":{"rendered":"<p>N\u00e9e et \u00e9lev\u00e9e \u00e0 M\u00e1laga, Paula commence sa formation dans la danse espagnol \u00e0 un tr\u00e8s je\u00fbne \u00e2ge au conservatoire. Elle serait arriv\u00e9e \u00e0 S\u00e9ville gr\u00e2ce \u00e0 une bourse d\u2019\u00e9tudes attribu\u00e9e par le Centre de Danse d\u2019Andalousie, o\u00f9 elle s\u2019est faite form\u00e9e par des artistes tel que Roc\u00edo Coral, Miguel \u00c1ngel Corbacho and Rub\u00e9n Olmo, qui aurait ensuite inclue Paula quelques ann\u00e9es plus tard dans sa compagnie o\u00f9 elle participera \u00e0 des spectacles comme \u201cLa muerte de un Minotauro\u201d et \u201cLa tentaci\u00f3n de Poe\u201d.<\/p>\n<p>Plus tard, en 2008, elle part rejoindre Joaqu\u00edn Grilo en tourn\u00e9e qui s\u2019intitularia \u201cLa Calle de mis sue\u00f1os\u201d qui sera tant sur l\u2019\u00e9chelle nationale qu\u2019internationale.<\/p>\n<p>Sa qualit\u00e9e artistique a \u00e9t\u00e9 duement reconnue dans d\u2019occasions multiples, un d\u2019entre eux \u00e9tant le <em>Manolo Soler Flamenco Talent Dance Contest <\/em>(2018). Ce concours permettra d\u2019attribuer \u00e0 Mlle Salazar la bourse d\u2019\u00e9tude <em>Acciona, lui permettant d\u2019\u00e9tudier \u00e0 la fondation d<\/em>e Cristina Heeren o\u00f9 elle aura ensuite la chance d\u2019apprendre aux cot\u00e9s de\u00a0 ma\u00eetres tel que Javier Bar\u00f3n, Milagros Menj\u00edbar, Luisa Palicio or Rafael Campallo.<\/p>\n<p>En 2022 elle a d\u00e9croch\u00e9 la segonde place au festival international de\u00a0 <em>Cante de las Minas, <\/em>et l\u2019ann\u00e9e derni\u00e8re elle \u00e9tait finaliste du S<em>panish Choreographic Dance and Flamenco Contest<\/em>, \u00e0 Madrid. L\u2019ann\u00e9e prochaine, en F\u00e9vrier 2024, elle d\u00e9butera sa performance solo dans le prestigieux Flamenco du Festival de Jerez.<\/p>\n","protected":false},"featured_media":16790,"template":"","disciplina":[28],"class_list":["post-11984","artista","type-artista","status-publish","has-post-thumbnail","hentry","disciplina-danse"],"acf":[],"yoast_head":"<!-- This site is optimized with the Yoast SEO plugin v27.4 - https:\/\/yoast.com\/product\/yoast-seo-wordpress\/ -->\n<title>Paula Salazar - La Casa del Flamenco<\/title>\n<meta name=\"robots\" content=\"index, follow, max-snippet:-1, max-image-preview:large, max-video-preview:-1\" \/>\n<link rel=\"canonical\" href=\"https:\/\/lacasadelflamencosevilla.com\/fr\/artista\/paula-salazar-2\/\" \/>\n<meta property=\"og:locale\" content=\"fr_FR\" \/>\n<meta property=\"og:type\" content=\"article\" \/>\n<meta property=\"og:title\" content=\"Paula Salazar - La Casa del Flamenco\" \/>\n<meta property=\"og:description\" content=\"N\u00e9e et \u00e9lev\u00e9e \u00e0 M\u00e1laga, Paula commence sa formation dans la danse espagnol \u00e0 un tr\u00e8s je\u00fbne \u00e2ge au conservatoire. Elle serait arriv\u00e9e \u00e0 S\u00e9ville gr\u00e2ce \u00e0 une bourse d\u2019\u00e9tudes attribu\u00e9e par le Centre de Danse d\u2019Andalousie, o\u00f9 elle s\u2019est faite form\u00e9e par des artistes tel que Roc\u00edo Coral, Miguel \u00c1ngel Corbacho and Rub\u00e9n Olmo, ... Lire la suite\" \/>\n<meta property=\"og:url\" content=\"https:\/\/lacasadelflamencosevilla.com\/fr\/artista\/paula-salazar-2\/\" \/>\n<meta property=\"og:site_name\" content=\"La Casa del Flamenco\" \/>\n<meta property=\"article:publisher\" content=\"https:\/\/www.facebook.com\/LaCasaDelFlamenco\" \/>\n<meta property=\"article:modified_time\" content=\"2025-02-10T16:17:25+00:00\" \/>\n<meta property=\"og:image\" content=\"https:\/\/lacasadelflamencosevilla.com\/wp-content\/uploads\/2023\/09\/paula_salazar_baile_lacasadelflamencosevilla-1.jpg\" \/>\n\t<meta property=\"og:image:width\" content=\"2560\" \/>\n\t<meta property=\"og:image:height\" content=\"2560\" \/>\n\t<meta property=\"og:image:type\" content=\"image\/jpeg\" \/>\n<meta name=\"twitter:card\" content=\"summary_large_image\" \/>\n<meta name=\"twitter:site\" content=\"@CasadelFlamenco\" \/>\n<meta name=\"twitter:label1\" content=\"Dur\u00e9e de lecture estim\u00e9e\" \/>\n\t<meta name=\"twitter:data1\" content=\"1 minute\" \/>\n<script type=\"application\/ld+json\" class=\"yoast-schema-graph\">{\"@context\":\"https:\\\/\\\/schema.org\",\"@graph\":[{\"@type\":\"WebPage\",\"@id\":\"https:\\\/\\\/lacasadelflamencosevilla.com\\\/fr\\\/artista\\\/paula-salazar-2\\\/\",\"url\":\"https:\\\/\\\/lacasadelflamencosevilla.com\\\/fr\\\/artista\\\/paula-salazar-2\\\/\",\"name\":\"Paula Salazar - La Casa del Flamenco\",\"isPartOf\":{\"@id\":\"https:\\\/\\\/lacasadelflamencosevilla.com\\\/fr\\\/#website\"},\"primaryImageOfPage\":{\"@id\":\"https:\\\/\\\/lacasadelflamencosevilla.com\\\/fr\\\/artista\\\/paula-salazar-2\\\/#primaryimage\"},\"image\":{\"@id\":\"https:\\\/\\\/lacasadelflamencosevilla.com\\\/fr\\\/artista\\\/paula-salazar-2\\\/#primaryimage\"},\"thumbnailUrl\":\"https:\\\/\\\/lacasadelflamencosevilla.com\\\/wp-content\\\/uploads\\\/2023\\\/09\\\/paula_salazar_baile_lacasadelflamencosevilla-1.jpg\",\"datePublished\":\"2023-09-03T18:25:47+00:00\",\"dateModified\":\"2025-02-10T16:17:25+00:00\",\"breadcrumb\":{\"@id\":\"https:\\\/\\\/lacasadelflamencosevilla.com\\\/fr\\\/artista\\\/paula-salazar-2\\\/#breadcrumb\"},\"inLanguage\":\"fr-FR\",\"potentialAction\":[{\"@type\":\"ReadAction\",\"target\":[\"https:\\\/\\\/lacasadelflamencosevilla.com\\\/fr\\\/artista\\\/paula-salazar-2\\\/\"]}]},{\"@type\":\"ImageObject\",\"inLanguage\":\"fr-FR\",\"@id\":\"https:\\\/\\\/lacasadelflamencosevilla.com\\\/fr\\\/artista\\\/paula-salazar-2\\\/#primaryimage\",\"url\":\"https:\\\/\\\/lacasadelflamencosevilla.com\\\/wp-content\\\/uploads\\\/2023\\\/09\\\/paula_salazar_baile_lacasadelflamencosevilla-1.jpg\",\"contentUrl\":\"https:\\\/\\\/lacasadelflamencosevilla.com\\\/wp-content\\\/uploads\\\/2023\\\/09\\\/paula_salazar_baile_lacasadelflamencosevilla-1.jpg\",\"width\":2560,\"height\":2560,\"caption\":\"Paula salazar baile lacasadelflamencosevilla\"},{\"@type\":\"BreadcrumbList\",\"@id\":\"https:\\\/\\\/lacasadelflamencosevilla.com\\\/fr\\\/artista\\\/paula-salazar-2\\\/#breadcrumb\",\"itemListElement\":[{\"@type\":\"ListItem\",\"position\":1,\"name\":\"Portada\",\"item\":\"https:\\\/\\\/lacasadelflamencosevilla.com\\\/fr\\\/\"},{\"@type\":\"ListItem\",\"position\":2,\"name\":\"Paula Salazar\"}]},{\"@type\":\"WebSite\",\"@id\":\"https:\\\/\\\/lacasadelflamencosevilla.com\\\/fr\\\/#website\",\"url\":\"https:\\\/\\\/lacasadelflamencosevilla.com\\\/fr\\\/\",\"name\":\"La Casa del Flamenco\",\"description\":\"\",\"publisher\":{\"@id\":\"https:\\\/\\\/lacasadelflamencosevilla.com\\\/fr\\\/#organization\"},\"potentialAction\":[{\"@type\":\"SearchAction\",\"target\":{\"@type\":\"EntryPoint\",\"urlTemplate\":\"https:\\\/\\\/lacasadelflamencosevilla.com\\\/fr\\\/?s={search_term_string}\"},\"query-input\":{\"@type\":\"PropertyValueSpecification\",\"valueRequired\":true,\"valueName\":\"search_term_string\"}}],\"inLanguage\":\"fr-FR\"},{\"@type\":\"Organization\",\"@id\":\"https:\\\/\\\/lacasadelflamencosevilla.com\\\/fr\\\/#organization\",\"name\":\"La Casa del Flamenco | Sevilla\",\"alternateName\":\"La Casa del Flamenco\",\"url\":\"https:\\\/\\\/lacasadelflamencosevilla.com\\\/fr\\\/\",\"logo\":{\"@type\":\"ImageObject\",\"inLanguage\":\"fr-FR\",\"@id\":\"https:\\\/\\\/lacasadelflamencosevilla.com\\\/fr\\\/#\\\/schema\\\/logo\\\/image\\\/\",\"url\":\"https:\\\/\\\/lacasadelflamencosevilla.com\\\/wp-content\\\/uploads\\\/2020\\\/04\\\/logo-la-casa-del-flamenco.png\",\"contentUrl\":\"https:\\\/\\\/lacasadelflamencosevilla.com\\\/wp-content\\\/uploads\\\/2020\\\/04\\\/logo-la-casa-del-flamenco.png\",\"width\":134,\"height\":188,\"caption\":\"La Casa del Flamenco | Sevilla\"},\"image\":{\"@id\":\"https:\\\/\\\/lacasadelflamencosevilla.com\\\/fr\\\/#\\\/schema\\\/logo\\\/image\\\/\"},\"sameAs\":[\"https:\\\/\\\/www.facebook.com\\\/LaCasaDelFlamenco\",\"https:\\\/\\\/x.com\\\/CasadelFlamenco\",\"https:\\\/\\\/www.instagram.com\\\/lacasadelflamenco\"]}]}<\/script>\n<!-- \/ Yoast SEO plugin. -->","yoast_head_json":{"title":"Paula Salazar - La Casa del Flamenco","robots":{"index":"index","follow":"follow","max-snippet":"max-snippet:-1","max-image-preview":"max-image-preview:large","max-video-preview":"max-video-preview:-1"},"canonical":"https:\/\/lacasadelflamencosevilla.com\/fr\/artista\/paula-salazar-2\/","og_locale":"fr_FR","og_type":"article","og_title":"Paula Salazar - La Casa del Flamenco","og_description":"N\u00e9e et \u00e9lev\u00e9e \u00e0 M\u00e1laga, Paula commence sa formation dans la danse espagnol \u00e0 un tr\u00e8s je\u00fbne \u00e2ge au conservatoire. Elle serait arriv\u00e9e \u00e0 S\u00e9ville gr\u00e2ce \u00e0 une bourse d\u2019\u00e9tudes attribu\u00e9e par le Centre de Danse d\u2019Andalousie, o\u00f9 elle s\u2019est faite form\u00e9e par des artistes tel que Roc\u00edo Coral, Miguel \u00c1ngel Corbacho and Rub\u00e9n Olmo, ... Lire la suite","og_url":"https:\/\/lacasadelflamencosevilla.com\/fr\/artista\/paula-salazar-2\/","og_site_name":"La Casa del Flamenco","article_publisher":"https:\/\/www.facebook.com\/LaCasaDelFlamenco","article_modified_time":"2025-02-10T16:17:25+00:00","og_image":[{"width":2560,"height":2560,"url":"https:\/\/lacasadelflamencosevilla.com\/wp-content\/uploads\/2023\/09\/paula_salazar_baile_lacasadelflamencosevilla-1.jpg","type":"image\/jpeg"}],"twitter_card":"summary_large_image","twitter_site":"@CasadelFlamenco","twitter_misc":{"Dur\u00e9e de lecture estim\u00e9e":"1 minute"},"schema":{"@context":"https:\/\/schema.org","@graph":[{"@type":"WebPage","@id":"https:\/\/lacasadelflamencosevilla.com\/fr\/artista\/paula-salazar-2\/","url":"https:\/\/lacasadelflamencosevilla.com\/fr\/artista\/paula-salazar-2\/","name":"Paula Salazar - La Casa del Flamenco","isPartOf":{"@id":"https:\/\/lacasadelflamencosevilla.com\/fr\/#website"},"primaryImageOfPage":{"@id":"https:\/\/lacasadelflamencosevilla.com\/fr\/artista\/paula-salazar-2\/#primaryimage"},"image":{"@id":"https:\/\/lacasadelflamencosevilla.com\/fr\/artista\/paula-salazar-2\/#primaryimage"},"thumbnailUrl":"https:\/\/lacasadelflamencosevilla.com\/wp-content\/uploads\/2023\/09\/paula_salazar_baile_lacasadelflamencosevilla-1.jpg","datePublished":"2023-09-03T18:25:47+00:00","dateModified":"2025-02-10T16:17:25+00:00","breadcrumb":{"@id":"https:\/\/lacasadelflamencosevilla.com\/fr\/artista\/paula-salazar-2\/#breadcrumb"},"inLanguage":"fr-FR","potentialAction":[{"@type":"ReadAction","target":["https:\/\/lacasadelflamencosevilla.com\/fr\/artista\/paula-salazar-2\/"]}]},{"@type":"ImageObject","inLanguage":"fr-FR","@id":"https:\/\/lacasadelflamencosevilla.com\/fr\/artista\/paula-salazar-2\/#primaryimage","url":"https:\/\/lacasadelflamencosevilla.com\/wp-content\/uploads\/2023\/09\/paula_salazar_baile_lacasadelflamencosevilla-1.jpg","contentUrl":"https:\/\/lacasadelflamencosevilla.com\/wp-content\/uploads\/2023\/09\/paula_salazar_baile_lacasadelflamencosevilla-1.jpg","width":2560,"height":2560,"caption":"Paula salazar baile lacasadelflamencosevilla"},{"@type":"BreadcrumbList","@id":"https:\/\/lacasadelflamencosevilla.com\/fr\/artista\/paula-salazar-2\/#breadcrumb","itemListElement":[{"@type":"ListItem","position":1,"name":"Portada","item":"https:\/\/lacasadelflamencosevilla.com\/fr\/"},{"@type":"ListItem","position":2,"name":"Paula Salazar"}]},{"@type":"WebSite","@id":"https:\/\/lacasadelflamencosevilla.com\/fr\/#website","url":"https:\/\/lacasadelflamencosevilla.com\/fr\/","name":"La Casa del Flamenco","description":"","publisher":{"@id":"https:\/\/lacasadelflamencosevilla.com\/fr\/#organization"},"potentialAction":[{"@type":"SearchAction","target":{"@type":"EntryPoint","urlTemplate":"https:\/\/lacasadelflamencosevilla.com\/fr\/?s={search_term_string}"},"query-input":{"@type":"PropertyValueSpecification","valueRequired":true,"valueName":"search_term_string"}}],"inLanguage":"fr-FR"},{"@type":"Organization","@id":"https:\/\/lacasadelflamencosevilla.com\/fr\/#organization","name":"La Casa del Flamenco | Sevilla","alternateName":"La Casa del Flamenco","url":"https:\/\/lacasadelflamencosevilla.com\/fr\/","logo":{"@type":"ImageObject","inLanguage":"fr-FR","@id":"https:\/\/lacasadelflamencosevilla.com\/fr\/#\/schema\/logo\/image\/","url":"https:\/\/lacasadelflamencosevilla.com\/wp-content\/uploads\/2020\/04\/logo-la-casa-del-flamenco.png","contentUrl":"https:\/\/lacasadelflamencosevilla.com\/wp-content\/uploads\/2020\/04\/logo-la-casa-del-flamenco.png","width":134,"height":188,"caption":"La Casa del Flamenco | Sevilla"},"image":{"@id":"https:\/\/lacasadelflamencosevilla.com\/fr\/#\/schema\/logo\/image\/"},"sameAs":["https:\/\/www.facebook.com\/LaCasaDelFlamenco","https:\/\/x.com\/CasadelFlamenco","https:\/\/www.instagram.com\/lacasadelflamenco"]}]}},"_links":{"self":[{"href":"https:\/\/lacasadelflamencosevilla.com\/fr\/wp-json\/wp\/v2\/artista\/11984","targetHints":{"allow":["GET"]}}],"collection":[{"href":"https:\/\/lacasadelflamencosevilla.com\/fr\/wp-json\/wp\/v2\/artista"}],"about":[{"href":"https:\/\/lacasadelflamencosevilla.com\/fr\/wp-json\/wp\/v2\/types\/artista"}],"wp:featuredmedia":[{"embeddable":true,"href":"https:\/\/lacasadelflamencosevilla.com\/fr\/wp-json\/wp\/v2\/media\/16790"}],"wp:attachment":[{"href":"https:\/\/lacasadelflamencosevilla.com\/fr\/wp-json\/wp\/v2\/media?parent=11984"}],"wp:term":[{"taxonomy":"disciplina","embeddable":true,"href":"https:\/\/lacasadelflamencosevilla.com\/fr\/wp-json\/wp\/v2\/disciplina?post=11984"}],"curies":[{"name":"wp","href":"https:\/\/api.w.org\/{rel}","templated":true}]}}