{"id":11743,"date":"2023-08-03T21:41:59","date_gmt":"2023-08-03T19:41:59","guid":{"rendered":"https:\/\/lacasadelflamencosevilla.com\/?post_type=artista&#038;p=11743"},"modified":"2025-02-07T14:27:49","modified_gmt":"2025-02-07T13:27:49","slug":"agueda-saavedra-2","status":"publish","type":"artista","link":"https:\/\/lacasadelflamencosevilla.com\/fr\/artista\/agueda-saavedra-2\/","title":{"rendered":"\u00c1gueda Saavedra"},"content":{"rendered":"<p>Elle est n\u00e9e \u00e0 Nerja en 1995, o\u00f9 elle a commenc\u00e9 ses \u00e9tudes \u00e0 l&rsquo;\u00e2ge de 7 ans au Conservatoire de danse de Malaga. \u00c0 15 ans, elle a rejoint le Conservatoire professionnel de danse Carmen Amaya \u00e0 Madrid.<\/p>\n<p>Elle a form\u00e9 et fait partie de compagnies prestigieuses, comme celles de Manuel Li\u00f1\u00e1n et Daniel Do\u00f1a avec le spectacle \u00ab\u00a0REW\u00a0\u00bb, qui sera pr\u00e9sent\u00e9 en premi\u00e8re en f\u00e9vrier 2012 dans les principaux festivals et th\u00e9\u00e2tres, ainsi qu&rsquo;\u00e0 la Biennale de S\u00e9ville cette ann\u00e9e-l\u00e0.<\/p>\n<p>En 2013, elle a particip\u00e9 \u00e0 \u00ab\u00a0Lorca et Grenade\u00a0\u00bb pendant les \u00e9t\u00e9s du Generalife, avec la chor\u00e9graphie de Fuensanta \u00ab\u00a0La Moneta\u00a0\u00bb et Manuel Li\u00f1\u00e1n. Avec ce dernier, elle a cr\u00e9\u00e9 \u00ab\u00a0Nomad\u00a0\u00bb au Festival de Jerez en 2014.<\/p>\n<p>Parmi les prix qui lui sont d\u00e9cern\u00e9s figure le premier prix du concours de danse de la ville de Ribarroja del Turia, qu&rsquo;elle a remport\u00e9 successivement en 2009 et 2010, ce qui lui a valu une bourse de la compagnie de danse d&rsquo;Antonio Najarro. En 2013, elle remporte le concours du Tablao Villa-Rosa.<\/p>\n<p>Il convient \u00e9galement de mentionner sa participation dans la compagnie de Marco Flores, avec le spectacle \u00ab\u00a0Entrar al juego\u00a0\u00bb dont la premi\u00e8re a eu lieu lors du dernier Festival de Jerez, en f\u00e9vrier 2016. Actuellement, elle fait partie de la distribution de \u00ab\u00a0Silencios Rotos\u00a0\u00bb, une production de Entredos Ballet Espa\u00f1ol, sous la direction artistique et chor\u00e9graphique d&rsquo;Elena Algado et de Miguel \u00c1ngel Corbacho.<\/p>\n","protected":false},"featured_media":15899,"template":"","disciplina":[28],"class_list":["post-11743","artista","type-artista","status-publish","has-post-thumbnail","hentry","disciplina-danse"],"acf":[],"yoast_head":"<!-- This site is optimized with the Yoast SEO plugin v27.4 - https:\/\/yoast.com\/product\/yoast-seo-wordpress\/ -->\n<title>\u00c1gueda Saavedra - La Casa del Flamenco<\/title>\n<meta name=\"robots\" content=\"index, follow, max-snippet:-1, max-image-preview:large, max-video-preview:-1\" \/>\n<link rel=\"canonical\" href=\"https:\/\/lacasadelflamencosevilla.com\/fr\/artista\/agueda-saavedra-2\/\" \/>\n<meta property=\"og:locale\" content=\"fr_FR\" \/>\n<meta property=\"og:type\" content=\"article\" \/>\n<meta property=\"og:title\" content=\"\u00c1gueda Saavedra - La Casa del Flamenco\" \/>\n<meta property=\"og:description\" content=\"Elle est n\u00e9e \u00e0 Nerja en 1995, o\u00f9 elle a commenc\u00e9 ses \u00e9tudes \u00e0 l&rsquo;\u00e2ge de 7 ans au Conservatoire de danse de Malaga. \u00c0 15 ans, elle a rejoint le Conservatoire professionnel de danse Carmen Amaya \u00e0 Madrid. Elle a form\u00e9 et fait partie de compagnies prestigieuses, comme celles de Manuel Li\u00f1\u00e1n et Daniel ... Lire la suite\" \/>\n<meta property=\"og:url\" content=\"https:\/\/lacasadelflamencosevilla.com\/fr\/artista\/agueda-saavedra-2\/\" \/>\n<meta property=\"og:site_name\" content=\"La Casa del Flamenco\" \/>\n<meta property=\"article:publisher\" content=\"https:\/\/www.facebook.com\/LaCasaDelFlamenco\" \/>\n<meta property=\"article:modified_time\" content=\"2025-02-07T13:27:49+00:00\" \/>\n<meta property=\"og:image\" content=\"https:\/\/lacasadelflamencosevilla.com\/wp-content\/uploads\/2023\/01\/agueda_saavedra_lacasadelflamencosevilla.jpg\" \/>\n\t<meta property=\"og:image:width\" content=\"2560\" \/>\n\t<meta property=\"og:image:height\" content=\"2560\" \/>\n\t<meta property=\"og:image:type\" content=\"image\/jpeg\" \/>\n<meta name=\"twitter:card\" content=\"summary_large_image\" \/>\n<meta name=\"twitter:site\" content=\"@CasadelFlamenco\" \/>\n<meta name=\"twitter:label1\" content=\"Dur\u00e9e de lecture estim\u00e9e\" \/>\n\t<meta name=\"twitter:data1\" content=\"1 minute\" \/>\n<script type=\"application\/ld+json\" class=\"yoast-schema-graph\">{\"@context\":\"https:\\\/\\\/schema.org\",\"@graph\":[{\"@type\":\"WebPage\",\"@id\":\"https:\\\/\\\/lacasadelflamencosevilla.com\\\/fr\\\/artista\\\/agueda-saavedra-2\\\/\",\"url\":\"https:\\\/\\\/lacasadelflamencosevilla.com\\\/fr\\\/artista\\\/agueda-saavedra-2\\\/\",\"name\":\"\u00c1gueda Saavedra - La Casa del Flamenco\",\"isPartOf\":{\"@id\":\"https:\\\/\\\/lacasadelflamencosevilla.com\\\/fr\\\/#website\"},\"primaryImageOfPage\":{\"@id\":\"https:\\\/\\\/lacasadelflamencosevilla.com\\\/fr\\\/artista\\\/agueda-saavedra-2\\\/#primaryimage\"},\"image\":{\"@id\":\"https:\\\/\\\/lacasadelflamencosevilla.com\\\/fr\\\/artista\\\/agueda-saavedra-2\\\/#primaryimage\"},\"thumbnailUrl\":\"https:\\\/\\\/lacasadelflamencosevilla.com\\\/wp-content\\\/uploads\\\/2023\\\/01\\\/agueda_saavedra_lacasadelflamencosevilla.jpg\",\"datePublished\":\"2023-08-03T19:41:59+00:00\",\"dateModified\":\"2025-02-07T13:27:49+00:00\",\"breadcrumb\":{\"@id\":\"https:\\\/\\\/lacasadelflamencosevilla.com\\\/fr\\\/artista\\\/agueda-saavedra-2\\\/#breadcrumb\"},\"inLanguage\":\"fr-FR\",\"potentialAction\":[{\"@type\":\"ReadAction\",\"target\":[\"https:\\\/\\\/lacasadelflamencosevilla.com\\\/fr\\\/artista\\\/agueda-saavedra-2\\\/\"]}]},{\"@type\":\"ImageObject\",\"inLanguage\":\"fr-FR\",\"@id\":\"https:\\\/\\\/lacasadelflamencosevilla.com\\\/fr\\\/artista\\\/agueda-saavedra-2\\\/#primaryimage\",\"url\":\"https:\\\/\\\/lacasadelflamencosevilla.com\\\/wp-content\\\/uploads\\\/2023\\\/01\\\/agueda_saavedra_lacasadelflamencosevilla.jpg\",\"contentUrl\":\"https:\\\/\\\/lacasadelflamencosevilla.com\\\/wp-content\\\/uploads\\\/2023\\\/01\\\/agueda_saavedra_lacasadelflamencosevilla.jpg\",\"width\":2560,\"height\":2560},{\"@type\":\"BreadcrumbList\",\"@id\":\"https:\\\/\\\/lacasadelflamencosevilla.com\\\/fr\\\/artista\\\/agueda-saavedra-2\\\/#breadcrumb\",\"itemListElement\":[{\"@type\":\"ListItem\",\"position\":1,\"name\":\"Portada\",\"item\":\"https:\\\/\\\/lacasadelflamencosevilla.com\\\/fr\\\/\"},{\"@type\":\"ListItem\",\"position\":2,\"name\":\"\u00c1gueda Saavedra\"}]},{\"@type\":\"WebSite\",\"@id\":\"https:\\\/\\\/lacasadelflamencosevilla.com\\\/fr\\\/#website\",\"url\":\"https:\\\/\\\/lacasadelflamencosevilla.com\\\/fr\\\/\",\"name\":\"La Casa del Flamenco\",\"description\":\"\",\"publisher\":{\"@id\":\"https:\\\/\\\/lacasadelflamencosevilla.com\\\/fr\\\/#organization\"},\"potentialAction\":[{\"@type\":\"SearchAction\",\"target\":{\"@type\":\"EntryPoint\",\"urlTemplate\":\"https:\\\/\\\/lacasadelflamencosevilla.com\\\/fr\\\/?s={search_term_string}\"},\"query-input\":{\"@type\":\"PropertyValueSpecification\",\"valueRequired\":true,\"valueName\":\"search_term_string\"}}],\"inLanguage\":\"fr-FR\"},{\"@type\":\"Organization\",\"@id\":\"https:\\\/\\\/lacasadelflamencosevilla.com\\\/fr\\\/#organization\",\"name\":\"La Casa del Flamenco | Sevilla\",\"alternateName\":\"La Casa del Flamenco\",\"url\":\"https:\\\/\\\/lacasadelflamencosevilla.com\\\/fr\\\/\",\"logo\":{\"@type\":\"ImageObject\",\"inLanguage\":\"fr-FR\",\"@id\":\"https:\\\/\\\/lacasadelflamencosevilla.com\\\/fr\\\/#\\\/schema\\\/logo\\\/image\\\/\",\"url\":\"https:\\\/\\\/lacasadelflamencosevilla.com\\\/wp-content\\\/uploads\\\/2020\\\/04\\\/logo-la-casa-del-flamenco.png\",\"contentUrl\":\"https:\\\/\\\/lacasadelflamencosevilla.com\\\/wp-content\\\/uploads\\\/2020\\\/04\\\/logo-la-casa-del-flamenco.png\",\"width\":134,\"height\":188,\"caption\":\"La Casa del Flamenco | Sevilla\"},\"image\":{\"@id\":\"https:\\\/\\\/lacasadelflamencosevilla.com\\\/fr\\\/#\\\/schema\\\/logo\\\/image\\\/\"},\"sameAs\":[\"https:\\\/\\\/www.facebook.com\\\/LaCasaDelFlamenco\",\"https:\\\/\\\/x.com\\\/CasadelFlamenco\",\"https:\\\/\\\/www.instagram.com\\\/lacasadelflamenco\"]}]}<\/script>\n<!-- \/ Yoast SEO plugin. -->","yoast_head_json":{"title":"\u00c1gueda Saavedra - La Casa del Flamenco","robots":{"index":"index","follow":"follow","max-snippet":"max-snippet:-1","max-image-preview":"max-image-preview:large","max-video-preview":"max-video-preview:-1"},"canonical":"https:\/\/lacasadelflamencosevilla.com\/fr\/artista\/agueda-saavedra-2\/","og_locale":"fr_FR","og_type":"article","og_title":"\u00c1gueda Saavedra - La Casa del Flamenco","og_description":"Elle est n\u00e9e \u00e0 Nerja en 1995, o\u00f9 elle a commenc\u00e9 ses \u00e9tudes \u00e0 l&rsquo;\u00e2ge de 7 ans au Conservatoire de danse de Malaga. \u00c0 15 ans, elle a rejoint le Conservatoire professionnel de danse Carmen Amaya \u00e0 Madrid. Elle a form\u00e9 et fait partie de compagnies prestigieuses, comme celles de Manuel Li\u00f1\u00e1n et Daniel ... Lire la suite","og_url":"https:\/\/lacasadelflamencosevilla.com\/fr\/artista\/agueda-saavedra-2\/","og_site_name":"La Casa del Flamenco","article_publisher":"https:\/\/www.facebook.com\/LaCasaDelFlamenco","article_modified_time":"2025-02-07T13:27:49+00:00","og_image":[{"width":2560,"height":2560,"url":"https:\/\/lacasadelflamencosevilla.com\/wp-content\/uploads\/2023\/01\/agueda_saavedra_lacasadelflamencosevilla.jpg","type":"image\/jpeg"}],"twitter_card":"summary_large_image","twitter_site":"@CasadelFlamenco","twitter_misc":{"Dur\u00e9e de lecture estim\u00e9e":"1 minute"},"schema":{"@context":"https:\/\/schema.org","@graph":[{"@type":"WebPage","@id":"https:\/\/lacasadelflamencosevilla.com\/fr\/artista\/agueda-saavedra-2\/","url":"https:\/\/lacasadelflamencosevilla.com\/fr\/artista\/agueda-saavedra-2\/","name":"\u00c1gueda Saavedra - La Casa del Flamenco","isPartOf":{"@id":"https:\/\/lacasadelflamencosevilla.com\/fr\/#website"},"primaryImageOfPage":{"@id":"https:\/\/lacasadelflamencosevilla.com\/fr\/artista\/agueda-saavedra-2\/#primaryimage"},"image":{"@id":"https:\/\/lacasadelflamencosevilla.com\/fr\/artista\/agueda-saavedra-2\/#primaryimage"},"thumbnailUrl":"https:\/\/lacasadelflamencosevilla.com\/wp-content\/uploads\/2023\/01\/agueda_saavedra_lacasadelflamencosevilla.jpg","datePublished":"2023-08-03T19:41:59+00:00","dateModified":"2025-02-07T13:27:49+00:00","breadcrumb":{"@id":"https:\/\/lacasadelflamencosevilla.com\/fr\/artista\/agueda-saavedra-2\/#breadcrumb"},"inLanguage":"fr-FR","potentialAction":[{"@type":"ReadAction","target":["https:\/\/lacasadelflamencosevilla.com\/fr\/artista\/agueda-saavedra-2\/"]}]},{"@type":"ImageObject","inLanguage":"fr-FR","@id":"https:\/\/lacasadelflamencosevilla.com\/fr\/artista\/agueda-saavedra-2\/#primaryimage","url":"https:\/\/lacasadelflamencosevilla.com\/wp-content\/uploads\/2023\/01\/agueda_saavedra_lacasadelflamencosevilla.jpg","contentUrl":"https:\/\/lacasadelflamencosevilla.com\/wp-content\/uploads\/2023\/01\/agueda_saavedra_lacasadelflamencosevilla.jpg","width":2560,"height":2560},{"@type":"BreadcrumbList","@id":"https:\/\/lacasadelflamencosevilla.com\/fr\/artista\/agueda-saavedra-2\/#breadcrumb","itemListElement":[{"@type":"ListItem","position":1,"name":"Portada","item":"https:\/\/lacasadelflamencosevilla.com\/fr\/"},{"@type":"ListItem","position":2,"name":"\u00c1gueda Saavedra"}]},{"@type":"WebSite","@id":"https:\/\/lacasadelflamencosevilla.com\/fr\/#website","url":"https:\/\/lacasadelflamencosevilla.com\/fr\/","name":"La Casa del Flamenco","description":"","publisher":{"@id":"https:\/\/lacasadelflamencosevilla.com\/fr\/#organization"},"potentialAction":[{"@type":"SearchAction","target":{"@type":"EntryPoint","urlTemplate":"https:\/\/lacasadelflamencosevilla.com\/fr\/?s={search_term_string}"},"query-input":{"@type":"PropertyValueSpecification","valueRequired":true,"valueName":"search_term_string"}}],"inLanguage":"fr-FR"},{"@type":"Organization","@id":"https:\/\/lacasadelflamencosevilla.com\/fr\/#organization","name":"La Casa del Flamenco | Sevilla","alternateName":"La Casa del Flamenco","url":"https:\/\/lacasadelflamencosevilla.com\/fr\/","logo":{"@type":"ImageObject","inLanguage":"fr-FR","@id":"https:\/\/lacasadelflamencosevilla.com\/fr\/#\/schema\/logo\/image\/","url":"https:\/\/lacasadelflamencosevilla.com\/wp-content\/uploads\/2020\/04\/logo-la-casa-del-flamenco.png","contentUrl":"https:\/\/lacasadelflamencosevilla.com\/wp-content\/uploads\/2020\/04\/logo-la-casa-del-flamenco.png","width":134,"height":188,"caption":"La Casa del Flamenco | Sevilla"},"image":{"@id":"https:\/\/lacasadelflamencosevilla.com\/fr\/#\/schema\/logo\/image\/"},"sameAs":["https:\/\/www.facebook.com\/LaCasaDelFlamenco","https:\/\/x.com\/CasadelFlamenco","https:\/\/www.instagram.com\/lacasadelflamenco"]}]}},"_links":{"self":[{"href":"https:\/\/lacasadelflamencosevilla.com\/fr\/wp-json\/wp\/v2\/artista\/11743","targetHints":{"allow":["GET"]}}],"collection":[{"href":"https:\/\/lacasadelflamencosevilla.com\/fr\/wp-json\/wp\/v2\/artista"}],"about":[{"href":"https:\/\/lacasadelflamencosevilla.com\/fr\/wp-json\/wp\/v2\/types\/artista"}],"wp:featuredmedia":[{"embeddable":true,"href":"https:\/\/lacasadelflamencosevilla.com\/fr\/wp-json\/wp\/v2\/media\/15899"}],"wp:attachment":[{"href":"https:\/\/lacasadelflamencosevilla.com\/fr\/wp-json\/wp\/v2\/media?parent=11743"}],"wp:term":[{"taxonomy":"disciplina","embeddable":true,"href":"https:\/\/lacasadelflamencosevilla.com\/fr\/wp-json\/wp\/v2\/disciplina?post=11743"}],"curies":[{"name":"wp","href":"https:\/\/api.w.org\/{rel}","templated":true}]}}