{"id":11732,"date":"2023-08-03T20:11:47","date_gmt":"2023-08-03T18:11:47","guid":{"rendered":"https:\/\/lacasadelflamencosevilla.com\/?post_type=artista&#038;p=11732"},"modified":"2023-08-03T20:14:05","modified_gmt":"2023-08-03T18:14:05","slug":"laura-santamaria","status":"publish","type":"artista","link":"https:\/\/lacasadelflamencosevilla.com\/fr\/artista\/laura-santamaria\/","title":{"rendered":"Laura Santamar\u00eda"},"content":{"rendered":"<p>Laura est n\u00e9e parmis des artistes, elle s\u2019est entra\u00een\u00e9e depuis un tr\u00e8s je\u00fbne \u00e2ge avec des artistes renomm\u00e9s tel que Matilde Coral, Israel Galv\u00e1n, Milagros Meng\u00edbar, Rafael Campallo, ou Farruquillo parmis tant d\u2019autres.<\/p>\n<p>Laura a plusieurs prix et r\u00e9compenses soutenant sa carri\u00e8re, tel que son premier prix \u00e0 \u201cJ\u00f3venes Flamencos de Calasparra\u201d, troisi\u00e8me place pour \u201calegr\u00edas\u201d au \u201cLa Perla de C\u00e1diz\u201d concours,\u00a0 deuxi\u00e8me prix pour la\u201cFederaci\u00f3n de Pe\u00f1as flamencas de Sevilla\u201d, et deuxi\u00e8me prix au \u201cConcurso Nacional de Ubrique\u201d.<\/p>\n<p>Au cours de sa carri\u00e8re professionelle elle a fait partie de la compagnie de Andr\u00e9s Pe\u00f1a et Pilar Ogalla, ainsi que membre du Ballet Flamenco d\u2019Andalousie, sous la direction de Rafaela Carrasco. Laura a perform\u00e9 dans \u201cLa Memoria del Cante 1922\u201d; Im\u00e1genes, qui a \u00e9t\u00e9 r\u00e9compens\u00e9 avec \u201cGiraldillo\u201d au XVII Bienal de Flamenco pour meilleure performance; et Tierra-Lorca cancionero populaire, qui a re\u00e7u son propre ensemble de danse\u00a0 avec \u201cGiraldillo\u201d au XIX Bienal de Flamenco apr\u00e8s que le jury ai sign\u00e9 pour.<\/p>\n<p>Laura Santamar\u00eda a maintenant cr\u00e9e sa propre compagnie, avec qui elle part en tour en espagne aussi bien qu\u2019\u00e0 l\u2019international. Elle est donc aussi tr\u00e8s connue pour son r\u00f4le d\u2019instructrice a l\u00b4\u00e9cole \u201cEstudio Flamenco\u201d et la fondation de Cristina Heeren.<\/p>\n<p>Son style caract\u00e9ristique met en valeur ses performances avec le \u201cbata de cola\u201d et castanets, tr\u00e8s typique de la tradition Sevillane, m\u00eame si ses racines sont ent\u00e9rr\u00e9es profondes dans la tradition. La m\u00e9thode de Laura laisse pleins de place pour l\u2019innovation, repr\u00e9sentant sa g\u00e9n\u00e9ration.<\/p>\n","protected":false},"featured_media":11735,"template":"","disciplina":[28],"class_list":["post-11732","artista","type-artista","status-publish","has-post-thumbnail","hentry","disciplina-danse"],"acf":[],"yoast_head":"<!-- This site is optimized with the Yoast SEO plugin v27.4 - https:\/\/yoast.com\/product\/yoast-seo-wordpress\/ -->\n<title>Laura Santamar\u00eda - La Casa del Flamenco<\/title>\n<meta name=\"robots\" content=\"index, follow, max-snippet:-1, max-image-preview:large, max-video-preview:-1\" \/>\n<link rel=\"canonical\" href=\"https:\/\/lacasadelflamencosevilla.com\/fr\/artista\/laura-santamaria\/\" \/>\n<meta property=\"og:locale\" content=\"fr_FR\" \/>\n<meta property=\"og:type\" content=\"article\" \/>\n<meta property=\"og:title\" content=\"Laura Santamar\u00eda - La Casa del Flamenco\" \/>\n<meta property=\"og:description\" content=\"Laura est n\u00e9e parmis des artistes, elle s\u2019est entra\u00een\u00e9e depuis un tr\u00e8s je\u00fbne \u00e2ge avec des artistes renomm\u00e9s tel que Matilde Coral, Israel Galv\u00e1n, Milagros Meng\u00edbar, Rafael Campallo, ou Farruquillo parmis tant d\u2019autres. Laura a plusieurs prix et r\u00e9compenses soutenant sa carri\u00e8re, tel que son premier prix \u00e0 \u201cJ\u00f3venes Flamencos de Calasparra\u201d, troisi\u00e8me place pour ... Lire la suite\" \/>\n<meta property=\"og:url\" content=\"https:\/\/lacasadelflamencosevilla.com\/fr\/artista\/laura-santamaria\/\" \/>\n<meta property=\"og:site_name\" content=\"La Casa del Flamenco\" \/>\n<meta property=\"article:publisher\" content=\"https:\/\/www.facebook.com\/LaCasaDelFlamenco\" \/>\n<meta property=\"article:modified_time\" content=\"2023-08-03T18:14:05+00:00\" \/>\n<meta property=\"og:image\" content=\"https:\/\/lacasadelflamencosevilla.com\/wp-content\/uploads\/2022\/12\/Laura_santamaria_lacasadelflamenco-scaled.jpg\" \/>\n\t<meta property=\"og:image:width\" content=\"2067\" \/>\n\t<meta property=\"og:image:height\" content=\"2560\" \/>\n\t<meta property=\"og:image:type\" content=\"image\/jpeg\" \/>\n<meta name=\"twitter:card\" content=\"summary_large_image\" \/>\n<meta name=\"twitter:site\" content=\"@CasadelFlamenco\" \/>\n<meta name=\"twitter:label1\" content=\"Dur\u00e9e de lecture estim\u00e9e\" \/>\n\t<meta name=\"twitter:data1\" content=\"1 minute\" \/>\n<script type=\"application\/ld+json\" class=\"yoast-schema-graph\">{\"@context\":\"https:\\\/\\\/schema.org\",\"@graph\":[{\"@type\":\"WebPage\",\"@id\":\"https:\\\/\\\/lacasadelflamencosevilla.com\\\/fr\\\/artista\\\/laura-santamaria\\\/\",\"url\":\"https:\\\/\\\/lacasadelflamencosevilla.com\\\/fr\\\/artista\\\/laura-santamaria\\\/\",\"name\":\"Laura Santamar\u00eda - La Casa del Flamenco\",\"isPartOf\":{\"@id\":\"https:\\\/\\\/lacasadelflamencosevilla.com\\\/fr\\\/#website\"},\"primaryImageOfPage\":{\"@id\":\"https:\\\/\\\/lacasadelflamencosevilla.com\\\/fr\\\/artista\\\/laura-santamaria\\\/#primaryimage\"},\"image\":{\"@id\":\"https:\\\/\\\/lacasadelflamencosevilla.com\\\/fr\\\/artista\\\/laura-santamaria\\\/#primaryimage\"},\"thumbnailUrl\":\"https:\\\/\\\/lacasadelflamencosevilla.com\\\/wp-content\\\/uploads\\\/2022\\\/12\\\/Laura_santamaria_lacasadelflamenco.1jpg.jpg\",\"datePublished\":\"2023-08-03T18:11:47+00:00\",\"dateModified\":\"2023-08-03T18:14:05+00:00\",\"breadcrumb\":{\"@id\":\"https:\\\/\\\/lacasadelflamencosevilla.com\\\/fr\\\/artista\\\/laura-santamaria\\\/#breadcrumb\"},\"inLanguage\":\"fr-FR\",\"potentialAction\":[{\"@type\":\"ReadAction\",\"target\":[\"https:\\\/\\\/lacasadelflamencosevilla.com\\\/fr\\\/artista\\\/laura-santamaria\\\/\"]}]},{\"@type\":\"ImageObject\",\"inLanguage\":\"fr-FR\",\"@id\":\"https:\\\/\\\/lacasadelflamencosevilla.com\\\/fr\\\/artista\\\/laura-santamaria\\\/#primaryimage\",\"url\":\"https:\\\/\\\/lacasadelflamencosevilla.com\\\/wp-content\\\/uploads\\\/2022\\\/12\\\/Laura_santamaria_lacasadelflamenco.1jpg.jpg\",\"contentUrl\":\"https:\\\/\\\/lacasadelflamencosevilla.com\\\/wp-content\\\/uploads\\\/2022\\\/12\\\/Laura_santamaria_lacasadelflamenco.1jpg.jpg\",\"width\":2560,\"height\":2560},{\"@type\":\"BreadcrumbList\",\"@id\":\"https:\\\/\\\/lacasadelflamencosevilla.com\\\/fr\\\/artista\\\/laura-santamaria\\\/#breadcrumb\",\"itemListElement\":[{\"@type\":\"ListItem\",\"position\":1,\"name\":\"Portada\",\"item\":\"https:\\\/\\\/lacasadelflamencosevilla.com\\\/fr\\\/\"},{\"@type\":\"ListItem\",\"position\":2,\"name\":\"Laura Santamar\u00eda\"}]},{\"@type\":\"WebSite\",\"@id\":\"https:\\\/\\\/lacasadelflamencosevilla.com\\\/fr\\\/#website\",\"url\":\"https:\\\/\\\/lacasadelflamencosevilla.com\\\/fr\\\/\",\"name\":\"La Casa del Flamenco\",\"description\":\"\",\"publisher\":{\"@id\":\"https:\\\/\\\/lacasadelflamencosevilla.com\\\/fr\\\/#organization\"},\"potentialAction\":[{\"@type\":\"SearchAction\",\"target\":{\"@type\":\"EntryPoint\",\"urlTemplate\":\"https:\\\/\\\/lacasadelflamencosevilla.com\\\/fr\\\/?s={search_term_string}\"},\"query-input\":{\"@type\":\"PropertyValueSpecification\",\"valueRequired\":true,\"valueName\":\"search_term_string\"}}],\"inLanguage\":\"fr-FR\"},{\"@type\":\"Organization\",\"@id\":\"https:\\\/\\\/lacasadelflamencosevilla.com\\\/fr\\\/#organization\",\"name\":\"La Casa del Flamenco | Sevilla\",\"alternateName\":\"La Casa del Flamenco\",\"url\":\"https:\\\/\\\/lacasadelflamencosevilla.com\\\/fr\\\/\",\"logo\":{\"@type\":\"ImageObject\",\"inLanguage\":\"fr-FR\",\"@id\":\"https:\\\/\\\/lacasadelflamencosevilla.com\\\/fr\\\/#\\\/schema\\\/logo\\\/image\\\/\",\"url\":\"https:\\\/\\\/lacasadelflamencosevilla.com\\\/wp-content\\\/uploads\\\/2020\\\/04\\\/logo-la-casa-del-flamenco.png\",\"contentUrl\":\"https:\\\/\\\/lacasadelflamencosevilla.com\\\/wp-content\\\/uploads\\\/2020\\\/04\\\/logo-la-casa-del-flamenco.png\",\"width\":134,\"height\":188,\"caption\":\"La Casa del Flamenco | Sevilla\"},\"image\":{\"@id\":\"https:\\\/\\\/lacasadelflamencosevilla.com\\\/fr\\\/#\\\/schema\\\/logo\\\/image\\\/\"},\"sameAs\":[\"https:\\\/\\\/www.facebook.com\\\/LaCasaDelFlamenco\",\"https:\\\/\\\/x.com\\\/CasadelFlamenco\",\"https:\\\/\\\/www.instagram.com\\\/lacasadelflamenco\"]}]}<\/script>\n<!-- \/ Yoast SEO plugin. -->","yoast_head_json":{"title":"Laura Santamar\u00eda - La Casa del Flamenco","robots":{"index":"index","follow":"follow","max-snippet":"max-snippet:-1","max-image-preview":"max-image-preview:large","max-video-preview":"max-video-preview:-1"},"canonical":"https:\/\/lacasadelflamencosevilla.com\/fr\/artista\/laura-santamaria\/","og_locale":"fr_FR","og_type":"article","og_title":"Laura Santamar\u00eda - La Casa del Flamenco","og_description":"Laura est n\u00e9e parmis des artistes, elle s\u2019est entra\u00een\u00e9e depuis un tr\u00e8s je\u00fbne \u00e2ge avec des artistes renomm\u00e9s tel que Matilde Coral, Israel Galv\u00e1n, Milagros Meng\u00edbar, Rafael Campallo, ou Farruquillo parmis tant d\u2019autres. Laura a plusieurs prix et r\u00e9compenses soutenant sa carri\u00e8re, tel que son premier prix \u00e0 \u201cJ\u00f3venes Flamencos de Calasparra\u201d, troisi\u00e8me place pour ... Lire la suite","og_url":"https:\/\/lacasadelflamencosevilla.com\/fr\/artista\/laura-santamaria\/","og_site_name":"La Casa del Flamenco","article_publisher":"https:\/\/www.facebook.com\/LaCasaDelFlamenco","article_modified_time":"2023-08-03T18:14:05+00:00","og_image":[{"width":2067,"height":2560,"url":"https:\/\/lacasadelflamencosevilla.com\/wp-content\/uploads\/2022\/12\/Laura_santamaria_lacasadelflamenco-scaled.jpg","type":"image\/jpeg"}],"twitter_card":"summary_large_image","twitter_site":"@CasadelFlamenco","twitter_misc":{"Dur\u00e9e de lecture estim\u00e9e":"1 minute"},"schema":{"@context":"https:\/\/schema.org","@graph":[{"@type":"WebPage","@id":"https:\/\/lacasadelflamencosevilla.com\/fr\/artista\/laura-santamaria\/","url":"https:\/\/lacasadelflamencosevilla.com\/fr\/artista\/laura-santamaria\/","name":"Laura Santamar\u00eda - La Casa del Flamenco","isPartOf":{"@id":"https:\/\/lacasadelflamencosevilla.com\/fr\/#website"},"primaryImageOfPage":{"@id":"https:\/\/lacasadelflamencosevilla.com\/fr\/artista\/laura-santamaria\/#primaryimage"},"image":{"@id":"https:\/\/lacasadelflamencosevilla.com\/fr\/artista\/laura-santamaria\/#primaryimage"},"thumbnailUrl":"https:\/\/lacasadelflamencosevilla.com\/wp-content\/uploads\/2022\/12\/Laura_santamaria_lacasadelflamenco.1jpg.jpg","datePublished":"2023-08-03T18:11:47+00:00","dateModified":"2023-08-03T18:14:05+00:00","breadcrumb":{"@id":"https:\/\/lacasadelflamencosevilla.com\/fr\/artista\/laura-santamaria\/#breadcrumb"},"inLanguage":"fr-FR","potentialAction":[{"@type":"ReadAction","target":["https:\/\/lacasadelflamencosevilla.com\/fr\/artista\/laura-santamaria\/"]}]},{"@type":"ImageObject","inLanguage":"fr-FR","@id":"https:\/\/lacasadelflamencosevilla.com\/fr\/artista\/laura-santamaria\/#primaryimage","url":"https:\/\/lacasadelflamencosevilla.com\/wp-content\/uploads\/2022\/12\/Laura_santamaria_lacasadelflamenco.1jpg.jpg","contentUrl":"https:\/\/lacasadelflamencosevilla.com\/wp-content\/uploads\/2022\/12\/Laura_santamaria_lacasadelflamenco.1jpg.jpg","width":2560,"height":2560},{"@type":"BreadcrumbList","@id":"https:\/\/lacasadelflamencosevilla.com\/fr\/artista\/laura-santamaria\/#breadcrumb","itemListElement":[{"@type":"ListItem","position":1,"name":"Portada","item":"https:\/\/lacasadelflamencosevilla.com\/fr\/"},{"@type":"ListItem","position":2,"name":"Laura Santamar\u00eda"}]},{"@type":"WebSite","@id":"https:\/\/lacasadelflamencosevilla.com\/fr\/#website","url":"https:\/\/lacasadelflamencosevilla.com\/fr\/","name":"La Casa del Flamenco","description":"","publisher":{"@id":"https:\/\/lacasadelflamencosevilla.com\/fr\/#organization"},"potentialAction":[{"@type":"SearchAction","target":{"@type":"EntryPoint","urlTemplate":"https:\/\/lacasadelflamencosevilla.com\/fr\/?s={search_term_string}"},"query-input":{"@type":"PropertyValueSpecification","valueRequired":true,"valueName":"search_term_string"}}],"inLanguage":"fr-FR"},{"@type":"Organization","@id":"https:\/\/lacasadelflamencosevilla.com\/fr\/#organization","name":"La Casa del Flamenco | Sevilla","alternateName":"La Casa del Flamenco","url":"https:\/\/lacasadelflamencosevilla.com\/fr\/","logo":{"@type":"ImageObject","inLanguage":"fr-FR","@id":"https:\/\/lacasadelflamencosevilla.com\/fr\/#\/schema\/logo\/image\/","url":"https:\/\/lacasadelflamencosevilla.com\/wp-content\/uploads\/2020\/04\/logo-la-casa-del-flamenco.png","contentUrl":"https:\/\/lacasadelflamencosevilla.com\/wp-content\/uploads\/2020\/04\/logo-la-casa-del-flamenco.png","width":134,"height":188,"caption":"La Casa del Flamenco | Sevilla"},"image":{"@id":"https:\/\/lacasadelflamencosevilla.com\/fr\/#\/schema\/logo\/image\/"},"sameAs":["https:\/\/www.facebook.com\/LaCasaDelFlamenco","https:\/\/x.com\/CasadelFlamenco","https:\/\/www.instagram.com\/lacasadelflamenco"]}]}},"_links":{"self":[{"href":"https:\/\/lacasadelflamencosevilla.com\/fr\/wp-json\/wp\/v2\/artista\/11732","targetHints":{"allow":["GET"]}}],"collection":[{"href":"https:\/\/lacasadelflamencosevilla.com\/fr\/wp-json\/wp\/v2\/artista"}],"about":[{"href":"https:\/\/lacasadelflamencosevilla.com\/fr\/wp-json\/wp\/v2\/types\/artista"}],"wp:featuredmedia":[{"embeddable":true,"href":"https:\/\/lacasadelflamencosevilla.com\/fr\/wp-json\/wp\/v2\/media\/11735"}],"wp:attachment":[{"href":"https:\/\/lacasadelflamencosevilla.com\/fr\/wp-json\/wp\/v2\/media?parent=11732"}],"wp:term":[{"taxonomy":"disciplina","embeddable":true,"href":"https:\/\/lacasadelflamencosevilla.com\/fr\/wp-json\/wp\/v2\/disciplina?post=11732"}],"curies":[{"name":"wp","href":"https:\/\/api.w.org\/{rel}","templated":true}]}}