{"id":11731,"date":"2023-08-03T19:54:15","date_gmt":"2023-08-03T17:54:15","guid":{"rendered":"https:\/\/lacasadelflamencosevilla.com\/?post_type=artista&#038;p=11731"},"modified":"2025-02-07T15:49:01","modified_gmt":"2025-02-07T14:49:01","slug":"ramon-amador","status":"publish","type":"artista","link":"https:\/\/lacasadelflamencosevilla.com\/fr\/artista\/ramon-amador\/","title":{"rendered":"Ram\u00f3n Amador"},"content":{"rendered":"<p>Ram\u00f3n appartient \u00e0 la fameuse famille de flamenco \u201dAmador\u201d. Il a h\u00e9rit\u00e9 d\u2019une d\u00e9votion pour \u201ctoque\u201d et \u201ccante\u201d de son p\u00e8re et de son nom de famille, le grand guitariste Ram\u00f3n Amador.<\/p>\n<p>Au je\u00fbne \u00e2ge de 12ans il se d\u00e9marque dans la performance \u201cSalvia Nueva\u201d , aux cot\u00e9s de Angelita Vargas et \u201cEl Bobote\u201d.<\/p>\n<p>A 14ans, Ram\u00f3n d\u00e9bute sa carri\u00e8re professionelle dans le plus prestigieux des \u201ctablaos\u201d les deux \u00e0 l\u2019international et aussi en Espagne. Il performe aupr\u00e8s de tr\u00e8s importantes compagnies de flamenco, tel que Eva la Yerbabuena\u2019s, Cristina Hoyos\u2019et le \u201cBallet Flamenco de Andaluc\u00eda\u201d o\u00f9 il participera dans les fonctions de \u201cRomancero gitano\u201d, \u201cPoema del Cante Jondo\u201d and \u201cViaje al Sur\u201d.<\/p>\n<p>C\u2019est un artiste r\u00e9guli\u00e9 pour diff\u00e9rents Artistes reconnus tel que \u201cFarruquito\u201d, Enrique \u201cEl Extreme\u00f1o\u201d, Juan de Juan, Susana Casas, \u201cEl Junco\u201d, et\u201cLa Pi\u00f1ona\u201d et aupr\u00e8s de tant d\u2019autres. Ces artistes se fient \u00e0 Ram\u00f3n pour leurs performances respectives, agir en tant qu\u2019unit\u00e9 \u00e0 travers le \u201cBienal de Flamenco de Sevilla\u201d aussi bien que sur la sc\u00e8ne international.<\/p>\n","protected":false},"featured_media":16752,"template":"","disciplina":[32],"class_list":["post-11731","artista","type-artista","status-publish","has-post-thumbnail","hentry","disciplina-guitare"],"acf":[],"yoast_head":"<!-- This site is optimized with the Yoast SEO plugin v27.4 - https:\/\/yoast.com\/product\/yoast-seo-wordpress\/ -->\n<title>Ram\u00f3n Amador - La Casa del Flamenco<\/title>\n<meta name=\"robots\" content=\"index, follow, max-snippet:-1, max-image-preview:large, max-video-preview:-1\" \/>\n<link rel=\"canonical\" href=\"https:\/\/lacasadelflamencosevilla.com\/fr\/artista\/ramon-amador\/\" \/>\n<meta property=\"og:locale\" content=\"fr_FR\" \/>\n<meta property=\"og:type\" content=\"article\" \/>\n<meta property=\"og:title\" content=\"Ram\u00f3n Amador - La Casa del Flamenco\" \/>\n<meta property=\"og:description\" content=\"Ram\u00f3n appartient \u00e0 la fameuse famille de flamenco \u201dAmador\u201d. Il a h\u00e9rit\u00e9 d\u2019une d\u00e9votion pour \u201ctoque\u201d et \u201ccante\u201d de son p\u00e8re et de son nom de famille, le grand guitariste Ram\u00f3n Amador. Au je\u00fbne \u00e2ge de 12ans il se d\u00e9marque dans la performance \u201cSalvia Nueva\u201d , aux cot\u00e9s de Angelita Vargas et \u201cEl Bobote\u201d. A ... Lire la suite\" \/>\n<meta property=\"og:url\" content=\"https:\/\/lacasadelflamencosevilla.com\/fr\/artista\/ramon-amador\/\" \/>\n<meta property=\"og:site_name\" content=\"La Casa del Flamenco\" \/>\n<meta property=\"article:publisher\" content=\"https:\/\/www.facebook.com\/LaCasaDelFlamenco\" \/>\n<meta property=\"article:modified_time\" content=\"2025-02-07T14:49:01+00:00\" \/>\n<meta property=\"og:image\" content=\"https:\/\/lacasadelflamencosevilla.com\/wp-content\/uploads\/2023\/01\/ramonamadorlacasadelflamencosevilla.jpg\" \/>\n\t<meta property=\"og:image:width\" content=\"2560\" \/>\n\t<meta property=\"og:image:height\" content=\"2560\" \/>\n\t<meta property=\"og:image:type\" content=\"image\/jpeg\" \/>\n<meta name=\"twitter:card\" content=\"summary_large_image\" \/>\n<meta name=\"twitter:site\" content=\"@CasadelFlamenco\" \/>\n<meta name=\"twitter:label1\" content=\"Dur\u00e9e de lecture estim\u00e9e\" \/>\n\t<meta name=\"twitter:data1\" content=\"1 minute\" \/>\n<script type=\"application\/ld+json\" class=\"yoast-schema-graph\">{\"@context\":\"https:\\\/\\\/schema.org\",\"@graph\":[{\"@type\":\"WebPage\",\"@id\":\"https:\\\/\\\/lacasadelflamencosevilla.com\\\/fr\\\/artista\\\/ramon-amador\\\/\",\"url\":\"https:\\\/\\\/lacasadelflamencosevilla.com\\\/fr\\\/artista\\\/ramon-amador\\\/\",\"name\":\"Ram\u00f3n Amador - La Casa del Flamenco\",\"isPartOf\":{\"@id\":\"https:\\\/\\\/lacasadelflamencosevilla.com\\\/fr\\\/#website\"},\"primaryImageOfPage\":{\"@id\":\"https:\\\/\\\/lacasadelflamencosevilla.com\\\/fr\\\/artista\\\/ramon-amador\\\/#primaryimage\"},\"image\":{\"@id\":\"https:\\\/\\\/lacasadelflamencosevilla.com\\\/fr\\\/artista\\\/ramon-amador\\\/#primaryimage\"},\"thumbnailUrl\":\"https:\\\/\\\/lacasadelflamencosevilla.com\\\/wp-content\\\/uploads\\\/2023\\\/01\\\/ramonamadorlacasadelflamencosevilla.jpg\",\"datePublished\":\"2023-08-03T17:54:15+00:00\",\"dateModified\":\"2025-02-07T14:49:01+00:00\",\"breadcrumb\":{\"@id\":\"https:\\\/\\\/lacasadelflamencosevilla.com\\\/fr\\\/artista\\\/ramon-amador\\\/#breadcrumb\"},\"inLanguage\":\"fr-FR\",\"potentialAction\":[{\"@type\":\"ReadAction\",\"target\":[\"https:\\\/\\\/lacasadelflamencosevilla.com\\\/fr\\\/artista\\\/ramon-amador\\\/\"]}]},{\"@type\":\"ImageObject\",\"inLanguage\":\"fr-FR\",\"@id\":\"https:\\\/\\\/lacasadelflamencosevilla.com\\\/fr\\\/artista\\\/ramon-amador\\\/#primaryimage\",\"url\":\"https:\\\/\\\/lacasadelflamencosevilla.com\\\/wp-content\\\/uploads\\\/2023\\\/01\\\/ramonamadorlacasadelflamencosevilla.jpg\",\"contentUrl\":\"https:\\\/\\\/lacasadelflamencosevilla.com\\\/wp-content\\\/uploads\\\/2023\\\/01\\\/ramonamadorlacasadelflamencosevilla.jpg\",\"width\":2560,\"height\":2560},{\"@type\":\"BreadcrumbList\",\"@id\":\"https:\\\/\\\/lacasadelflamencosevilla.com\\\/fr\\\/artista\\\/ramon-amador\\\/#breadcrumb\",\"itemListElement\":[{\"@type\":\"ListItem\",\"position\":1,\"name\":\"Portada\",\"item\":\"https:\\\/\\\/lacasadelflamencosevilla.com\\\/fr\\\/\"},{\"@type\":\"ListItem\",\"position\":2,\"name\":\"Ram\u00f3n Amador\"}]},{\"@type\":\"WebSite\",\"@id\":\"https:\\\/\\\/lacasadelflamencosevilla.com\\\/fr\\\/#website\",\"url\":\"https:\\\/\\\/lacasadelflamencosevilla.com\\\/fr\\\/\",\"name\":\"La Casa del Flamenco\",\"description\":\"\",\"publisher\":{\"@id\":\"https:\\\/\\\/lacasadelflamencosevilla.com\\\/fr\\\/#organization\"},\"potentialAction\":[{\"@type\":\"SearchAction\",\"target\":{\"@type\":\"EntryPoint\",\"urlTemplate\":\"https:\\\/\\\/lacasadelflamencosevilla.com\\\/fr\\\/?s={search_term_string}\"},\"query-input\":{\"@type\":\"PropertyValueSpecification\",\"valueRequired\":true,\"valueName\":\"search_term_string\"}}],\"inLanguage\":\"fr-FR\"},{\"@type\":\"Organization\",\"@id\":\"https:\\\/\\\/lacasadelflamencosevilla.com\\\/fr\\\/#organization\",\"name\":\"La Casa del Flamenco | Sevilla\",\"alternateName\":\"La Casa del Flamenco\",\"url\":\"https:\\\/\\\/lacasadelflamencosevilla.com\\\/fr\\\/\",\"logo\":{\"@type\":\"ImageObject\",\"inLanguage\":\"fr-FR\",\"@id\":\"https:\\\/\\\/lacasadelflamencosevilla.com\\\/fr\\\/#\\\/schema\\\/logo\\\/image\\\/\",\"url\":\"https:\\\/\\\/lacasadelflamencosevilla.com\\\/wp-content\\\/uploads\\\/2020\\\/04\\\/logo-la-casa-del-flamenco.png\",\"contentUrl\":\"https:\\\/\\\/lacasadelflamencosevilla.com\\\/wp-content\\\/uploads\\\/2020\\\/04\\\/logo-la-casa-del-flamenco.png\",\"width\":134,\"height\":188,\"caption\":\"La Casa del Flamenco | Sevilla\"},\"image\":{\"@id\":\"https:\\\/\\\/lacasadelflamencosevilla.com\\\/fr\\\/#\\\/schema\\\/logo\\\/image\\\/\"},\"sameAs\":[\"https:\\\/\\\/www.facebook.com\\\/LaCasaDelFlamenco\",\"https:\\\/\\\/x.com\\\/CasadelFlamenco\",\"https:\\\/\\\/www.instagram.com\\\/lacasadelflamenco\"]}]}<\/script>\n<!-- \/ Yoast SEO plugin. -->","yoast_head_json":{"title":"Ram\u00f3n Amador - La Casa del Flamenco","robots":{"index":"index","follow":"follow","max-snippet":"max-snippet:-1","max-image-preview":"max-image-preview:large","max-video-preview":"max-video-preview:-1"},"canonical":"https:\/\/lacasadelflamencosevilla.com\/fr\/artista\/ramon-amador\/","og_locale":"fr_FR","og_type":"article","og_title":"Ram\u00f3n Amador - La Casa del Flamenco","og_description":"Ram\u00f3n appartient \u00e0 la fameuse famille de flamenco \u201dAmador\u201d. Il a h\u00e9rit\u00e9 d\u2019une d\u00e9votion pour \u201ctoque\u201d et \u201ccante\u201d de son p\u00e8re et de son nom de famille, le grand guitariste Ram\u00f3n Amador. Au je\u00fbne \u00e2ge de 12ans il se d\u00e9marque dans la performance \u201cSalvia Nueva\u201d , aux cot\u00e9s de Angelita Vargas et \u201cEl Bobote\u201d. A ... Lire la suite","og_url":"https:\/\/lacasadelflamencosevilla.com\/fr\/artista\/ramon-amador\/","og_site_name":"La Casa del Flamenco","article_publisher":"https:\/\/www.facebook.com\/LaCasaDelFlamenco","article_modified_time":"2025-02-07T14:49:01+00:00","og_image":[{"width":2560,"height":2560,"url":"https:\/\/lacasadelflamencosevilla.com\/wp-content\/uploads\/2023\/01\/ramonamadorlacasadelflamencosevilla.jpg","type":"image\/jpeg"}],"twitter_card":"summary_large_image","twitter_site":"@CasadelFlamenco","twitter_misc":{"Dur\u00e9e de lecture estim\u00e9e":"1 minute"},"schema":{"@context":"https:\/\/schema.org","@graph":[{"@type":"WebPage","@id":"https:\/\/lacasadelflamencosevilla.com\/fr\/artista\/ramon-amador\/","url":"https:\/\/lacasadelflamencosevilla.com\/fr\/artista\/ramon-amador\/","name":"Ram\u00f3n Amador - La Casa del Flamenco","isPartOf":{"@id":"https:\/\/lacasadelflamencosevilla.com\/fr\/#website"},"primaryImageOfPage":{"@id":"https:\/\/lacasadelflamencosevilla.com\/fr\/artista\/ramon-amador\/#primaryimage"},"image":{"@id":"https:\/\/lacasadelflamencosevilla.com\/fr\/artista\/ramon-amador\/#primaryimage"},"thumbnailUrl":"https:\/\/lacasadelflamencosevilla.com\/wp-content\/uploads\/2023\/01\/ramonamadorlacasadelflamencosevilla.jpg","datePublished":"2023-08-03T17:54:15+00:00","dateModified":"2025-02-07T14:49:01+00:00","breadcrumb":{"@id":"https:\/\/lacasadelflamencosevilla.com\/fr\/artista\/ramon-amador\/#breadcrumb"},"inLanguage":"fr-FR","potentialAction":[{"@type":"ReadAction","target":["https:\/\/lacasadelflamencosevilla.com\/fr\/artista\/ramon-amador\/"]}]},{"@type":"ImageObject","inLanguage":"fr-FR","@id":"https:\/\/lacasadelflamencosevilla.com\/fr\/artista\/ramon-amador\/#primaryimage","url":"https:\/\/lacasadelflamencosevilla.com\/wp-content\/uploads\/2023\/01\/ramonamadorlacasadelflamencosevilla.jpg","contentUrl":"https:\/\/lacasadelflamencosevilla.com\/wp-content\/uploads\/2023\/01\/ramonamadorlacasadelflamencosevilla.jpg","width":2560,"height":2560},{"@type":"BreadcrumbList","@id":"https:\/\/lacasadelflamencosevilla.com\/fr\/artista\/ramon-amador\/#breadcrumb","itemListElement":[{"@type":"ListItem","position":1,"name":"Portada","item":"https:\/\/lacasadelflamencosevilla.com\/fr\/"},{"@type":"ListItem","position":2,"name":"Ram\u00f3n Amador"}]},{"@type":"WebSite","@id":"https:\/\/lacasadelflamencosevilla.com\/fr\/#website","url":"https:\/\/lacasadelflamencosevilla.com\/fr\/","name":"La Casa del Flamenco","description":"","publisher":{"@id":"https:\/\/lacasadelflamencosevilla.com\/fr\/#organization"},"potentialAction":[{"@type":"SearchAction","target":{"@type":"EntryPoint","urlTemplate":"https:\/\/lacasadelflamencosevilla.com\/fr\/?s={search_term_string}"},"query-input":{"@type":"PropertyValueSpecification","valueRequired":true,"valueName":"search_term_string"}}],"inLanguage":"fr-FR"},{"@type":"Organization","@id":"https:\/\/lacasadelflamencosevilla.com\/fr\/#organization","name":"La Casa del Flamenco | Sevilla","alternateName":"La Casa del Flamenco","url":"https:\/\/lacasadelflamencosevilla.com\/fr\/","logo":{"@type":"ImageObject","inLanguage":"fr-FR","@id":"https:\/\/lacasadelflamencosevilla.com\/fr\/#\/schema\/logo\/image\/","url":"https:\/\/lacasadelflamencosevilla.com\/wp-content\/uploads\/2020\/04\/logo-la-casa-del-flamenco.png","contentUrl":"https:\/\/lacasadelflamencosevilla.com\/wp-content\/uploads\/2020\/04\/logo-la-casa-del-flamenco.png","width":134,"height":188,"caption":"La Casa del Flamenco | Sevilla"},"image":{"@id":"https:\/\/lacasadelflamencosevilla.com\/fr\/#\/schema\/logo\/image\/"},"sameAs":["https:\/\/www.facebook.com\/LaCasaDelFlamenco","https:\/\/x.com\/CasadelFlamenco","https:\/\/www.instagram.com\/lacasadelflamenco"]}]}},"_links":{"self":[{"href":"https:\/\/lacasadelflamencosevilla.com\/fr\/wp-json\/wp\/v2\/artista\/11731","targetHints":{"allow":["GET"]}}],"collection":[{"href":"https:\/\/lacasadelflamencosevilla.com\/fr\/wp-json\/wp\/v2\/artista"}],"about":[{"href":"https:\/\/lacasadelflamencosevilla.com\/fr\/wp-json\/wp\/v2\/types\/artista"}],"wp:featuredmedia":[{"embeddable":true,"href":"https:\/\/lacasadelflamencosevilla.com\/fr\/wp-json\/wp\/v2\/media\/16752"}],"wp:attachment":[{"href":"https:\/\/lacasadelflamencosevilla.com\/fr\/wp-json\/wp\/v2\/media?parent=11731"}],"wp:term":[{"taxonomy":"disciplina","embeddable":true,"href":"https:\/\/lacasadelflamencosevilla.com\/fr\/wp-json\/wp\/v2\/disciplina?post=11731"}],"curies":[{"name":"wp","href":"https:\/\/api.w.org\/{rel}","templated":true}]}}