{"version":"1.0","provider_name":"La Casa del Flamenco","provider_url":"https:\/\/lacasadelflamencosevilla.com\/fr\/","author_name":"La Casa del Flamenco","author_url":"https:\/\/lacasadelflamencosevilla.com\/fr\/author\/0707a953d2\/","title":"Reyes Mart\u00edn - La Casa del Flamenco","type":"rich","width":600,"height":338,"html":"<blockquote class=\"wp-embedded-content\" data-secret=\"jIMv62riL3\"><a href=\"https:\/\/lacasadelflamencosevilla.com\/fr\/artista\/reyes-martin\/\">Reyes Mart\u00edn<\/a><\/blockquote><iframe sandbox=\"allow-scripts\" security=\"restricted\" src=\"https:\/\/lacasadelflamencosevilla.com\/fr\/artista\/reyes-martin\/embed\/#?secret=jIMv62riL3\" width=\"600\" height=\"338\" title=\"\u00ab\u00a0Reyes Mart\u00edn\u00a0\u00bb &#8212; La Casa del Flamenco\" data-secret=\"jIMv62riL3\" frameborder=\"0\" marginwidth=\"0\" marginheight=\"0\" scrolling=\"no\" class=\"wp-embedded-content\"><\/iframe><script>\n\/*! This file is auto-generated *\/\n!function(d,l){\"use strict\";l.querySelector&&d.addEventListener&&\"undefined\"!=typeof URL&&(d.wp=d.wp||{},d.wp.receiveEmbedMessage||(d.wp.receiveEmbedMessage=function(e){var t=e.data;if((t||t.secret||t.message||t.value)&&!\/[^a-zA-Z0-9]\/.test(t.secret)){for(var s,r,n,a=l.querySelectorAll('iframe[data-secret=\"'+t.secret+'\"]'),o=l.querySelectorAll('blockquote[data-secret=\"'+t.secret+'\"]'),c=new RegExp(\"^https?:$\",\"i\"),i=0;i<o.length;i++)o[i].style.display=\"none\";for(i=0;i<a.length;i++)s=a[i],e.source===s.contentWindow&&(s.removeAttribute(\"style\"),\"height\"===t.message?(1e3<(r=parseInt(t.value,10))?r=1e3:~~r<200&&(r=200),s.height=r):\"link\"===t.message&&(r=new URL(s.getAttribute(\"src\")),n=new URL(t.value),c.test(n.protocol))&&n.host===r.host&&l.activeElement===s&&(d.top.location.href=t.value))}},d.addEventListener(\"message\",d.wp.receiveEmbedMessage,!1),l.addEventListener(\"DOMContentLoaded\",function(){for(var e,t,s=l.querySelectorAll(\"iframe.wp-embedded-content\"),r=0;r<s.length;r++)(t=(e=s[r]).getAttribute(\"data-secret\"))||(t=Math.random().toString(36).substring(2,12),e.src+=\"#?secret=\"+t,e.setAttribute(\"data-secret\",t)),e.contentWindow.postMessage({message:\"ready\",secret:t},\"*\")},!1)))}(window,document);\n\/\/# sourceURL=https:\/\/lacasadelflamencosevilla.com\/wp-includes\/js\/wp-embed.min.js\n<\/script>\n","thumbnail_url":"https:\/\/lacasadelflamencosevilla.com\/wp-content\/uploads\/2021\/07\/Reyes_Martin_cante-1-scaled.jpg","thumbnail_width":2391,"thumbnail_height":2560,"description":"Elle est n\u00e9e \u00e0 Cadiz, o\u00f9 elle commence dans le monde du flamenco \u00e0 l\u2019\u00e2ge de 9 ans en faisant partie de la troupe de flamenco \u201cLa Perla de C\u00e1diz\u201d. \u00c0 l\u2019\u00e2ge de 14 ans elle commence \u00e0 travailler \u00e0 Madrid dans le mythique tablao \u201cLa Venta el Gato\u201d, o\u00f9 elle partageait l\u2019affiche avec des ... Lire la suite"}