{"version":"1.0","provider_name":"La Casa del Flamenco","provider_url":"https:\/\/lacasadelflamencosevilla.com\/fr\/","author_name":"La Casa del Flamenco","author_url":"https:\/\/lacasadelflamencosevilla.com\/fr\/author\/0707a953d2\/","title":"Ram\u00f3n Amador - La Casa del Flamenco","type":"rich","width":600,"height":338,"html":"<blockquote class=\"wp-embedded-content\" data-secret=\"Z5rpILnh3z\"><a href=\"https:\/\/lacasadelflamencosevilla.com\/fr\/artista\/ramon-amador\/\">Ram\u00f3n Amador<\/a><\/blockquote><iframe sandbox=\"allow-scripts\" security=\"restricted\" src=\"https:\/\/lacasadelflamencosevilla.com\/fr\/artista\/ramon-amador\/embed\/#?secret=Z5rpILnh3z\" width=\"600\" height=\"338\" title=\"\u00ab\u00a0Ram\u00f3n Amador\u00a0\u00bb &#8212; La Casa del Flamenco\" data-secret=\"Z5rpILnh3z\" frameborder=\"0\" marginwidth=\"0\" marginheight=\"0\" scrolling=\"no\" class=\"wp-embedded-content\"><\/iframe><script>\n\/*! This file is auto-generated *\/\n!function(d,l){\"use strict\";l.querySelector&&d.addEventListener&&\"undefined\"!=typeof URL&&(d.wp=d.wp||{},d.wp.receiveEmbedMessage||(d.wp.receiveEmbedMessage=function(e){var t=e.data;if((t||t.secret||t.message||t.value)&&!\/[^a-zA-Z0-9]\/.test(t.secret)){for(var s,r,n,a=l.querySelectorAll('iframe[data-secret=\"'+t.secret+'\"]'),o=l.querySelectorAll('blockquote[data-secret=\"'+t.secret+'\"]'),c=new RegExp(\"^https?:$\",\"i\"),i=0;i<o.length;i++)o[i].style.display=\"none\";for(i=0;i<a.length;i++)s=a[i],e.source===s.contentWindow&&(s.removeAttribute(\"style\"),\"height\"===t.message?(1e3<(r=parseInt(t.value,10))?r=1e3:~~r<200&&(r=200),s.height=r):\"link\"===t.message&&(r=new URL(s.getAttribute(\"src\")),n=new URL(t.value),c.test(n.protocol))&&n.host===r.host&&l.activeElement===s&&(d.top.location.href=t.value))}},d.addEventListener(\"message\",d.wp.receiveEmbedMessage,!1),l.addEventListener(\"DOMContentLoaded\",function(){for(var e,t,s=l.querySelectorAll(\"iframe.wp-embedded-content\"),r=0;r<s.length;r++)(t=(e=s[r]).getAttribute(\"data-secret\"))||(t=Math.random().toString(36).substring(2,12),e.src+=\"#?secret=\"+t,e.setAttribute(\"data-secret\",t)),e.contentWindow.postMessage({message:\"ready\",secret:t},\"*\")},!1)))}(window,document);\n\/\/# sourceURL=https:\/\/lacasadelflamencosevilla.com\/wp-includes\/js\/wp-embed.min.js\n<\/script>\n","thumbnail_url":"https:\/\/lacasadelflamencosevilla.com\/wp-content\/uploads\/2023\/01\/ramonamadorlacasadelflamencosevilla.jpg","thumbnail_width":2560,"thumbnail_height":2560,"description":"Ram\u00f3n appartient \u00e0 la fameuse famille de flamenco \u201dAmador\u201d. Il a h\u00e9rit\u00e9 d\u2019une d\u00e9votion pour \u201ctoque\u201d et \u201ccante\u201d de son p\u00e8re et de son nom de famille, le grand guitariste Ram\u00f3n Amador. Au je\u00fbne \u00e2ge de 12ans il se d\u00e9marque dans la performance \u201cSalvia Nueva\u201d , aux cot\u00e9s de Angelita Vargas et \u201cEl Bobote\u201d. A ... Lire la suite"}