{"version":"1.0","provider_name":"La Casa del Flamenco","provider_url":"https:\/\/lacasadelflamencosevilla.com\/fr\/","author_name":"La Casa del Flamenco","author_url":"https:\/\/lacasadelflamencosevilla.com\/fr\/author\/0707a953d2\/","title":"Laura Santamar\u00eda - La Casa del Flamenco","type":"rich","width":600,"height":338,"html":"<blockquote class=\"wp-embedded-content\" data-secret=\"dzoeytFb6F\"><a href=\"https:\/\/lacasadelflamencosevilla.com\/fr\/artista\/laura-santamaria\/\">Laura Santamar\u00eda<\/a><\/blockquote><iframe sandbox=\"allow-scripts\" security=\"restricted\" src=\"https:\/\/lacasadelflamencosevilla.com\/fr\/artista\/laura-santamaria\/embed\/#?secret=dzoeytFb6F\" width=\"600\" height=\"338\" title=\"\u00ab\u00a0Laura Santamar\u00eda\u00a0\u00bb &#8212; La Casa del Flamenco\" data-secret=\"dzoeytFb6F\" frameborder=\"0\" marginwidth=\"0\" marginheight=\"0\" scrolling=\"no\" class=\"wp-embedded-content\"><\/iframe><script>\n\/*! This file is auto-generated *\/\n!function(d,l){\"use strict\";l.querySelector&&d.addEventListener&&\"undefined\"!=typeof URL&&(d.wp=d.wp||{},d.wp.receiveEmbedMessage||(d.wp.receiveEmbedMessage=function(e){var t=e.data;if((t||t.secret||t.message||t.value)&&!\/[^a-zA-Z0-9]\/.test(t.secret)){for(var s,r,n,a=l.querySelectorAll('iframe[data-secret=\"'+t.secret+'\"]'),o=l.querySelectorAll('blockquote[data-secret=\"'+t.secret+'\"]'),c=new RegExp(\"^https?:$\",\"i\"),i=0;i<o.length;i++)o[i].style.display=\"none\";for(i=0;i<a.length;i++)s=a[i],e.source===s.contentWindow&&(s.removeAttribute(\"style\"),\"height\"===t.message?(1e3<(r=parseInt(t.value,10))?r=1e3:~~r<200&&(r=200),s.height=r):\"link\"===t.message&&(r=new URL(s.getAttribute(\"src\")),n=new URL(t.value),c.test(n.protocol))&&n.host===r.host&&l.activeElement===s&&(d.top.location.href=t.value))}},d.addEventListener(\"message\",d.wp.receiveEmbedMessage,!1),l.addEventListener(\"DOMContentLoaded\",function(){for(var e,t,s=l.querySelectorAll(\"iframe.wp-embedded-content\"),r=0;r<s.length;r++)(t=(e=s[r]).getAttribute(\"data-secret\"))||(t=Math.random().toString(36).substring(2,12),e.src+=\"#?secret=\"+t,e.setAttribute(\"data-secret\",t)),e.contentWindow.postMessage({message:\"ready\",secret:t},\"*\")},!1)))}(window,document);\n\/\/# sourceURL=https:\/\/lacasadelflamencosevilla.com\/wp-includes\/js\/wp-embed.min.js\n<\/script>\n","thumbnail_url":"https:\/\/lacasadelflamencosevilla.com\/wp-content\/uploads\/2022\/12\/Laura_santamaria_lacasadelflamenco-scaled.jpg","thumbnail_width":2067,"thumbnail_height":2560,"description":"Laura est n\u00e9e parmis des artistes, elle s\u2019est entra\u00een\u00e9e depuis un tr\u00e8s je\u00fbne \u00e2ge avec des artistes renomm\u00e9s tel que Matilde Coral, Israel Galv\u00e1n, Milagros Meng\u00edbar, Rafael Campallo, ou Farruquillo parmis tant d\u2019autres. Laura a plusieurs prix et r\u00e9compenses soutenant sa carri\u00e8re, tel que son premier prix \u00e0 \u201cJ\u00f3venes Flamencos de Calasparra\u201d, troisi\u00e8me place pour ... Lire la suite"}