{"id":4186,"date":"2021-07-06T09:38:17","date_gmt":"2021-07-06T07:38:17","guid":{"rendered":"https:\/\/lacasadelflamencosevilla.com\/?page_id=4186"},"modified":"2026-09-01T14:49:34","modified_gmt":"2026-09-01T12:49:34","slug":"schedule","status":"publish","type":"page","link":"https:\/\/lacasadelflamencosevilla.com\/en\/schedule\/","title":{"rendered":"Schedule"},"content":{"rendered":"\t\t<div data-elementor-type=\"wp-page\" data-elementor-id=\"4186\" class=\"elementor elementor-4186\" data-elementor-post-type=\"page\">\n\t\t\t\t\t\t<section class=\"elementor-section elementor-top-section elementor-element elementor-element-596f7b31 elementor-section-stretched elementor-section-full_width elementor-section-height-default elementor-section-height-default\" data-id=\"596f7b31\" data-element_type=\"section\" data-e-type=\"section\" data-settings=\"{&quot;stretch_section&quot;:&quot;section-stretched&quot;}\">\n\t\t\t\t\t\t\t<div class=\"elementor-background-overlay\"><\/div>\n\t\t\t\t\t\t\t<div class=\"elementor-container elementor-column-gap-no\">\n\t\t\t\t\t<div class=\"elementor-column elementor-col-100 elementor-top-column elementor-element elementor-element-6c4c842c\" data-id=\"6c4c842c\" data-element_type=\"column\" data-e-type=\"column\">\n\t\t\t<div class=\"elementor-widget-wrap elementor-element-populated\">\n\t\t\t\t\t\t<section class=\"elementor-section elementor-inner-section elementor-element elementor-element-3deaeb6a elementor-section-height-min-height elementor-section-full_width elementor-section-height-default\" data-id=\"3deaeb6a\" data-element_type=\"section\" data-e-type=\"section\">\n\t\t\t\t\t\t<div class=\"elementor-container elementor-column-gap-no\">\n\t\t\t\t\t<div class=\"elementor-column elementor-col-50 elementor-inner-column elementor-element elementor-element-4f775596 elementor-hidden-tablet elementor-hidden-phone\" data-id=\"4f775596\" data-element_type=\"column\" data-e-type=\"column\">\n\t\t\t<div class=\"elementor-widget-wrap\">\n\t\t\t\t\t\t\t<\/div>\n\t\t<\/div>\n\t\t\t\t<div class=\"elementor-column elementor-col-50 elementor-inner-column elementor-element elementor-element-1f7f6ee0\" data-id=\"1f7f6ee0\" data-element_type=\"column\" data-e-type=\"column\">\n\t\t\t<div class=\"elementor-widget-wrap elementor-element-populated\">\n\t\t\t\t\t\t<div class=\"elementor-element elementor-element-41f0bf7d elementor-invisible elementor-widget elementor-widget-heading\" data-id=\"41f0bf7d\" data-element_type=\"widget\" data-e-type=\"widget\" data-settings=\"{&quot;_animation&quot;:&quot;fadeIn&quot;}\" data-widget_type=\"heading.default\">\n\t\t\t\t<div class=\"elementor-widget-container\">\n\t\t\t\t\t<h1 class=\"elementor-heading-title elementor-size-default\">Schedule<\/h1>\t\t\t\t<\/div>\n\t\t\t\t<\/div>\n\t\t\t\t\t<\/div>\n\t\t<\/div>\n\t\t\t\t\t<\/div>\n\t\t<\/section>\n\t\t\t\t<section class=\"elementor-section elementor-inner-section elementor-element elementor-element-285f45dc elementor-section-full_width elementor-section-height-default elementor-section-height-default\" data-id=\"285f45dc\" data-element_type=\"section\" data-e-type=\"section\">\n\t\t\t\t\t\t<div class=\"elementor-container elementor-column-gap-default\">\n\t\t\t\t\t<div class=\"elementor-column elementor-col-50 elementor-inner-column elementor-element elementor-element-1d64e993\" data-id=\"1d64e993\" data-element_type=\"column\" data-e-type=\"column\">\n\t\t\t<div class=\"elementor-widget-wrap elementor-element-populated\">\n\t\t\t\t\t\t<div class=\"elementor-element elementor-element-3e1add55 elementor-widget elementor-widget-image\" data-id=\"3e1add55\" data-element_type=\"widget\" data-e-type=\"widget\" data-widget_type=\"image.default\">\n\t\t\t\t<div class=\"elementor-widget-container\">\n\t\t\t\t\t\t\t\t\t\t\t\t\t\t\t<img fetchpriority=\"high\" decoding=\"async\" width=\"2560\" height=\"1506\" src=\"https:\/\/lacasadelflamencosevilla.com\/wp-content\/uploads\/2025\/08\/araceli-23-1-scaled.jpg\" class=\"attachment-full size-full wp-image-18696\" alt=\"\" srcset=\"https:\/\/lacasadelflamencosevilla.com\/wp-content\/uploads\/2025\/08\/araceli-23-1-scaled.jpg 2560w, https:\/\/lacasadelflamencosevilla.com\/wp-content\/uploads\/2025\/08\/araceli-23-1-300x176.jpg 300w, https:\/\/lacasadelflamencosevilla.com\/wp-content\/uploads\/2025\/08\/araceli-23-1-1024x602.jpg 1024w, https:\/\/lacasadelflamencosevilla.com\/wp-content\/uploads\/2025\/08\/araceli-23-1-768x452.jpg 768w, https:\/\/lacasadelflamencosevilla.com\/wp-content\/uploads\/2025\/08\/araceli-23-1-1536x904.jpg 1536w, https:\/\/lacasadelflamencosevilla.com\/wp-content\/uploads\/2025\/08\/araceli-23-1-2048x1205.jpg 2048w\" sizes=\"(max-width: 2560px) 100vw, 2560px\" \/>\t\t\t\t\t\t\t\t\t\t\t\t\t\t\t<\/div>\n\t\t\t\t<\/div>\n\t\t\t\t\t<\/div>\n\t\t<\/div>\n\t\t\t\t<div class=\"elementor-column elementor-col-50 elementor-inner-column elementor-element elementor-element-2c0e115d elementor-hidden-phone\" data-id=\"2c0e115d\" data-element_type=\"column\" data-e-type=\"column\">\n\t\t\t<div class=\"elementor-widget-wrap elementor-element-populated\">\n\t\t\t\t\t\t<div class=\"elementor-element elementor-element-a1adb61 elementor-widget__width-auto elementor-absolute elementor-view-default elementor-widget elementor-widget-icon\" data-id=\"a1adb61\" data-element_type=\"widget\" data-e-type=\"widget\" data-settings=\"{&quot;_position&quot;:&quot;absolute&quot;}\" data-widget_type=\"icon.default\">\n\t\t\t\t<div class=\"elementor-widget-container\">\n\t\t\t\t\t\t\t<div class=\"elementor-icon-wrapper\">\n\t\t\t<a class=\"elementor-icon\" href=\"https:\/\/www.instagram.com\/lacasadelflamenco\/?utm_source=ig_profile_share&#038;igshid=1gaxxh2zcd42b\" target=\"_blank\">\n\t\t\t<i aria-hidden=\"true\" class=\"fab fa-instagram\"><\/i>\t\t\t<\/a>\n\t\t<\/div>\n\t\t\t\t\t\t<\/div>\n\t\t\t\t<\/div>\n\t\t\t\t<div class=\"elementor-element elementor-element-1ccc5186 elementor-widget__width-auto elementor-absolute elementor-view-default elementor-widget elementor-widget-icon\" data-id=\"1ccc5186\" data-element_type=\"widget\" data-e-type=\"widget\" data-settings=\"{&quot;_position&quot;:&quot;absolute&quot;}\" data-widget_type=\"icon.default\">\n\t\t\t\t<div class=\"elementor-widget-container\">\n\t\t\t\t\t\t\t<div class=\"elementor-icon-wrapper\">\n\t\t\t<a class=\"elementor-icon\" href=\"http:\/\/facebook.com\/lacasadelflamenco\/\" target=\"_blank\">\n\t\t\t<i aria-hidden=\"true\" class=\"fab fa-facebook-f\"><\/i>\t\t\t<\/a>\n\t\t<\/div>\n\t\t\t\t\t\t<\/div>\n\t\t\t\t<\/div>\n\t\t\t\t<div class=\"elementor-element elementor-element-40f1821e elementor-widget__width-auto elementor-absolute elementor-view-default elementor-widget elementor-widget-icon\" data-id=\"40f1821e\" data-element_type=\"widget\" data-e-type=\"widget\" data-settings=\"{&quot;_position&quot;:&quot;absolute&quot;}\" data-widget_type=\"icon.default\">\n\t\t\t\t<div class=\"elementor-widget-container\">\n\t\t\t\t\t\t\t<div class=\"elementor-icon-wrapper\">\n\t\t\t<a class=\"elementor-icon\" href=\"https:\/\/twitter.com\/CasadelFlamenco\" target=\"_blank\">\n\t\t\t<i aria-hidden=\"true\" class=\"fab fa-twitter\"><\/i>\t\t\t<\/a>\n\t\t<\/div>\n\t\t\t\t\t\t<\/div>\n\t\t\t\t<\/div>\n\t\t\t\t<div class=\"elementor-element elementor-element-49ad24a9 elementor-widget__width-auto elementor-absolute elementor-widget elementor-widget-html\" data-id=\"49ad24a9\" data-element_type=\"widget\" data-e-type=\"widget\" data-settings=\"{&quot;_position&quot;:&quot;absolute&quot;}\" data-widget_type=\"html.default\">\n\t\t\t\t<div class=\"elementor-widget-container\">\n\t\t\t\t\t<div id=\"TA_logoWidget368\" class=\"TA_logoWidget\">\n   <iframe style=\"height:0;width:0;display:none;\" src=\"https:\/\/p.travelsmarter.net\/api\/usersync\/sync.html?api_key=TxLExUPOSpaM-4SJwXvYmQ&amp;publisher_browser_id=d66918acf4ed759b9c6e0e2ef476a531d83e67dd&amp;cb=1588262976741\"><\/iframe> \n   <div id=\"CDSWIDLOGO\"> \n       <a target=\"_blank\" style=\"font-size:24px;\" href=\"https:\/\/www.tripadvisor.es\/Attraction_Review-g187443-d4114622-Reviews-La_Casa_del_Flamenco-Seville_Province_of_Seville_Andalucia.html\" onclick=\"ta.cds.handleTALink(14347,this);return true;\" rel=\"nofollow\"><i aria-hidden=\"true\" class=\"fab fa-tripadvisor fa-tripadvisor-der\"\"><\/i><\/a> \n   <\/div> \n<\/div>\t\t\t\t<\/div>\n\t\t\t\t<\/div>\n\t\t\t\t\t<\/div>\n\t\t<\/div>\n\t\t\t\t\t<\/div>\n\t\t<\/section>\n\t\t\t\t\t<\/div>\n\t\t<\/div>\n\t\t\t\t\t<\/div>\n\t\t<\/section>\n\t\t\t\t<section class=\"elementor-section elementor-top-section elementor-element elementor-element-36289204 elementor-section-stretched elementor-section-full_width elementor-section-height-default elementor-section-height-default\" data-id=\"36289204\" data-element_type=\"section\" data-e-type=\"section\" data-settings=\"{&quot;stretch_section&quot;:&quot;section-stretched&quot;}\">\n\t\t\t\t\t\t<div class=\"elementor-container elementor-column-gap-no\">\n\t\t\t\t\t<div class=\"elementor-column elementor-col-50 elementor-top-column elementor-element elementor-element-5691a457 elementor-hidden-tablet elementor-hidden-phone\" data-id=\"5691a457\" data-element_type=\"column\" data-e-type=\"column\" data-settings=\"{&quot;background_background&quot;:&quot;classic&quot;}\">\n\t\t\t<div class=\"elementor-widget-wrap\">\n\t\t\t\t\t\t\t<\/div>\n\t\t<\/div>\n\t\t\t\t<div class=\"elementor-column elementor-col-50 elementor-top-column elementor-element elementor-element-7684cbcc\" data-id=\"7684cbcc\" data-element_type=\"column\" data-e-type=\"column\" data-settings=\"{&quot;background_background&quot;:&quot;classic&quot;}\">\n\t\t\t<div class=\"elementor-widget-wrap elementor-element-populated\">\n\t\t\t\t\t\t<section class=\"elementor-section elementor-inner-section elementor-element elementor-element-1e6eef50 elementor-section-boxed elementor-section-height-default elementor-section-height-default\" data-id=\"1e6eef50\" data-element_type=\"section\" data-e-type=\"section\" data-settings=\"{&quot;background_background&quot;:&quot;classic&quot;}\">\n\t\t\t\t\t\t<div class=\"elementor-container elementor-column-gap-no\">\n\t\t\t\t\t<div class=\"elementor-column elementor-col-50 elementor-inner-column elementor-element elementor-element-3a46071d\" data-id=\"3a46071d\" data-element_type=\"column\" data-e-type=\"column\">\n\t\t\t<div class=\"elementor-widget-wrap elementor-element-populated\">\n\t\t\t\t\t\t<div class=\"elementor-element elementor-element-6fc825f4 elementor-invisible elementor-widget elementor-widget-heading\" data-id=\"6fc825f4\" data-element_type=\"widget\" data-e-type=\"widget\" data-settings=\"{&quot;_animation&quot;:&quot;fadeIn&quot;}\" data-widget_type=\"heading.default\">\n\t\t\t\t<div class=\"elementor-widget-container\">\n\t\t\t\t\t<h3 class=\"elementor-heading-title elementor-size-default\">schedule<\/h3>\t\t\t\t<\/div>\n\t\t\t\t<\/div>\n\t\t\t\t<div class=\"elementor-element elementor-element-1dcb04a2 animated-fast elementor-invisible elementor-widget elementor-widget-heading\" data-id=\"1dcb04a2\" data-element_type=\"widget\" data-e-type=\"widget\" data-settings=\"{&quot;_animation&quot;:&quot;fadeInUp&quot;}\" data-widget_type=\"heading.default\">\n\t\t\t\t<div class=\"elementor-widget-container\">\n\t\t\t\t\t<h2 class=\"elementor-heading-title elementor-size-default\">Schedule<\/h2>\t\t\t\t<\/div>\n\t\t\t\t<\/div>\n\t\t\t\t<div class=\"elementor-element elementor-element-5d996ce9 elementor-invisible elementor-widget elementor-widget-text-editor\" data-id=\"5d996ce9\" data-element_type=\"widget\" data-e-type=\"widget\" data-settings=\"{&quot;_animation&quot;:&quot;fadeInUp&quot;}\" data-widget_type=\"text-editor.default\">\n\t\t\t\t<div class=\"elementor-widget-container\">\n\t\t\t\t\t\t\t\t\t<p>The cast of La Casa del Flamenco consists of an interesting group of artists, dancers, singers and guitarists, who display their talent every night in our house.<\/p><p><strong>Shows every day.<\/strong><\/p>\t\t\t\t\t\t\t\t<\/div>\n\t\t\t\t<\/div>\n\t\t\t\t<div class=\"elementor-element elementor-element-4b5de8e elementor-invisible elementor-widget elementor-widget-accordion\" data-id=\"4b5de8e\" data-element_type=\"widget\" data-e-type=\"widget\" data-settings=\"{&quot;_animation&quot;:&quot;fadeInUp&quot;}\" data-widget_type=\"accordion.default\">\n\t\t\t\t<div class=\"elementor-widget-container\">\n\t\t\t\t\t\t\t<div class=\"elementor-accordion\">\n\t\t\t\t\t\t\t<div class=\"elementor-accordion-item\">\n\t\t\t\t\t<h3 id=\"elementor-tab-title-7901\" class=\"elementor-tab-title\" data-tab=\"1\" role=\"button\" aria-controls=\"elementor-tab-content-7901\" aria-expanded=\"false\">\n\t\t\t\t\t\t\t\t\t\t\t\t\t<span class=\"elementor-accordion-icon elementor-accordion-icon-left\" aria-hidden=\"true\">\n\t\t\t\t\t\t\t\t\t\t\t\t\t\t\t<span class=\"elementor-accordion-icon-closed\"><i class=\"fas fa-angle-down\"><\/i><\/span>\n\t\t\t\t\t\t\t\t<span class=\"elementor-accordion-icon-opened\"><\/span>\n\t\t\t\t\t\t\t\t\t\t\t\t\t\t<\/span>\n\t\t\t\t\t\t\t\t\t\t\t\t<a class=\"elementor-accordion-title\" tabindex=\"0\">September 31th-6th<\/a>\n\t\t\t\t\t<\/h3>\n\t\t\t\t\t<div id=\"elementor-tab-content-7901\" class=\"elementor-tab-content elementor-clearfix\" data-tab=\"1\" role=\"region\" aria-labelledby=\"elementor-tab-title-7901\"><p><b>31\/08\/2026<\/b><strong> Dancers:<\/strong>\u00a0Susana Casas &amp; Juan Polvillo\u00a0<strong>Singers:<\/strong> Cheito &amp; Miguel Picuo <strong>Guitarist: <\/strong>Rub\u00e9n Romero<\/p><p><strong>01\/09\/2026 Dancers:<\/strong>\u00a0Araceli Mu\u00f1oz &amp; Juan Jos\u00e9 Ortega\u00a0<strong>Singers:<\/strong> Elena de Mor\u00f3n, Sara Corea &amp; Miguel Picuo <strong>Guitarist:<\/strong>\u00a0Eugenio Iglesias<\/p><p><strong>02\/09\/2026 Dancers: <\/strong>Marta Ca\u00f1izares &amp; David Romero <strong>Singers:<\/strong>\u00a0Javier Rivera &amp; Miguel Picuo\u00a0<strong>Guitarist:<\/strong>\u00a0Joselito Acedo<\/p><p><strong>03\/09\/2026 Dancers: <\/strong>Mar\u00eda Moreno &amp; \u00c1lvaro Aguilera\u00a0<strong>Singers:<\/strong>\u00a0Roc\u00edo Mayoral &amp; Ana G\u00f3mez\u00a0<strong>Guitarist:<\/strong>\u00a0Jos\u00e9 Luis Medina<\/p><p><strong>04\/09\/2026 Dancers:<\/strong>\u00a0Saray de los Reyes &amp; \u00abEl Nano\u00bb\u00a0<strong>Singers:<\/strong> Cheito &amp; Miguel Picuo <strong>Guitarist:<\/strong>\u00a0Rub\u00e9n Romero<\/p><p><strong>05\/09\/2026 Dancers:<\/strong>\u00a0Lola Jaramillo &amp; Jes\u00fas Herrera\u00a0<strong>Singers:<\/strong>\u00a0David \u00abEl Galli\u00bb &amp; Rosario Amador\u00a0<strong>Guitarist:<\/strong> Rub\u00e9n Romero<\/p><p><strong>06\/09\/2026 Dancers:<\/strong> Laura Santamar\u00eda &amp; \u00c1lvaro Aguilera\u00a0<strong>Singers:<\/strong>\u00a0Marcos Mart\u00ednez &amp; Pepe de Pura<strong> Guitarist:<\/strong> Daniel Mej\u00eda<\/p><\/div>\n\t\t\t\t<\/div>\n\t\t\t\t\t\t\t<div class=\"elementor-accordion-item\">\n\t\t\t\t\t<h3 id=\"elementor-tab-title-7902\" class=\"elementor-tab-title\" data-tab=\"2\" role=\"button\" aria-controls=\"elementor-tab-content-7902\" aria-expanded=\"false\">\n\t\t\t\t\t\t\t\t\t\t\t\t\t<span class=\"elementor-accordion-icon elementor-accordion-icon-left\" aria-hidden=\"true\">\n\t\t\t\t\t\t\t\t\t\t\t\t\t\t\t<span class=\"elementor-accordion-icon-closed\"><i class=\"fas fa-angle-down\"><\/i><\/span>\n\t\t\t\t\t\t\t\t<span class=\"elementor-accordion-icon-opened\"><\/span>\n\t\t\t\t\t\t\t\t\t\t\t\t\t\t<\/span>\n\t\t\t\t\t\t\t\t\t\t\t\t<a class=\"elementor-accordion-title\" tabindex=\"0\">September 7th-13th<\/a>\n\t\t\t\t\t<\/h3>\n\t\t\t\t\t<div id=\"elementor-tab-content-7902\" class=\"elementor-tab-content elementor-clearfix\" data-tab=\"2\" role=\"region\" aria-labelledby=\"elementor-tab-title-7902\"><p><strong>07\/09\/2026 Dancers:<\/strong> Paula Salazar &amp; Juan Fern\u00e1ndez <strong>Singers:<\/strong> David \u00abEl Galli\u00bb &amp; Miguel Picuo <strong>Guitarist:<\/strong> Jos\u00e9 Luis Medina<\/p><p><strong>08\/09\/2026 Dancers:<\/strong> Araceli Mu\u00f1oz &amp; \u00c1lvaro Aguilera <strong>Singers:<\/strong> Elena de Mor\u00f3n &amp; Sara Corea <strong>Guitarist:<\/strong> Jos\u00e9 Luis Medina<\/p><p><strong>09\/09\/2026 Dancers:<\/strong> Susana Casas &amp; Juan Fern\u00e1ndez<strong> Singers:<\/strong> Roc\u00edo Mayoral &amp; Inma Rivero <strong>Guitarist:<\/strong>\u00a0Juan Anguita<\/p><p><strong>10\/09\/2026 Dancers:<\/strong> Saray de los Reyes &amp; Juan Polvillo <strong>Singers:<\/strong> Emilio Florido &amp; Reyes Mart\u00edn <strong>Guitarist:<\/strong> Manuel Lucas<\/p><p><strong>11\/09\/2026 Dancers:<\/strong> Laura Santamar\u00eda &amp; David Romero <strong>Singers:<\/strong> Marcos Mart\u00ednez &amp; Elena de Mor\u00f3n <strong>Guitarist:<\/strong> \u00abEl Morito\u00bb<\/p><p><strong>12\/09\/2026 Dancers:<\/strong> Carmen Yanes &amp; Ram\u00f3n Mart\u00ednez <strong>Singers:<\/strong> Marcos Mart\u00ednez &amp; Emilio Florido <strong>Guitarist:<\/strong> Manuel Lucas<\/p><p><strong>13\/09\/2026 Dancers:<\/strong> Lola Jaramillo &amp; Jes\u00fas Herrera <strong>Singers:<\/strong> Rosario Amador &amp; Miguel Picuo <strong>Guitarist:<\/strong> Jos\u00e9 Manuel Tudela<\/p><\/div>\n\t\t\t\t<\/div>\n\t\t\t\t\t\t\t<div class=\"elementor-accordion-item\">\n\t\t\t\t\t<h3 id=\"elementor-tab-title-7903\" class=\"elementor-tab-title\" data-tab=\"3\" role=\"button\" aria-controls=\"elementor-tab-content-7903\" aria-expanded=\"false\">\n\t\t\t\t\t\t\t\t\t\t\t\t\t<span class=\"elementor-accordion-icon elementor-accordion-icon-left\" aria-hidden=\"true\">\n\t\t\t\t\t\t\t\t\t\t\t\t\t\t\t<span class=\"elementor-accordion-icon-closed\"><i class=\"fas fa-angle-down\"><\/i><\/span>\n\t\t\t\t\t\t\t\t<span class=\"elementor-accordion-icon-opened\"><\/span>\n\t\t\t\t\t\t\t\t\t\t\t\t\t\t<\/span>\n\t\t\t\t\t\t\t\t\t\t\t\t<a class=\"elementor-accordion-title\" tabindex=\"0\">September 14th-20th<\/a>\n\t\t\t\t\t<\/h3>\n\t\t\t\t\t<div id=\"elementor-tab-content-7903\" class=\"elementor-tab-content elementor-clearfix\" data-tab=\"3\" role=\"region\" aria-labelledby=\"elementor-tab-title-7903\"><p><strong>14\/09\/2026<\/strong><\/p>\n<p><strong>17.30 y 19.00 hrs&nbsp;<\/strong><strong>Dancers<\/strong><strong>:<\/strong> \u00abLa Marquesita\u00bb &amp; Juanma Zurano&nbsp;<strong>Singers<\/strong><strong>:<\/strong> Pepe de Pura &amp; Roc\u00edo Mayoral&nbsp;<strong>Guitarist<\/strong><strong>:<\/strong> Eugenio Iglesias<\/p>\n<p><strong>20.30 y 22.00 hrs<\/strong>&nbsp;<strong>Dancers<\/strong><strong>:<\/strong> Carmen Yanes &amp; Jos\u00e9 Montes&nbsp;<strong>Singers<\/strong><strong>:<\/strong>Sara Corea &amp; Rosario Amador&nbsp;<strong>Guitarist<\/strong><strong>:<\/strong> Juanma Torres.<\/p>\n<p><strong>15\/09\/2026 :<\/strong>&nbsp;<\/p>\n<p><strong>17.30 y 19.00 hrs&nbsp;<\/strong><strong>Dancers<\/strong><strong>:<\/strong> Luisa Palicio &amp; Juan Polvillo&nbsp;<strong>Singers<\/strong><strong>:<\/strong> Mari\u00e1n Fern\u00e1ndez &amp; Javier Rivera&nbsp;<strong>Guitarist<\/strong><strong>:<\/strong> Juanma Torres<\/p>\n<p><strong>20.30 y 22.00 hrs&nbsp;<\/strong><strong>Dancers<\/strong><strong>:<\/strong> Patricia Ib\u00e1\u00f1ez &amp; Jes\u00fas Herrera&nbsp;<strong>Singers<\/strong><strong>:<\/strong> Cristina Tovar &amp; Rosario Amador&nbsp;<strong>Guitarist<\/strong><strong>:<\/strong> Daniel Mej\u00edas.<\/p>\n<p><strong>16\/09\/2026 Dancers:<\/strong> \u00abLa Marquesita\u00bb &amp; \u00abEl Nano\u00bb<strong> Singers:<\/strong> Roc\u00edo Mayoral &amp; Esperanza Garrido <strong>Guitarist:<\/strong> Juan Anguita<\/p>\n<p><strong>17\/09\/2026 Dancers:<\/strong> Lola Jaramillo &amp; Jes\u00fas Herrera <strong>Singers:<\/strong> Cheito &amp; Reyes Mart\u00edn <strong>Guitarist:<\/strong> Jos\u00e9 Manuel Tudela<\/p>\n<p><strong>18\/09\/2026 Dancers:<\/strong> Susana Casas &amp; Jos\u00e9 Montes <strong>Singers:<\/strong> Mari\u00e1n Fern\u00e1ndez &amp; Javier Rivera <strong>Guitarist:<\/strong> Jos\u00e9 Manuel Tudela<\/p>\n<p><strong>19\/09\/2026 Dancers:<\/strong> Carmen Yanes &amp; Juanma Zurano <strong>Singers:<\/strong> Marcos Mart\u00ednez &amp; Cristina Tovar <strong>Guitarist:<\/strong> Rub\u00e9n Romero<\/p>\n<p><strong>20\/09\/2026 Dancers:<\/strong> Mar\u00eda Moreno &amp; David Romero <strong>Singers:<\/strong> Mari\u00e1n Fern\u00e1ndez &amp; Ana G\u00f3mez <strong>Guitarist:<\/strong> Daniel Mej\u00eda<\/p><\/div>\n\t\t\t\t<\/div>\n\t\t\t\t\t\t\t<div class=\"elementor-accordion-item\">\n\t\t\t\t\t<h3 id=\"elementor-tab-title-7904\" class=\"elementor-tab-title\" data-tab=\"4\" role=\"button\" aria-controls=\"elementor-tab-content-7904\" aria-expanded=\"false\">\n\t\t\t\t\t\t\t\t\t\t\t\t\t<span class=\"elementor-accordion-icon elementor-accordion-icon-left\" aria-hidden=\"true\">\n\t\t\t\t\t\t\t\t\t\t\t\t\t\t\t<span class=\"elementor-accordion-icon-closed\"><i class=\"fas fa-angle-down\"><\/i><\/span>\n\t\t\t\t\t\t\t\t<span class=\"elementor-accordion-icon-opened\"><\/span>\n\t\t\t\t\t\t\t\t\t\t\t\t\t\t<\/span>\n\t\t\t\t\t\t\t\t\t\t\t\t<a class=\"elementor-accordion-title\" tabindex=\"0\">September 21st-27th<\/a>\n\t\t\t\t\t<\/h3>\n\t\t\t\t\t<div id=\"elementor-tab-content-7904\" class=\"elementor-tab-content elementor-clearfix\" data-tab=\"4\" role=\"region\" aria-labelledby=\"elementor-tab-title-7904\"><p><strong>21\/09\/2026 <\/strong><strong>Dancers:<\/strong> Macarena Mart\u00ednez &amp; Jos\u00e9 Montes <strong>Singers:<\/strong> Cheito &amp; Inma Rivero <strong>Guitarist:<\/strong> Rub\u00e9n Romero<\/p>\n<p><strong>22\/09\/2026 <\/strong><strong>Dancers:<\/strong> Patricia Ib\u00e1\u00f1ez &amp; Juan Fern\u00e1ndez <strong>Singers:<\/strong> Ana G\u00f3mez &amp; Cristina Tovar <strong>Guitarist:<\/strong> Jos\u00e9&nbsp; Manuel Tudela<\/p>\n<p><strong>23\/09\/2026 Dancers:<\/strong> Luisa Palicio &amp; Juan Polvillo<strong> Singers:<\/strong> Cristina Tovar &amp; Cheito&nbsp; <strong>Guitarist:<\/strong> Eugenio&nbsp; Iglesias<\/p>\n<p><strong>24\/09\/2026 Dancers:<\/strong> Luc\u00eda \u00c1lvarez \u00abLa Pi\u00f1ona\u00bb &amp; Francisco Mesa \u00abEl Nano\u00bb <strong>Singers:<\/strong> Ana G\u00f3mez &amp; Miguel Lavi <strong>Guitarist:<\/strong> Juan Anguita<\/p>\n<p><strong>25\/09\/2026 Dancers:<\/strong> Susana Casas &amp; Juan Jos\u00e9 Ortega <strong>Singers:<\/strong> Cristina Tovar &amp; Rosario Amador <strong>Guitarist:<\/strong> Rub\u00e9n Romero<\/p>\n<p><strong>26\/09\/2026 Dancers:<\/strong> Laura Santamar\u00eda &amp; Ram\u00f3n Mart\u00ednez <strong>Singers:<\/strong> Mari\u00e1n Fern\u00e1ndez&nbsp; &amp; Javier Rivera <strong>Guitarist:<\/strong> Daniel Mej\u00eda<\/p>\n<p><strong>27\/09\/2026 Dancers:<\/strong> \u00ab La Marquesita \u00bb &amp; Alberto L\u00f3pez <strong>Singers:<\/strong> Pepe de Pura &amp; Inma Rivero <strong>Guitarist:<\/strong> Jos\u00e9 Manuel Tudela<\/p><\/div>\n\t\t\t\t<\/div>\n\t\t\t\t\t\t\t\t\t\t<script type=\"application\/ld+json\">{\"@context\":\"https:\\\/\\\/schema.org\",\"@type\":\"FAQPage\",\"mainEntity\":[{\"@type\":\"Question\",\"name\":\"September 31th-6th\",\"acceptedAnswer\":{\"@type\":\"Answer\",\"text\":\"<p><b>31\\\/08\\\/2026<\\\/b><strong> Dancers:<\\\/strong>\\u00a0Susana Casas &amp; Juan Polvillo\\u00a0<strong>Singers:<\\\/strong> Cheito &amp; Miguel Picuo <strong>Guitarist: <\\\/strong>Rub\\u00e9n Romero<\\\/p><p><strong>01\\\/09\\\/2026 Dancers:<\\\/strong>\\u00a0Araceli Mu\\u00f1oz &amp; Juan Jos\\u00e9 Ortega\\u00a0<strong>Singers:<\\\/strong> Elena de Mor\\u00f3n, Sara Corea &amp; Miguel Picuo <strong>Guitarist:<\\\/strong>\\u00a0Eugenio Iglesias<\\\/p><p><strong>02\\\/09\\\/2026 Dancers: <\\\/strong>Marta Ca\\u00f1izares &amp; David Romero <strong>Singers:<\\\/strong>\\u00a0Javier Rivera &amp; Miguel Picuo\\u00a0<strong>Guitarist:<\\\/strong>\\u00a0Joselito Acedo<\\\/p><p><strong>03\\\/09\\\/2026 Dancers: <\\\/strong>Mar\\u00eda Moreno &amp; \\u00c1lvaro Aguilera\\u00a0<strong>Singers:<\\\/strong>\\u00a0Roc\\u00edo Mayoral &amp; Ana G\\u00f3mez\\u00a0<strong>Guitarist:<\\\/strong>\\u00a0Jos\\u00e9 Luis Medina<\\\/p><p><strong>04\\\/09\\\/2026 Dancers:<\\\/strong>\\u00a0Saray de los Reyes &amp; \\u00abEl Nano\\u00bb\\u00a0<strong>Singers:<\\\/strong> Cheito &amp; Miguel Picuo <strong>Guitarist:<\\\/strong>\\u00a0Rub\\u00e9n Romero<\\\/p><p><strong>05\\\/09\\\/2026 Dancers:<\\\/strong>\\u00a0Lola Jaramillo &amp; Jes\\u00fas Herrera\\u00a0<strong>Singers:<\\\/strong>\\u00a0David \\u00abEl Galli\\u00bb &amp; Rosario Amador\\u00a0<strong>Guitarist:<\\\/strong> Rub\\u00e9n Romero<\\\/p><p><strong>06\\\/09\\\/2026 Dancers:<\\\/strong> Laura Santamar\\u00eda &amp; \\u00c1lvaro Aguilera\\u00a0<strong>Singers:<\\\/strong>\\u00a0Marcos Mart\\u00ednez &amp; Pepe de Pura<strong> Guitarist:<\\\/strong> Daniel Mej\\u00eda<\\\/p>\"}},{\"@type\":\"Question\",\"name\":\"September 7th-13th\",\"acceptedAnswer\":{\"@type\":\"Answer\",\"text\":\"<p><strong>07\\\/09\\\/2026 Dancers:<\\\/strong> Paula Salazar &amp; Juan Fern\\u00e1ndez <strong>Singers:<\\\/strong> David \\u00abEl Galli\\u00bb &amp; Miguel Picuo <strong>Guitarist:<\\\/strong> Jos\\u00e9 Luis Medina<\\\/p><p><strong>08\\\/09\\\/2026 Dancers:<\\\/strong> Araceli Mu\\u00f1oz &amp; \\u00c1lvaro Aguilera <strong>Singers:<\\\/strong> Elena de Mor\\u00f3n &amp; Sara Corea <strong>Guitarist:<\\\/strong> Jos\\u00e9 Luis Medina<\\\/p><p><strong>09\\\/09\\\/2026 Dancers:<\\\/strong> Susana Casas &amp; Juan Fern\\u00e1ndez<strong> Singers:<\\\/strong> Roc\\u00edo Mayoral &amp; Inma Rivero <strong>Guitarist:<\\\/strong>\\u00a0Juan Anguita<\\\/p><p><strong>10\\\/09\\\/2026 Dancers:<\\\/strong> Saray de los Reyes &amp; Juan Polvillo <strong>Singers:<\\\/strong> Emilio Florido &amp; Reyes Mart\\u00edn <strong>Guitarist:<\\\/strong> Manuel Lucas<\\\/p><p><strong>11\\\/09\\\/2026 Dancers:<\\\/strong> Laura Santamar\\u00eda &amp; David Romero <strong>Singers:<\\\/strong> Marcos Mart\\u00ednez &amp; Elena de Mor\\u00f3n <strong>Guitarist:<\\\/strong> \\u00abEl Morito\\u00bb<\\\/p><p><strong>12\\\/09\\\/2026 Dancers:<\\\/strong> Carmen Yanes &amp; Ram\\u00f3n Mart\\u00ednez <strong>Singers:<\\\/strong> Marcos Mart\\u00ednez &amp; Emilio Florido <strong>Guitarist:<\\\/strong> Manuel Lucas<\\\/p><p><strong>13\\\/09\\\/2026 Dancers:<\\\/strong> Lola Jaramillo &amp; Jes\\u00fas Herrera <strong>Singers:<\\\/strong> Rosario Amador &amp; Miguel Picuo <strong>Guitarist:<\\\/strong> Jos\\u00e9 Manuel Tudela<\\\/p>\"}},{\"@type\":\"Question\",\"name\":\"September 14th-20th\",\"acceptedAnswer\":{\"@type\":\"Answer\",\"text\":\"<p><strong>14\\\/09\\\/2026<\\\/strong><\\\/p>\\n<p><strong>17.30 y 19.00 hrs&nbsp;<\\\/strong><strong>Dancers<\\\/strong><strong>:<\\\/strong> \\u00abLa Marquesita\\u00bb &amp; Juanma Zurano&nbsp;<strong>Singers<\\\/strong><strong>:<\\\/strong> Pepe de Pura &amp; Roc\\u00edo Mayoral&nbsp;<strong>Guitarist<\\\/strong><strong>:<\\\/strong> Eugenio Iglesias<\\\/p>\\n<p><strong>20.30 y 22.00 hrs<\\\/strong>&nbsp;<strong>Dancers<\\\/strong><strong>:<\\\/strong> Carmen Yanes &amp; Jos\\u00e9 Montes&nbsp;<strong>Singers<\\\/strong><strong>:<\\\/strong>Sara Corea &amp; Rosario Amador&nbsp;<strong>Guitarist<\\\/strong><strong>:<\\\/strong> Juanma Torres.<\\\/p>\\n<p><strong>15\\\/09\\\/2026 :<\\\/strong>&nbsp;<\\\/p>\\n<p><strong>17.30 y 19.00 hrs&nbsp;<\\\/strong><strong>Dancers<\\\/strong><strong>:<\\\/strong> Luisa Palicio &amp; Juan Polvillo&nbsp;<strong>Singers<\\\/strong><strong>:<\\\/strong> Mari\\u00e1n Fern\\u00e1ndez &amp; Javier Rivera&nbsp;<strong>Guitarist<\\\/strong><strong>:<\\\/strong> Juanma Torres<\\\/p>\\n<p><strong>20.30 y 22.00 hrs&nbsp;<\\\/strong><strong>Dancers<\\\/strong><strong>:<\\\/strong> Patricia Ib\\u00e1\\u00f1ez &amp; Jes\\u00fas Herrera&nbsp;<strong>Singers<\\\/strong><strong>:<\\\/strong> Cristina Tovar &amp; Rosario Amador&nbsp;<strong>Guitarist<\\\/strong><strong>:<\\\/strong> Daniel Mej\\u00edas.<\\\/p>\\n<p><strong>16\\\/09\\\/2026 Dancers:<\\\/strong> \\u00abLa Marquesita\\u00bb &amp; \\u00abEl Nano\\u00bb<strong> Singers:<\\\/strong> Roc\\u00edo Mayoral &amp; Esperanza Garrido <strong>Guitarist:<\\\/strong> Juan Anguita<\\\/p>\\n<p><strong>17\\\/09\\\/2026 Dancers:<\\\/strong> Lola Jaramillo &amp; Jes\\u00fas Herrera <strong>Singers:<\\\/strong> Cheito &amp; Reyes Mart\\u00edn <strong>Guitarist:<\\\/strong> Jos\\u00e9 Manuel Tudela<\\\/p>\\n<p><strong>18\\\/09\\\/2026 Dancers:<\\\/strong> Susana Casas &amp; Jos\\u00e9 Montes <strong>Singers:<\\\/strong> Mari\\u00e1n Fern\\u00e1ndez &amp; Javier Rivera <strong>Guitarist:<\\\/strong> Jos\\u00e9 Manuel Tudela<\\\/p>\\n<p><strong>19\\\/09\\\/2026 Dancers:<\\\/strong> Carmen Yanes &amp; Juanma Zurano <strong>Singers:<\\\/strong> Marcos Mart\\u00ednez &amp; Cristina Tovar <strong>Guitarist:<\\\/strong> Rub\\u00e9n Romero<\\\/p>\\n<p><strong>20\\\/09\\\/2026 Dancers:<\\\/strong> Mar\\u00eda Moreno &amp; David Romero <strong>Singers:<\\\/strong> Mari\\u00e1n Fern\\u00e1ndez &amp; Ana G\\u00f3mez <strong>Guitarist:<\\\/strong> Daniel Mej\\u00eda<\\\/p>\"}},{\"@type\":\"Question\",\"name\":\"September 21st-27th\",\"acceptedAnswer\":{\"@type\":\"Answer\",\"text\":\"<p><strong>21\\\/09\\\/2026 <\\\/strong><strong>Dancers:<\\\/strong> Macarena Mart\\u00ednez &amp; Jos\\u00e9 Montes <strong>Singers:<\\\/strong> Cheito &amp; Inma Rivero <strong>Guitarist:<\\\/strong> Rub\\u00e9n Romero<\\\/p>\\n<p><strong>22\\\/09\\\/2026 <\\\/strong><strong>Dancers:<\\\/strong> Patricia Ib\\u00e1\\u00f1ez &amp; Juan Fern\\u00e1ndez <strong>Singers:<\\\/strong> Ana G\\u00f3mez &amp; Cristina Tovar <strong>Guitarist:<\\\/strong> Jos\\u00e9&nbsp; Manuel Tudela<\\\/p>\\n<p><strong>23\\\/09\\\/2026 Dancers:<\\\/strong> Luisa Palicio &amp; Juan Polvillo<strong> Singers:<\\\/strong> Cristina Tovar &amp; Cheito&nbsp; <strong>Guitarist:<\\\/strong> Eugenio&nbsp; Iglesias<\\\/p>\\n<p><strong>24\\\/09\\\/2026 Dancers:<\\\/strong> Luc\\u00eda \\u00c1lvarez \\u00abLa Pi\\u00f1ona\\u00bb &amp; Francisco Mesa \\u00abEl Nano\\u00bb <strong>Singers:<\\\/strong> Ana G\\u00f3mez &amp; Miguel Lavi <strong>Guitarist:<\\\/strong> Juan Anguita<\\\/p>\\n<p><strong>25\\\/09\\\/2026 Dancers:<\\\/strong> Susana Casas &amp; Juan Jos\\u00e9 Ortega <strong>Singers:<\\\/strong> Cristina Tovar &amp; Rosario Amador <strong>Guitarist:<\\\/strong> Rub\\u00e9n Romero<\\\/p>\\n<p><strong>26\\\/09\\\/2026 Dancers:<\\\/strong> Laura Santamar\\u00eda &amp; Ram\\u00f3n Mart\\u00ednez <strong>Singers:<\\\/strong> Mari\\u00e1n Fern\\u00e1ndez&nbsp; &amp; Javier Rivera <strong>Guitarist:<\\\/strong> Daniel Mej\\u00eda<\\\/p>\\n<p><strong>27\\\/09\\\/2026 Dancers:<\\\/strong> \\u00ab La Marquesita \\u00bb &amp; Alberto L\\u00f3pez <strong>Singers:<\\\/strong> Pepe de Pura &amp; Inma Rivero <strong>Guitarist:<\\\/strong> Jos\\u00e9 Manuel Tudela<\\\/p>\"}}]}<\/script>\n\t\t\t\t\t<\/div>\n\t\t\t\t\t\t<\/div>\n\t\t\t\t<\/div>\n\t\t\t\t<div class=\"elementor-element elementor-element-be9f1d5 elementor-invisible elementor-widget elementor-widget-accordion\" data-id=\"be9f1d5\" data-element_type=\"widget\" data-e-type=\"widget\" data-settings=\"{&quot;_animation&quot;:&quot;fadeInUp&quot;}\" data-widget_type=\"accordion.default\">\n\t\t\t\t<div class=\"elementor-widget-container\">\n\t\t\t\t\t\t\t<div class=\"elementor-accordion\">\n\t\t\t\t\t\t\t<div class=\"elementor-accordion-item\">\n\t\t\t\t\t<h3 id=\"elementor-tab-title-1991\" class=\"elementor-tab-title\" data-tab=\"1\" role=\"button\" aria-controls=\"elementor-tab-content-1991\" aria-expanded=\"false\">\n\t\t\t\t\t\t\t\t\t\t\t\t\t<span class=\"elementor-accordion-icon elementor-accordion-icon-left\" aria-hidden=\"true\">\n\t\t\t\t\t\t\t\t\t\t\t\t\t\t\t<span class=\"elementor-accordion-icon-closed\"><i class=\"fas fa-angle-down\"><\/i><\/span>\n\t\t\t\t\t\t\t\t<span class=\"elementor-accordion-icon-opened\"><\/span>\n\t\t\t\t\t\t\t\t\t\t\t\t\t\t<\/span>\n\t\t\t\t\t\t\t\t\t\t\t\t<a class=\"elementor-accordion-title\" tabindex=\"0\"><\/a>\n\t\t\t\t\t<\/h3>\n\t\t\t\t\t<div id=\"elementor-tab-content-1991\" class=\"elementor-tab-content elementor-clearfix\" data-tab=\"1\" role=\"region\" aria-labelledby=\"elementor-tab-title-1991\"><\/div>\n\t\t\t\t<\/div>\n\t\t\t\t\t\t\t\t\t\t<script type=\"application\/ld+json\">{\"@context\":\"https:\\\/\\\/schema.org\",\"@type\":\"FAQPage\",\"mainEntity\":[{\"@type\":\"Question\",\"name\":\"\",\"acceptedAnswer\":{\"@type\":\"Answer\",\"text\":\"\"}}]}<\/script>\n\t\t\t\t\t<\/div>\n\t\t\t\t\t\t<\/div>\n\t\t\t\t<\/div>\n\t\t\t\t<div class=\"elementor-element elementor-element-d180996 elementor-invisible elementor-widget elementor-widget-text-editor\" data-id=\"d180996\" data-element_type=\"widget\" data-e-type=\"widget\" data-settings=\"{&quot;_animation&quot;:&quot;fadeInUp&quot;}\" data-widget_type=\"text-editor.default\">\n\t\t\t\t<div class=\"elementor-widget-container\">\n\t\t\t\t\t\t\t\t\t<p>\u00a0<\/p><p>Artists for the following weeks to be confirmed.<\/p>\t\t\t\t\t\t\t\t<\/div>\n\t\t\t\t<\/div>\n\t\t\t\t\t<\/div>\n\t\t<\/div>\n\t\t\t\t<div class=\"elementor-column elementor-col-50 elementor-inner-column elementor-element elementor-element-6d7a09b0 elementor-hidden-tablet elementor-hidden-phone\" data-id=\"6d7a09b0\" data-element_type=\"column\" data-e-type=\"column\">\n\t\t\t<div class=\"elementor-widget-wrap\">\n\t\t\t\t\t\t\t<\/div>\n\t\t<\/div>\n\t\t\t\t\t<\/div>\n\t\t<\/section>\n\t\t\t\t\t<\/div>\n\t\t<\/div>\n\t\t\t\t\t<\/div>\n\t\t<\/section>\n\t\t\t\t<\/div>\n\t\t","protected":false},"excerpt":{"rendered":"<p>Schedule schedule Schedule The cast of La Casa del Flamenco consists of an interesting group of artists, dancers, singers and guitarists, who display their talent every night in our house. Shows every day. September 31th-6th 31\/08\/2026 Dancers:\u00a0Susana Casas &amp; Juan Polvillo\u00a0Singers: Cheito &amp; Miguel Picuo Guitarist: Rub\u00e9n Romero 01\/09\/2026 Dancers:\u00a0Araceli Mu\u00f1oz &amp; Juan Jos\u00e9 Ortega\u00a0Singers: &#8230; <a title=\"Schedule\" class=\"read-more\" href=\"https:\/\/lacasadelflamencosevilla.com\/en\/schedule\/\" aria-label=\"Read more about Schedule\">Read more<\/a><\/p>\n","protected":false},"author":3,"featured_media":0,"parent":0,"menu_order":0,"comment_status":"closed","ping_status":"closed","template":"elementor_header_footer","meta":{"_acf_changed":false,"footnotes":""},"class_list":["post-4186","page","type-page","status-publish"],"acf":[],"yoast_head":"<!-- This site is optimized with the Yoast SEO plugin v28.3 - https:\/\/yoast.com\/product\/yoast-seo-wordpress\/ -->\n<title>Schedule - La Casa del Flamenco<\/title>\n<meta name=\"robots\" content=\"index, follow, max-snippet:-1, max-image-preview:large, max-video-preview:-1\" \/>\n<link rel=\"canonical\" href=\"https:\/\/lacasadelflamencosevilla.com\/en\/schedule\/\" \/>\n<meta property=\"og:locale\" content=\"en_US\" \/>\n<meta property=\"og:type\" content=\"article\" \/>\n<meta property=\"og:title\" content=\"Schedule - La Casa del Flamenco\" \/>\n<meta property=\"og:description\" content=\"Schedule schedule Schedule The cast of La Casa del Flamenco consists of an interesting group of artists, dancers, singers and guitarists, who display their talent every night in our house. Shows every day. September 31th-6th 31\/08\/2026 Dancers:\u00a0Susana Casas &amp; Juan Polvillo\u00a0Singers: Cheito &amp; Miguel Picuo Guitarist: Rub\u00e9n Romero 01\/09\/2026 Dancers:\u00a0Araceli Mu\u00f1oz &amp; Juan Jos\u00e9 Ortega\u00a0Singers: ... Read more\" \/>\n<meta property=\"og:url\" content=\"https:\/\/lacasadelflamencosevilla.com\/en\/schedule\/\" \/>\n<meta property=\"og:site_name\" content=\"La Casa del Flamenco\" \/>\n<meta property=\"article:publisher\" content=\"https:\/\/www.facebook.com\/LaCasaDelFlamenco\" \/>\n<meta property=\"article:modified_time\" content=\"2026-09-01T12:49:34+00:00\" \/>\n<meta property=\"og:image\" content=\"https:\/\/lacasadelflamencosevilla.com\/wp-content\/uploads\/2025\/08\/araceli-23-1-scaled.jpg\" \/>\n\t<meta property=\"og:image:width\" content=\"2560\" \/>\n\t<meta property=\"og:image:height\" content=\"1506\" \/>\n\t<meta property=\"og:image:type\" content=\"image\/jpeg\" \/>\n<meta name=\"twitter:card\" content=\"summary_large_image\" \/>\n<meta name=\"twitter:site\" content=\"@CasadelFlamenco\" \/>\n<meta name=\"twitter:label1\" content=\"Est. reading time\" \/>\n\t<meta name=\"twitter:data1\" content=\"2 minutes\" \/>\n<script type=\"application\/ld+json\" class=\"yoast-schema-graph\">{\"@context\":\"https:\\\/\\\/schema.org\",\"@graph\":[{\"@type\":\"WebPage\",\"@id\":\"https:\\\/\\\/lacasadelflamencosevilla.com\\\/en\\\/schedule\\\/\",\"url\":\"https:\\\/\\\/lacasadelflamencosevilla.com\\\/en\\\/schedule\\\/\",\"name\":\"Schedule - La Casa del Flamenco\",\"isPartOf\":{\"@id\":\"https:\\\/\\\/lacasadelflamencosevilla.com\\\/en\\\/#website\"},\"primaryImageOfPage\":{\"@id\":\"https:\\\/\\\/lacasadelflamencosevilla.com\\\/en\\\/schedule\\\/#primaryimage\"},\"image\":{\"@id\":\"https:\\\/\\\/lacasadelflamencosevilla.com\\\/en\\\/schedule\\\/#primaryimage\"},\"thumbnailUrl\":\"https:\\\/\\\/lacasadelflamencosevilla.com\\\/wp-content\\\/uploads\\\/2025\\\/08\\\/araceli-23-1-scaled.jpg\",\"datePublished\":\"2021-07-06T07:38:17+00:00\",\"dateModified\":\"2026-09-01T12:49:34+00:00\",\"breadcrumb\":{\"@id\":\"https:\\\/\\\/lacasadelflamencosevilla.com\\\/en\\\/schedule\\\/#breadcrumb\"},\"inLanguage\":\"en-US\",\"potentialAction\":[{\"@type\":\"ReadAction\",\"target\":[\"https:\\\/\\\/lacasadelflamencosevilla.com\\\/en\\\/schedule\\\/\"]}]},{\"@type\":\"ImageObject\",\"inLanguage\":\"en-US\",\"@id\":\"https:\\\/\\\/lacasadelflamencosevilla.com\\\/en\\\/schedule\\\/#primaryimage\",\"url\":\"https:\\\/\\\/lacasadelflamencosevilla.com\\\/wp-content\\\/uploads\\\/2025\\\/08\\\/araceli-23-1-scaled.jpg\",\"contentUrl\":\"https:\\\/\\\/lacasadelflamencosevilla.com\\\/wp-content\\\/uploads\\\/2025\\\/08\\\/araceli-23-1-scaled.jpg\"},{\"@type\":\"BreadcrumbList\",\"@id\":\"https:\\\/\\\/lacasadelflamencosevilla.com\\\/en\\\/schedule\\\/#breadcrumb\",\"itemListElement\":[{\"@type\":\"ListItem\",\"position\":1,\"name\":\"Portada\",\"item\":\"https:\\\/\\\/lacasadelflamencosevilla.com\\\/en\\\/\"},{\"@type\":\"ListItem\",\"position\":2,\"name\":\"Schedule\"}]},{\"@type\":\"WebSite\",\"@id\":\"https:\\\/\\\/lacasadelflamencosevilla.com\\\/en\\\/#website\",\"url\":\"https:\\\/\\\/lacasadelflamencosevilla.com\\\/en\\\/\",\"name\":\"La Casa del Flamenco\",\"description\":\"\",\"publisher\":{\"@id\":\"https:\\\/\\\/lacasadelflamencosevilla.com\\\/en\\\/#organization\"},\"alternateName\":\"Auditorio Alc\u00e1ntara\",\"potentialAction\":[{\"@type\":\"SearchAction\",\"target\":{\"@type\":\"EntryPoint\",\"urlTemplate\":\"https:\\\/\\\/lacasadelflamencosevilla.com\\\/en\\\/?s={search_term_string}\"},\"query-input\":{\"@type\":\"PropertyValueSpecification\",\"valueRequired\":true,\"valueName\":\"search_term_string\"}}],\"inLanguage\":\"en-US\"},{\"@type\":\"Organization\",\"@id\":\"https:\\\/\\\/lacasadelflamencosevilla.com\\\/en\\\/#organization\",\"name\":\"La Casa del Flamenco | Sevilla\",\"alternateName\":\"La Casa del Flamenco\",\"url\":\"https:\\\/\\\/lacasadelflamencosevilla.com\\\/en\\\/\",\"logo\":{\"@type\":\"ImageObject\",\"inLanguage\":\"en-US\",\"@id\":\"https:\\\/\\\/lacasadelflamencosevilla.com\\\/en\\\/#\\\/schema\\\/logo\\\/image\\\/\",\"url\":\"https:\\\/\\\/lacasadelflamencosevilla.com\\\/wp-content\\\/uploads\\\/2020\\\/04\\\/logo-la-casa-del-flamenco.png\",\"contentUrl\":\"https:\\\/\\\/lacasadelflamencosevilla.com\\\/wp-content\\\/uploads\\\/2020\\\/04\\\/logo-la-casa-del-flamenco.png\",\"width\":134,\"height\":188,\"caption\":\"La Casa del Flamenco | Sevilla\"},\"image\":{\"@id\":\"https:\\\/\\\/lacasadelflamencosevilla.com\\\/en\\\/#\\\/schema\\\/logo\\\/image\\\/\"},\"sameAs\":[\"https:\\\/\\\/www.facebook.com\\\/LaCasaDelFlamenco\",\"https:\\\/\\\/x.com\\\/CasadelFlamenco\",\"https:\\\/\\\/www.instagram.com\\\/lacasadelflamenco\",\"https:\\\/\\\/www.hotelalcantara.es\\\/\"]}]}<\/script>\n<!-- \/ Yoast SEO plugin. -->","yoast_head_json":{"title":"Schedule - La Casa del Flamenco","robots":{"index":"index","follow":"follow","max-snippet":"max-snippet:-1","max-image-preview":"max-image-preview:large","max-video-preview":"max-video-preview:-1"},"canonical":"https:\/\/lacasadelflamencosevilla.com\/en\/schedule\/","og_locale":"en_US","og_type":"article","og_title":"Schedule - La Casa del Flamenco","og_description":"Schedule schedule Schedule The cast of La Casa del Flamenco consists of an interesting group of artists, dancers, singers and guitarists, who display their talent every night in our house. Shows every day. September 31th-6th 31\/08\/2026 Dancers:\u00a0Susana Casas &amp; Juan Polvillo\u00a0Singers: Cheito &amp; Miguel Picuo Guitarist: Rub\u00e9n Romero 01\/09\/2026 Dancers:\u00a0Araceli Mu\u00f1oz &amp; Juan Jos\u00e9 Ortega\u00a0Singers: ... Read more","og_url":"https:\/\/lacasadelflamencosevilla.com\/en\/schedule\/","og_site_name":"La Casa del Flamenco","article_publisher":"https:\/\/www.facebook.com\/LaCasaDelFlamenco","article_modified_time":"2026-09-01T12:49:34+00:00","og_image":[{"width":2560,"height":1506,"url":"https:\/\/lacasadelflamencosevilla.com\/wp-content\/uploads\/2025\/08\/araceli-23-1-scaled.jpg","type":"image\/jpeg"}],"twitter_card":"summary_large_image","twitter_site":"@CasadelFlamenco","twitter_misc":{"Est. reading time":"2 minutes"},"schema":{"@context":"https:\/\/schema.org","@graph":[{"@type":"WebPage","@id":"https:\/\/lacasadelflamencosevilla.com\/en\/schedule\/","url":"https:\/\/lacasadelflamencosevilla.com\/en\/schedule\/","name":"Schedule - La Casa del Flamenco","isPartOf":{"@id":"https:\/\/lacasadelflamencosevilla.com\/en\/#website"},"primaryImageOfPage":{"@id":"https:\/\/lacasadelflamencosevilla.com\/en\/schedule\/#primaryimage"},"image":{"@id":"https:\/\/lacasadelflamencosevilla.com\/en\/schedule\/#primaryimage"},"thumbnailUrl":"https:\/\/lacasadelflamencosevilla.com\/wp-content\/uploads\/2025\/08\/araceli-23-1-scaled.jpg","datePublished":"2021-07-06T07:38:17+00:00","dateModified":"2026-09-01T12:49:34+00:00","breadcrumb":{"@id":"https:\/\/lacasadelflamencosevilla.com\/en\/schedule\/#breadcrumb"},"inLanguage":"en-US","potentialAction":[{"@type":"ReadAction","target":["https:\/\/lacasadelflamencosevilla.com\/en\/schedule\/"]}]},{"@type":"ImageObject","inLanguage":"en-US","@id":"https:\/\/lacasadelflamencosevilla.com\/en\/schedule\/#primaryimage","url":"https:\/\/lacasadelflamencosevilla.com\/wp-content\/uploads\/2025\/08\/araceli-23-1-scaled.jpg","contentUrl":"https:\/\/lacasadelflamencosevilla.com\/wp-content\/uploads\/2025\/08\/araceli-23-1-scaled.jpg"},{"@type":"BreadcrumbList","@id":"https:\/\/lacasadelflamencosevilla.com\/en\/schedule\/#breadcrumb","itemListElement":[{"@type":"ListItem","position":1,"name":"Portada","item":"https:\/\/lacasadelflamencosevilla.com\/en\/"},{"@type":"ListItem","position":2,"name":"Schedule"}]},{"@type":"WebSite","@id":"https:\/\/lacasadelflamencosevilla.com\/en\/#website","url":"https:\/\/lacasadelflamencosevilla.com\/en\/","name":"La Casa del Flamenco","description":"","publisher":{"@id":"https:\/\/lacasadelflamencosevilla.com\/en\/#organization"},"alternateName":"Auditorio Alc\u00e1ntara","potentialAction":[{"@type":"SearchAction","target":{"@type":"EntryPoint","urlTemplate":"https:\/\/lacasadelflamencosevilla.com\/en\/?s={search_term_string}"},"query-input":{"@type":"PropertyValueSpecification","valueRequired":true,"valueName":"search_term_string"}}],"inLanguage":"en-US"},{"@type":"Organization","@id":"https:\/\/lacasadelflamencosevilla.com\/en\/#organization","name":"La Casa del Flamenco | Sevilla","alternateName":"La Casa del Flamenco","url":"https:\/\/lacasadelflamencosevilla.com\/en\/","logo":{"@type":"ImageObject","inLanguage":"en-US","@id":"https:\/\/lacasadelflamencosevilla.com\/en\/#\/schema\/logo\/image\/","url":"https:\/\/lacasadelflamencosevilla.com\/wp-content\/uploads\/2020\/04\/logo-la-casa-del-flamenco.png","contentUrl":"https:\/\/lacasadelflamencosevilla.com\/wp-content\/uploads\/2020\/04\/logo-la-casa-del-flamenco.png","width":134,"height":188,"caption":"La Casa del Flamenco | Sevilla"},"image":{"@id":"https:\/\/lacasadelflamencosevilla.com\/en\/#\/schema\/logo\/image\/"},"sameAs":["https:\/\/www.facebook.com\/LaCasaDelFlamenco","https:\/\/x.com\/CasadelFlamenco","https:\/\/www.instagram.com\/lacasadelflamenco","https:\/\/www.hotelalcantara.es\/"]}]}},"_links":{"self":[{"href":"https:\/\/lacasadelflamencosevilla.com\/en\/wp-json\/wp\/v2\/pages\/4186","targetHints":{"allow":["GET"]}}],"collection":[{"href":"https:\/\/lacasadelflamencosevilla.com\/en\/wp-json\/wp\/v2\/pages"}],"about":[{"href":"https:\/\/lacasadelflamencosevilla.com\/en\/wp-json\/wp\/v2\/types\/page"}],"author":[{"embeddable":true,"href":"https:\/\/lacasadelflamencosevilla.com\/en\/wp-json\/wp\/v2\/users\/3"}],"replies":[{"embeddable":true,"href":"https:\/\/lacasadelflamencosevilla.com\/en\/wp-json\/wp\/v2\/comments?post=4186"}],"version-history":[{"count":27,"href":"https:\/\/lacasadelflamencosevilla.com\/en\/wp-json\/wp\/v2\/pages\/4186\/revisions"}],"predecessor-version":[{"id":23275,"href":"https:\/\/lacasadelflamencosevilla.com\/en\/wp-json\/wp\/v2\/pages\/4186\/revisions\/23275"}],"wp:attachment":[{"href":"https:\/\/lacasadelflamencosevilla.com\/en\/wp-json\/wp\/v2\/media?parent=4186"}],"curies":[{"name":"wp","href":"https:\/\/api.w.org\/{rel}","templated":true}]}}