{"id":13356,"date":"2023-12-07T18:01:39","date_gmt":"2023-12-07T17:01:39","guid":{"rendered":"https:\/\/lacasadelflamencosevilla.com\/?post_type=artista&#038;p=13356"},"modified":"2025-02-07T13:56:00","modified_gmt":"2025-02-07T12:56:00","slug":"araceli-munoz","status":"publish","type":"artista","link":"https:\/\/lacasadelflamencosevilla.com\/en\/artista\/araceli-munoz\/","title":{"rendered":"Araceli Mu\u00f1oz"},"content":{"rendered":"<p>She began her studies in dance at her hometown of Lucena. In 2011 she undertook a degree at the Professional Dance Conservatory in C\u00f3rdoba, later graduating in <em>Baile Flamenco y Danza Espa\u00f1ola. <\/em><\/p>\n<p>In 2017 she was awarded the Mario Maya prize at the \u201cJ\u00f3venes Flamencos de C\u00f3rdoba\u201dcontest. Later that year, she would join the \u201cCarmen Bizet\u201d troupe, an opera that debuted at the Gran Teatro de C\u00f3rdoba, on top of collaborating with the Iberian Dance Company in their \u201cRomero de Torres\u201d show.<\/p>\n<p>She has grown professionally alongside acclaimed artists such as Milagros Meng\u00edbar, Javier Bar\u00f3n, Pastora Galv\u00e1n, Antonio Molina \u00abEl Choro\u00bb, Javier Latorre and Eva \u201cLa Yerbabuena\u201d. Furthermore, Araceli has shared stage with eminent flamenco figures like \u201cEl Pele\u201d, Paco Cepero, Rancapino Chico, Pedro \u201cEl Granaino\u201d, Arc\u00e1ngel and others.<\/p>\n<p>Her role in prominent festivals and flamenco clubs is also worthy of mention. To name a few, she has performed at Festival Flamenco \u201cLa Uni\u00f3n\u201d (Murcia), Festival Rivas Flamencas (Madrid), Festival Flamenco de Zambra, \u201cPolvor\u00f3n Flamenco\u201d (Estepa) as well as \u201cBesana Flamenca\u201d (Porcuna).<\/p>\n<p>In 2020 she won the \u201cConcurso Flamenco Villa de Guillena\u201d, and just two years later in 2022 she won the \u201cConcurso Andaluz de J\u00f3venes Flamencos\u201d in Seville.<\/p>\n<p>At the moment, the artist continues to build onto her professional career, performing in tablaos like Villa Rosa, Torres Bermejas and La Casa del Flamenco.<\/p>\n","protected":false},"featured_media":15904,"template":"","disciplina":[27],"class_list":["post-13356","artista","type-artista","status-publish","has-post-thumbnail","hentry","disciplina-dancing"],"acf":[],"yoast_head":"<!-- This site is optimized with the Yoast SEO plugin v27.4 - https:\/\/yoast.com\/product\/yoast-seo-wordpress\/ -->\n<title>Araceli Mu\u00f1oz - La Casa del Flamenco<\/title>\n<meta name=\"robots\" content=\"index, follow, max-snippet:-1, max-image-preview:large, max-video-preview:-1\" \/>\n<link rel=\"canonical\" href=\"https:\/\/lacasadelflamencosevilla.com\/en\/artista\/araceli-munoz\/\" \/>\n<meta property=\"og:locale\" content=\"en_US\" \/>\n<meta property=\"og:type\" content=\"article\" \/>\n<meta property=\"og:title\" content=\"Araceli Mu\u00f1oz - La Casa del Flamenco\" \/>\n<meta property=\"og:description\" content=\"She began her studies in dance at her hometown of Lucena. In 2011 she undertook a degree at the Professional Dance Conservatory in C\u00f3rdoba, later graduating in Baile Flamenco y Danza Espa\u00f1ola. In 2017 she was awarded the Mario Maya prize at the \u201cJ\u00f3venes Flamencos de C\u00f3rdoba\u201dcontest. Later that year, she would join the \u201cCarmen ... Read more\" \/>\n<meta property=\"og:url\" content=\"https:\/\/lacasadelflamencosevilla.com\/en\/artista\/araceli-munoz\/\" \/>\n<meta property=\"og:site_name\" content=\"La Casa del Flamenco\" \/>\n<meta property=\"article:publisher\" content=\"https:\/\/www.facebook.com\/LaCasaDelFlamenco\" \/>\n<meta property=\"article:modified_time\" content=\"2025-02-07T12:56:00+00:00\" \/>\n<meta property=\"og:image\" content=\"https:\/\/lacasadelflamencosevilla.com\/wp-content\/uploads\/2023\/08\/araceli_munoz_flamenco_lacasadelflamencosevilla.jpg\" \/>\n\t<meta property=\"og:image:width\" content=\"2560\" \/>\n\t<meta property=\"og:image:height\" content=\"2560\" \/>\n\t<meta property=\"og:image:type\" content=\"image\/jpeg\" \/>\n<meta name=\"twitter:card\" content=\"summary_large_image\" \/>\n<meta name=\"twitter:site\" content=\"@CasadelFlamenco\" \/>\n<meta name=\"twitter:label1\" content=\"Est. reading time\" \/>\n\t<meta name=\"twitter:data1\" content=\"1 minute\" \/>\n<script type=\"application\/ld+json\" class=\"yoast-schema-graph\">{\"@context\":\"https:\\\/\\\/schema.org\",\"@graph\":[{\"@type\":\"WebPage\",\"@id\":\"https:\\\/\\\/lacasadelflamencosevilla.com\\\/en\\\/artista\\\/araceli-munoz\\\/\",\"url\":\"https:\\\/\\\/lacasadelflamencosevilla.com\\\/en\\\/artista\\\/araceli-munoz\\\/\",\"name\":\"Araceli Mu\u00f1oz - La Casa del Flamenco\",\"isPartOf\":{\"@id\":\"https:\\\/\\\/lacasadelflamencosevilla.com\\\/en\\\/#website\"},\"primaryImageOfPage\":{\"@id\":\"https:\\\/\\\/lacasadelflamencosevilla.com\\\/en\\\/artista\\\/araceli-munoz\\\/#primaryimage\"},\"image\":{\"@id\":\"https:\\\/\\\/lacasadelflamencosevilla.com\\\/en\\\/artista\\\/araceli-munoz\\\/#primaryimage\"},\"thumbnailUrl\":\"https:\\\/\\\/lacasadelflamencosevilla.com\\\/wp-content\\\/uploads\\\/2023\\\/08\\\/araceli_munoz_flamenco_lacasadelflamencosevilla.jpg\",\"datePublished\":\"2023-12-07T17:01:39+00:00\",\"dateModified\":\"2025-02-07T12:56:00+00:00\",\"breadcrumb\":{\"@id\":\"https:\\\/\\\/lacasadelflamencosevilla.com\\\/en\\\/artista\\\/araceli-munoz\\\/#breadcrumb\"},\"inLanguage\":\"en-US\",\"potentialAction\":[{\"@type\":\"ReadAction\",\"target\":[\"https:\\\/\\\/lacasadelflamencosevilla.com\\\/en\\\/artista\\\/araceli-munoz\\\/\"]}]},{\"@type\":\"ImageObject\",\"inLanguage\":\"en-US\",\"@id\":\"https:\\\/\\\/lacasadelflamencosevilla.com\\\/en\\\/artista\\\/araceli-munoz\\\/#primaryimage\",\"url\":\"https:\\\/\\\/lacasadelflamencosevilla.com\\\/wp-content\\\/uploads\\\/2023\\\/08\\\/araceli_munoz_flamenco_lacasadelflamencosevilla.jpg\",\"contentUrl\":\"https:\\\/\\\/lacasadelflamencosevilla.com\\\/wp-content\\\/uploads\\\/2023\\\/08\\\/araceli_munoz_flamenco_lacasadelflamencosevilla.jpg\",\"width\":2560,\"height\":2560},{\"@type\":\"BreadcrumbList\",\"@id\":\"https:\\\/\\\/lacasadelflamencosevilla.com\\\/en\\\/artista\\\/araceli-munoz\\\/#breadcrumb\",\"itemListElement\":[{\"@type\":\"ListItem\",\"position\":1,\"name\":\"Portada\",\"item\":\"https:\\\/\\\/lacasadelflamencosevilla.com\\\/en\\\/\"},{\"@type\":\"ListItem\",\"position\":2,\"name\":\"Araceli Mu\u00f1oz\"}]},{\"@type\":\"WebSite\",\"@id\":\"https:\\\/\\\/lacasadelflamencosevilla.com\\\/en\\\/#website\",\"url\":\"https:\\\/\\\/lacasadelflamencosevilla.com\\\/en\\\/\",\"name\":\"La Casa del Flamenco\",\"description\":\"\",\"publisher\":{\"@id\":\"https:\\\/\\\/lacasadelflamencosevilla.com\\\/en\\\/#organization\"},\"potentialAction\":[{\"@type\":\"SearchAction\",\"target\":{\"@type\":\"EntryPoint\",\"urlTemplate\":\"https:\\\/\\\/lacasadelflamencosevilla.com\\\/en\\\/?s={search_term_string}\"},\"query-input\":{\"@type\":\"PropertyValueSpecification\",\"valueRequired\":true,\"valueName\":\"search_term_string\"}}],\"inLanguage\":\"en-US\"},{\"@type\":\"Organization\",\"@id\":\"https:\\\/\\\/lacasadelflamencosevilla.com\\\/en\\\/#organization\",\"name\":\"La Casa del Flamenco | Sevilla\",\"alternateName\":\"La Casa del Flamenco\",\"url\":\"https:\\\/\\\/lacasadelflamencosevilla.com\\\/en\\\/\",\"logo\":{\"@type\":\"ImageObject\",\"inLanguage\":\"en-US\",\"@id\":\"https:\\\/\\\/lacasadelflamencosevilla.com\\\/en\\\/#\\\/schema\\\/logo\\\/image\\\/\",\"url\":\"https:\\\/\\\/lacasadelflamencosevilla.com\\\/wp-content\\\/uploads\\\/2020\\\/04\\\/logo-la-casa-del-flamenco.png\",\"contentUrl\":\"https:\\\/\\\/lacasadelflamencosevilla.com\\\/wp-content\\\/uploads\\\/2020\\\/04\\\/logo-la-casa-del-flamenco.png\",\"width\":134,\"height\":188,\"caption\":\"La Casa del Flamenco | Sevilla\"},\"image\":{\"@id\":\"https:\\\/\\\/lacasadelflamencosevilla.com\\\/en\\\/#\\\/schema\\\/logo\\\/image\\\/\"},\"sameAs\":[\"https:\\\/\\\/www.facebook.com\\\/LaCasaDelFlamenco\",\"https:\\\/\\\/x.com\\\/CasadelFlamenco\",\"https:\\\/\\\/www.instagram.com\\\/lacasadelflamenco\"]}]}<\/script>\n<!-- \/ Yoast SEO plugin. -->","yoast_head_json":{"title":"Araceli Mu\u00f1oz - La Casa del Flamenco","robots":{"index":"index","follow":"follow","max-snippet":"max-snippet:-1","max-image-preview":"max-image-preview:large","max-video-preview":"max-video-preview:-1"},"canonical":"https:\/\/lacasadelflamencosevilla.com\/en\/artista\/araceli-munoz\/","og_locale":"en_US","og_type":"article","og_title":"Araceli Mu\u00f1oz - La Casa del Flamenco","og_description":"She began her studies in dance at her hometown of Lucena. In 2011 she undertook a degree at the Professional Dance Conservatory in C\u00f3rdoba, later graduating in Baile Flamenco y Danza Espa\u00f1ola. In 2017 she was awarded the Mario Maya prize at the \u201cJ\u00f3venes Flamencos de C\u00f3rdoba\u201dcontest. Later that year, she would join the \u201cCarmen ... Read more","og_url":"https:\/\/lacasadelflamencosevilla.com\/en\/artista\/araceli-munoz\/","og_site_name":"La Casa del Flamenco","article_publisher":"https:\/\/www.facebook.com\/LaCasaDelFlamenco","article_modified_time":"2025-02-07T12:56:00+00:00","og_image":[{"width":2560,"height":2560,"url":"https:\/\/lacasadelflamencosevilla.com\/wp-content\/uploads\/2023\/08\/araceli_munoz_flamenco_lacasadelflamencosevilla.jpg","type":"image\/jpeg"}],"twitter_card":"summary_large_image","twitter_site":"@CasadelFlamenco","twitter_misc":{"Est. reading time":"1 minute"},"schema":{"@context":"https:\/\/schema.org","@graph":[{"@type":"WebPage","@id":"https:\/\/lacasadelflamencosevilla.com\/en\/artista\/araceli-munoz\/","url":"https:\/\/lacasadelflamencosevilla.com\/en\/artista\/araceli-munoz\/","name":"Araceli Mu\u00f1oz - La Casa del Flamenco","isPartOf":{"@id":"https:\/\/lacasadelflamencosevilla.com\/en\/#website"},"primaryImageOfPage":{"@id":"https:\/\/lacasadelflamencosevilla.com\/en\/artista\/araceli-munoz\/#primaryimage"},"image":{"@id":"https:\/\/lacasadelflamencosevilla.com\/en\/artista\/araceli-munoz\/#primaryimage"},"thumbnailUrl":"https:\/\/lacasadelflamencosevilla.com\/wp-content\/uploads\/2023\/08\/araceli_munoz_flamenco_lacasadelflamencosevilla.jpg","datePublished":"2023-12-07T17:01:39+00:00","dateModified":"2025-02-07T12:56:00+00:00","breadcrumb":{"@id":"https:\/\/lacasadelflamencosevilla.com\/en\/artista\/araceli-munoz\/#breadcrumb"},"inLanguage":"en-US","potentialAction":[{"@type":"ReadAction","target":["https:\/\/lacasadelflamencosevilla.com\/en\/artista\/araceli-munoz\/"]}]},{"@type":"ImageObject","inLanguage":"en-US","@id":"https:\/\/lacasadelflamencosevilla.com\/en\/artista\/araceli-munoz\/#primaryimage","url":"https:\/\/lacasadelflamencosevilla.com\/wp-content\/uploads\/2023\/08\/araceli_munoz_flamenco_lacasadelflamencosevilla.jpg","contentUrl":"https:\/\/lacasadelflamencosevilla.com\/wp-content\/uploads\/2023\/08\/araceli_munoz_flamenco_lacasadelflamencosevilla.jpg","width":2560,"height":2560},{"@type":"BreadcrumbList","@id":"https:\/\/lacasadelflamencosevilla.com\/en\/artista\/araceli-munoz\/#breadcrumb","itemListElement":[{"@type":"ListItem","position":1,"name":"Portada","item":"https:\/\/lacasadelflamencosevilla.com\/en\/"},{"@type":"ListItem","position":2,"name":"Araceli Mu\u00f1oz"}]},{"@type":"WebSite","@id":"https:\/\/lacasadelflamencosevilla.com\/en\/#website","url":"https:\/\/lacasadelflamencosevilla.com\/en\/","name":"La Casa del Flamenco","description":"","publisher":{"@id":"https:\/\/lacasadelflamencosevilla.com\/en\/#organization"},"potentialAction":[{"@type":"SearchAction","target":{"@type":"EntryPoint","urlTemplate":"https:\/\/lacasadelflamencosevilla.com\/en\/?s={search_term_string}"},"query-input":{"@type":"PropertyValueSpecification","valueRequired":true,"valueName":"search_term_string"}}],"inLanguage":"en-US"},{"@type":"Organization","@id":"https:\/\/lacasadelflamencosevilla.com\/en\/#organization","name":"La Casa del Flamenco | Sevilla","alternateName":"La Casa del Flamenco","url":"https:\/\/lacasadelflamencosevilla.com\/en\/","logo":{"@type":"ImageObject","inLanguage":"en-US","@id":"https:\/\/lacasadelflamencosevilla.com\/en\/#\/schema\/logo\/image\/","url":"https:\/\/lacasadelflamencosevilla.com\/wp-content\/uploads\/2020\/04\/logo-la-casa-del-flamenco.png","contentUrl":"https:\/\/lacasadelflamencosevilla.com\/wp-content\/uploads\/2020\/04\/logo-la-casa-del-flamenco.png","width":134,"height":188,"caption":"La Casa del Flamenco | Sevilla"},"image":{"@id":"https:\/\/lacasadelflamencosevilla.com\/en\/#\/schema\/logo\/image\/"},"sameAs":["https:\/\/www.facebook.com\/LaCasaDelFlamenco","https:\/\/x.com\/CasadelFlamenco","https:\/\/www.instagram.com\/lacasadelflamenco"]}]}},"_links":{"self":[{"href":"https:\/\/lacasadelflamencosevilla.com\/en\/wp-json\/wp\/v2\/artista\/13356","targetHints":{"allow":["GET"]}}],"collection":[{"href":"https:\/\/lacasadelflamencosevilla.com\/en\/wp-json\/wp\/v2\/artista"}],"about":[{"href":"https:\/\/lacasadelflamencosevilla.com\/en\/wp-json\/wp\/v2\/types\/artista"}],"wp:featuredmedia":[{"embeddable":true,"href":"https:\/\/lacasadelflamencosevilla.com\/en\/wp-json\/wp\/v2\/media\/15904"}],"wp:attachment":[{"href":"https:\/\/lacasadelflamencosevilla.com\/en\/wp-json\/wp\/v2\/media?parent=13356"}],"wp:term":[{"taxonomy":"disciplina","embeddable":true,"href":"https:\/\/lacasadelflamencosevilla.com\/en\/wp-json\/wp\/v2\/disciplina?post=13356"}],"curies":[{"name":"wp","href":"https:\/\/api.w.org\/{rel}","templated":true}]}}